{"id":70220,"date":"2022-08-02T14:19:21","date_gmt":"2022-08-02T12:19:21","guid":{"rendered":"https:\/\/www.tourdesuisse.ch\/?page_id=70220"},"modified":"2026-08-13T15:25:43","modified_gmt":"2026-08-13T13:25:43","slug":"pagina-iniziale","status":"publish","type":"page","link":"https:\/\/www.tourdesuisse.ch\/it\/","title":{"rendered":"Pagina iniziale"},"content":{"rendered":"\n<div class=\"hero-parts\" style=\"--hero-parts-count: 3\">\n\n\t\t<link rel=\"stylesheet\" id=\"wpdt_style_hero-parts-mobile-css\" href=\"https:\/\/www.tourdesuisse.ch\/wp-content\/themes\/tourdesuisse.ch\/dist\/css-hero-parts-mobile.css?id=694287eac6\" type=\"text\/css\" media=\"not (min-width: 1024px)\" \/>\n\n\t\t<link rel=\"stylesheet\" id=\"wpdt_style_hero-parts-desktop-css\" href=\"https:\/\/www.tourdesuisse.ch\/wp-content\/themes\/tourdesuisse.ch\/dist\/css-hero-parts-desktop.css?id=97123f6af5\" type=\"text\/css\" media=\"(min-width: 1024px)\" \/>\n\n\t\t<a href=\"https:\/\/www.tourdesuisse.ch\/etappenplan\/\" class=\"hero-part\" x-data=\"{ height: 0 }\" :style=\"{ '--part-button-height': height + 'px' }\">\n<div class=\"hero-section hero-is-image hero-align-end hero-size-full hero-part-1\" style=\"--hero-image-full: url(&apos;https:\/\/www.tourdesuisse.ch\/wp-content\/uploads\/Tour_de_Suisse_26_24557.jpg&apos;); --hero-image-aspect-ratio: 1.4995313964386; --hero-image-until-s: url(&apos;https:\/\/www.tourdesuisse.ch\/wp-content\/uploads\/Tour_de_Suisse_26_24557-540x960.jpg&apos;); --hero-image-until-s-2x: url(&apos;https:\/\/www.tourdesuisse.ch\/wp-content\/uploads\/Tour_de_Suisse_26_24557-1080x1920.jpg&apos;); --hero-image-until-sm: url(&apos;https:\/\/www.tourdesuisse.ch\/wp-content\/uploads\/Tour_de_Suisse_26_24557.jpg&apos;); --hero-image-until-sm-2x: url(&apos;https:\/\/www.tourdesuisse.ch\/wp-content\/uploads\/Tour_de_Suisse_26_24557.jpg&apos;); --hero-image-until-md: url(&apos;https:\/\/www.tourdesuisse.ch\/wp-content\/uploads\/Tour_de_Suisse_26_24557-992x558.jpg&apos;); --hero-image-until-md-2x: url(&apos;https:\/\/www.tourdesuisse.ch\/wp-content\/uploads\/Tour_de_Suisse_26_24557-1984x1116.jpg&apos;); --hero-image-until-lg: url(&apos;https:\/\/www.tourdesuisse.ch\/wp-content\/uploads\/Tour_de_Suisse_26_24557-1200x675.jpg&apos;); --hero-image-until-lg-2x: url(&apos;https:\/\/www.tourdesuisse.ch\/wp-content\/uploads\/Tour_de_Suisse_26_24557-2400x1350.jpg&apos;); --hero-image-until-xl: url(&apos;https:\/\/www.tourdesuisse.ch\/wp-content\/uploads\/Tour_de_Suisse_26_24557-1425x802.jpg&apos;); --hero-image-until-xl-2x: url(&apos;https:\/\/www.tourdesuisse.ch\/wp-content\/uploads\/Tour_de_Suisse_26_24557-2850x1604.jpg&apos;); --hero-image-position: 50% 50%\"\n>\n\t<div class=\"hero-media\">\n\t\t<div class=\"hero-media-overlay\"><\/div>\n\t\t<div class=\"hero-content-wrapper\">\n\t\t\t<div class=\"hero-content\">\n\t\t\t\t\t\t\t\t<div class=\"part-content\">\n\t\t\t\t\t<div class=\"overhead-line\">Tour de Suisse<\/div>\n\t\t\t\t\t<h2 class=\"part-title\">Men<\/h2>\n\t\t\t\t\t<div class=\"part-slogan\"><\/div>\n\t\t\t\t<\/div>\n\t\t\t\t<div class=\"part-button\" x-size=\"height = $height\">\n\t\t\t\t\t<span class=\"button with-arrow\">\n\t\t\t\t\t\t<div class=\"part-button-label\">\n\t\t\t\t\t\t\tScopri di pi\u00f9\n\t\t\t\t\t\t<\/div>\n\t\t\t\t\t<\/span>\n\t\t\t\t<\/div>\n\n\t\t\t<\/div>\n\t\t<\/div>\n\t<\/div>\n<\/div>\t\t<\/a>\n\t\t<a href=\"https:\/\/www.tourdesuisse.ch\/women\/\" class=\"hero-part\" x-data=\"{ height: 0 }\" :style=\"{ '--part-button-height': height + 'px' }\">\n<div class=\"hero-section hero-is-image hero-align-end hero-size-full hero-part-2\" style=\"--hero-image-full: url(&apos;https:\/\/www.tourdesuisse.ch\/wp-content\/uploads\/TDS_IMHOF-80-von-189.jpg&apos;); --hero-image-aspect-ratio: 1.4997070884593; --hero-image-until-s: url(&apos;https:\/\/www.tourdesuisse.ch\/wp-content\/uploads\/TDS_IMHOF-80-von-189-540x960.jpg&apos;); --hero-image-until-s-2x: url(&apos;https:\/\/www.tourdesuisse.ch\/wp-content\/uploads\/TDS_IMHOF-80-von-189-1080x1920.jpg&apos;); --hero-image-until-sm: url(&apos;https:\/\/www.tourdesuisse.ch\/wp-content\/uploads\/TDS_IMHOF-80-von-189-768x1365.jpg&apos;); --hero-image-until-sm-2x: url(&apos;https:\/\/www.tourdesuisse.ch\/wp-content\/uploads\/TDS_IMHOF-80-von-189-1536x2730.jpg&apos;); --hero-image-until-md: url(&apos;https:\/\/www.tourdesuisse.ch\/wp-content\/uploads\/TDS_IMHOF-80-von-189-992x558.jpg&apos;); --hero-image-until-md-2x: url(&apos;https:\/\/www.tourdesuisse.ch\/wp-content\/uploads\/TDS_IMHOF-80-von-189-1984x1116.jpg&apos;); --hero-image-until-lg: url(&apos;https:\/\/www.tourdesuisse.ch\/wp-content\/uploads\/TDS_IMHOF-80-von-189-1200x675.jpg&apos;); --hero-image-until-lg-2x: url(&apos;https:\/\/www.tourdesuisse.ch\/wp-content\/uploads\/TDS_IMHOF-80-von-189-2400x1350.jpg&apos;); --hero-image-until-xl: url(&apos;https:\/\/www.tourdesuisse.ch\/wp-content\/uploads\/TDS_IMHOF-80-von-189-1425x802.jpg&apos;); --hero-image-until-xl-2x: url(&apos;https:\/\/www.tourdesuisse.ch\/wp-content\/uploads\/TDS_IMHOF-80-von-189-2850x1604.jpg&apos;); --hero-image-position: 50% 50%\"\n>\n\t<div class=\"hero-media\">\n\t\t<div class=\"hero-media-overlay\"><\/div>\n\t\t<div class=\"hero-content-wrapper\">\n\t\t\t<div class=\"hero-content\">\n\t\t\t\t\t\t\t\t<div class=\"part-content\">\n\t\t\t\t\t<div class=\"overhead-line\">Tour de Suisse<\/div>\n\t\t\t\t\t<h2 class=\"part-title\">Women<\/h2>\n\t\t\t\t\t<div class=\"part-slogan\"><\/div>\n\t\t\t\t<\/div>\n\t\t\t\t<div class=\"part-button\" x-size=\"height = $height\">\n\t\t\t\t\t<span class=\"button with-arrow\">\n\t\t\t\t\t\t<div class=\"part-button-label\">\n\t\t\t\t\t\t\tScopri di pi\u00f9\n\t\t\t\t\t\t<\/div>\n\t\t\t\t\t<\/span>\n\t\t\t\t<\/div>\n\n\t\t\t<\/div>\n\t\t<\/div>\n\t<\/div>\n<\/div>\t\t<\/a>\n\t\t<a href=\"https:\/\/www.tourdesuisse.ch\/explorer\/\" class=\"hero-part\" x-data=\"{ height: 0 }\" :style=\"{ '--part-button-height': height + 'px' }\">\n<div class=\"hero-section hero-is-image hero-align-end hero-size-full hero-part-3\" style=\"--hero-image-full: url(&apos;https:\/\/www.tourdesuisse.ch\/wp-content\/uploads\/ST_3x2_Gstaad-e-Bike-Group_87464-1-1.jpg&apos;); --hero-image-aspect-ratio: 1.4997070884593; --hero-image-until-s: url(&apos;https:\/\/www.tourdesuisse.ch\/wp-content\/uploads\/ST_3x2_Gstaad-e-Bike-Group_87464-1-1-540x960.jpg&apos;); --hero-image-until-s-2x: url(&apos;https:\/\/www.tourdesuisse.ch\/wp-content\/uploads\/ST_3x2_Gstaad-e-Bike-Group_87464-1-1-1080x1920.jpg&apos;); --hero-image-until-sm: url(&apos;https:\/\/www.tourdesuisse.ch\/wp-content\/uploads\/ST_3x2_Gstaad-e-Bike-Group_87464-1-1-768x1365.jpg&apos;); --hero-image-until-sm-2x: url(&apos;https:\/\/www.tourdesuisse.ch\/wp-content\/uploads\/ST_3x2_Gstaad-e-Bike-Group_87464-1-1-1536x2730.jpg&apos;); --hero-image-until-md: url(&apos;https:\/\/www.tourdesuisse.ch\/wp-content\/uploads\/ST_3x2_Gstaad-e-Bike-Group_87464-1-1-992x558.jpg&apos;); --hero-image-until-md-2x: url(&apos;https:\/\/www.tourdesuisse.ch\/wp-content\/uploads\/ST_3x2_Gstaad-e-Bike-Group_87464-1-1-1984x1116.jpg&apos;); --hero-image-until-lg: url(&apos;https:\/\/www.tourdesuisse.ch\/wp-content\/uploads\/ST_3x2_Gstaad-e-Bike-Group_87464-1-1-1200x675.jpg&apos;); --hero-image-until-lg-2x: url(&apos;https:\/\/www.tourdesuisse.ch\/wp-content\/uploads\/ST_3x2_Gstaad-e-Bike-Group_87464-1-1-2400x1350.jpg&apos;); --hero-image-until-xl: url(&apos;https:\/\/www.tourdesuisse.ch\/wp-content\/uploads\/ST_3x2_Gstaad-e-Bike-Group_87464-1-1-1425x802.jpg&apos;); --hero-image-until-xl-2x: url(&apos;https:\/\/www.tourdesuisse.ch\/wp-content\/uploads\/ST_3x2_Gstaad-e-Bike-Group_87464-1-1-2850x1604.jpg&apos;); --hero-image-position: 51.301369863014% 58.05954825462%\"\n>\n\t<div class=\"hero-media\">\n\t\t<div class=\"hero-media-overlay\"><\/div>\n\t\t<div class=\"hero-content-wrapper\">\n\t\t\t<div class=\"hero-content\">\n\t\t\t\t\t\t\t\t<div class=\"part-content\">\n\t\t\t\t\t<div class=\"overhead-line\">Tour de Suisse<\/div>\n\t\t\t\t\t<h2 class=\"part-title\">Explorer<\/h2>\n\t\t\t\t\t<div class=\"part-slogan\">Il Tour de Suisse per tutti<\/div>\n\t\t\t\t<\/div>\n\t\t\t\t<div class=\"part-button\" x-size=\"height = $height\">\n\t\t\t\t\t<span class=\"button with-arrow\">\n\t\t\t\t\t\t<div class=\"part-button-label\">\n\t\t\t\t\t\t\tScopri di pi\u00f9\n\t\t\t\t\t\t<\/div>\n\t\t\t\t\t<\/span>\n\t\t\t\t<\/div>\n\n\t\t\t<\/div>\n\t\t<\/div>\n\t<\/div>\n<\/div>\t\t<\/a>\n\n\t<div class=\"hero-parts-footer\" id=\"hero-footer\">\n\t\t<div class=\"hero-parts-scroll\">\n\t\t\t<a href=\"#hero-footer\" class=\"hero-parts-scroll-indicator\">\n\t\t\t\t<svg aria-hidden=\"true\" focusable=\"false\" width=\"13\" height=\"16\" viewBox=\"0 0 13 16\" xmlns=\"http:\/\/www.w3.org\/2000\/svg\"><path d=\"m13 9.6-1.137-1.12-4.55 4.48V0H5.688v12.96l-4.55-4.48L0 9.6 6.5 16z\" fill=\"currentColor\" fill-rule=\"nonzero\"><\/path><\/svg>\n\n\t\t\t\t<span class=\"sr-only\">Scorri in basso<\/span>\n\t\t\t<\/a>\n\t\t\t<span class=\"hero-parts-scroll-cta\">16\u201320 giugno 2026<\/span>\n\t\t<\/div>\n\n\t<div class=\"countdown with-logo\"\n\t\t:class=\"{ 'is-expired': expired}\"\n\t\tx-data=\"{\n\t\t\ttarget: 1813129200000,\n\t\t\tremaining: 24792789000,\n\t\t\tgetRemaining() {\n\t\t\t\treturn Math.max(0, this.target - Date.now())\n\t\t\t},\n\t\t\tpad(number) {\n\t\t\t\treturn String(number).padStart(2, '0')\n\t\t\t},\n\t\t\tget expired() {\n\t\t\t\treturn this.remaining === 0\n\t\t\t},\n\t\t\tget days() {\n\t\t\t\treturn String(Math.floor(this.remaining \/ (1000 * 60 * 60 * 24)))\n\t\t\t},\n\t\t\tget isSingleDay() {\n\t\t\t\treturn this.days === '1'\n\t\t\t},\n\t\t\tget hours() {\n\t\t\t\treturn this.pad(Math.floor((this.remaining \/ (1000 * 60 * 60)) % 24))\n\t\t\t},\n\t\t\tget isSingleHour() {\n\t\t\t\treturn this.hours === '01'\n\t\t\t},\n\t\t\tget minutes() {\n\t\t\t\treturn this.pad(Math.floor((this.remaining \/ 1000 \/ 60) % 60))\n\t\t\t},\n\t\t\tget isSingleMinute() {\n\t\t\t\treturn this.minutes === '01'\n\t\t\t},\n\t\t\tget seconds() {\n\t\t\t\treturn this.pad(Math.floor((this.remaining \/ 1000) % 60))\n\t\t\t},\n\t\t\tget isSingleSecond() {\n\t\t\t\treturn this.seconds === '01'\n\t\t\t},\n\t\t}\"\n\t\tx-init=\"setInterval(() =&gt; { remaining = getRemaining() }, 1000)\"\n\t>\n\t\t<div class=\"logo\">\n\t\t\t<img loading=\"lazy\" decoding=\"async\" width=\"87\" height=\"40\" src=\"https:\/\/www.tourdesuisse.ch\/wp-content\/uploads\/Tissot_Logo_H-1-1.svg\" class=\"attachment-countdown-logo size-countdown-logo\" alt=\"\" \/>\n\t\t<\/div>\n\t\t<span class=\"days number row-1\" style=\"--column: 0; --row: 1;\" x-text=\"days\">286<\/span>\n\t\t<span class=\"unit\" style=\"--column: 0; --row: 2;\">\n\t\t\t<span :class=\"{ 'hidden-unit': isSingleDay }\">Giorni<\/span>\n\t\t\t<span :class=\"{ 'hidden-unit': !isSingleDay }\" class=\"hidden-unit\">Giorno<\/span>\n\t\t<\/span>\n\t\t<span class=\"hours number\" style=\"--column: 1; --row: 1;\" x-text=\"hours\">22<\/span>\n\t\t<span class=\"unit\" style=\"--column: 1; --row: 2;\">\n\t\t\t<span :class=\"{ 'hidden-unit': isSingleHour }\">Ore<\/span>\n\t\t\t<span :class=\"{ 'hidden-unit': !isSingleHour }\" class=\"hidden-unit\">Ora<\/span>\n\t\t<\/span>\n\t\t<span class=\"minutes number\" style=\"--column: 2; --row: 1;\" x-text=\"minutes\">53<\/span>\n\t\t<span class=\"unit\" style=\"--column: 2; --row: 2;\">\n\t\t\t<span :class=\"{ 'hidden-unit': isSingleMinute }\">Minuti<\/span>\n\t\t\t<span :class=\"{ 'hidden-unit': !isSingleMinute }\" class=\"hidden-unit\">Minuto<\/span>\n\t\t<\/span>\n\t\t<span class=\"seconds number\" style=\"--column: 3; --row: 1;\" x-text=\"seconds\">09<\/span>\n\t\t<span class=\"unit\" style=\"--column: 3; --row: 2;\">\n\t\t\t<span :class=\"{ 'hidden-unit': isSingleSecond }\">Secondi<\/span>\n\t\t\t<span :class=\"{ 'hidden-unit': !isSingleSecond }\" class=\"hidden-unit\">Secondo<\/span>\n\t\t<\/span>\n\t\t<div class=\"fallback-text\"><div><\/div><\/div>\n\t<\/div>\n\t<\/div>\n<\/div>\n<div class=\"background style-light\">\n<div  id class=\"page-section style-default layout-default align-default\" data-css-locator=\"6a88da67-e03a-490c-a40e-f5784b926afb\">\n\t<div class=\"section-grid grid-layout container\"><div  style=\"--grid-layout-index: 1; --col-xs: 12; --col-sm: 12; --col-md: 2; --col-lg: 2; --col-xl: 2\" class=\"section-item layout-default layout-margin-default hide-at-xs hide-at-s hide-at-sm\"><\/div><div  style=\"--grid-layout-index: 2; --col-xs: 12; --col-sm: 12; --col-md: 8; --col-lg: 8; --col-xl: 8\" class=\"section-item layout-hcenter layout-margin-default\">\n<div class=\"page-section style-default\">\n\t<div class=\"wpce-tabs tabs-container grid-layout\" id=\"tabs-26a19c18-effa-4768-80a5-bfd4f78fb89e\" data-swiper-id=\"tabs-swiper-26a19c18-effa-4768-80a5-bfd4f78fb89e\">\n\t\t<div class=\"tabs-nav-wrapper\">\n\t\t\t<nav class=\"tabs-nav\">\n\t\t\t\t<div class=\"tabs-nav-list picker\" role=\"tablist\">\n\n\n\t\t\t\t\t\t<button\n\t\t\t\t\t\t\trole=\"tab\"\n\t\t\t\t\t\t\tid=\"\"\n\t\t\t\t\t\t\taria-controls=\"tabs-panel-026a19c18-effa-4768-80a5-bfd4f78fb89e\"\n\t\t\t\t\t\t\taria-selected=\"true\"\n\t\t\t\t\t\t\ttabindex=\"0\"\n\t\t\t\t\t\t\tdata-index=\"0\"\n\t\t\t\t\t\t\tdata-ref=\"\" class=\"button with-dense-padding with-large-text tabs-nav-list-item style-default\"\n\t\t\t\t\t\t>\n\t\t\t\t\t\t\tRisultati\n\t\t\t\t\t\t<\/button>\n\n\n\t\t\t\t\t\t<button\n\t\t\t\t\t\t\trole=\"tab\"\n\t\t\t\t\t\t\tid=\"\"\n\t\t\t\t\t\t\taria-controls=\"tabs-panel-126a19c18-effa-4768-80a5-bfd4f78fb89e\"\n\t\t\t\t\t\t\taria-selected=\"false\"\n\t\t\t\t\t\t\ttabindex=\"-1\"\n\t\t\t\t\t\t\tdata-index=\"1\"\n\t\t\t\t\t\t\tdata-ref=\"\" class=\"button with-dense-padding with-large-text tabs-nav-list-item style-text\"\n\t\t\t\t\t\t>\n\t\t\t\t\t\t\tClassifiche 2026\n\t\t\t\t\t\t<\/button>\n\t\t\t\t<\/div>\n\t\t\t<\/nav>\n\t\t<\/div>\n\t\t<div class=\"swiper\" id=\"tabs-swiper-26a19c18-effa-4768-80a5-bfd4f78fb89e\">\n\t\t\t<div class=\"tabs-inner swiper-wrapper\">\n\t\t\t\t\t<div\n\t\t\t\t\t\trole=\"tabpanel\"\n\t\t\t\t\t\tid=\"tabs-panel-026a19c18-effa-4768-80a5-bfd4f78fb89e\"\n\t\t\t\t\t\taria-labelledby=\"\" class=\"tab active swiper-slide\"\n\t\t\t\t\t>\n<iframe loading=\"lazy\" src=\"https:\/\/secure.cyclingprodata.com\/widgets\/latest\/widgets.html?type=page&#038;subtype=results&#038;tour_id=1070&#038;reflow_mode=true&#038;accent_color=a61b2a\" style=\"border:0px #ffffff none;\" name=\"myiFrame\" scrolling=\"no\" frameborder=\"0\" marginheight=\"0px\" marginwidth=\"0px\" height=\"400px\" width=\"100%\" allowfullscreen><\/iframe>\n\n<div class=\"buttons\">\n\t<div class=\"button-group\">\n\n\t\t\t<a\n\t\t\t\thref=\"https:\/\/tds.livxp.com\/whitelabel\/tds\/tracking-men\" target=\"_blank\" rel=\"noopener\" class=\"button style-default with-arrow\"\n\t\t\t>\n\t\t\t\tAltri risultati\n\t\t\t<\/a>\n\n\t\t\t<a\n\t\t\t\thref=\"https:\/\/www.tourdesuisse.ch\/it\/tv-broadcast\/\" class=\"button style-default with-arrow\"\n\t\t\t>\n\t\t\t\tBroadcast\n\t\t\t<\/a>\n\t<\/div>\n<\/div>\t\t\t\t\t<\/div>\n\t\t\t\t\t<div\n\t\t\t\t\t\trole=\"tabpanel\"\n\t\t\t\t\t\tid=\"tabs-panel-126a19c18-effa-4768-80a5-bfd4f78fb89e\"\n\t\t\t\t\t\taria-labelledby=\"\" class=\"tab swiper-slide\"\n\t\t\t\t\t>\n<iframe loading=\"lazy\" src=\"https:\/\/secure.cyclingprodata.com\/widgets\/latest\/widgets.html?type=tabbed_standings&#038;tour_id=1070&#038;accent_color=a61b2a\" style=\"border:0px #ffffff none;\" name=\"myiFrame\" scrolling=\"no\" frameborder=\"0\" marginheight=\"0px\" marginwidth=\"0px\" height=\"400px\" width=\"100%\" allowfullscreen><\/iframe>\n\n<div class=\"buttons\">\n\t<div class=\"button-group\">\n\n\t\t\t<a\n\t\t\t\thref=\"https:\/\/tds.livxp.com\/whitelabel\/tds\/tracking-men\" target=\"_blank\" rel=\"noopener\" class=\"button style-default with-arrow\"\n\t\t\t>\n\t\t\t\tAltri risultati\n\t\t\t<\/a>\n\t<\/div>\n<\/div>\t\t\t\t\t<\/div>\n\t\t\t<\/div>\n\t\t<\/div>\n\t<\/div>\n<\/div><\/div><div  style=\"--grid-layout-index: 3; --col-xs: 12; --col-sm: 12; --col-md: 2; --col-lg: 2; --col-xl: 2\" class=\"section-item layout-default layout-margin-default hide-at-xs hide-at-s hide-at-sm\"><\/div><\/div>\n<\/div><\/div>\n\n\n\n\n\n\n\n\n\n\n\n\n\n\n\n\n\n\n\n\n\n<div class=\"page-section layout-default style-default stage-swiper\">\n\t<div class=\"wpce-swiper vanilla-swiper not-initialized\" data-swiper-id=\"swiper-feb04ca4-0235-4d05-a3b6-3170fcf7d12f\">\n\t\t<div class=\"swiper-header\">\n\t\t\t<div>\n\t\t\t\t\t<h2 class=\"swiper-headline\">Tappe 2026<\/h2>\n\t\t\t<\/div>\n\t\t\t<div class=\"button-wrapper\">\n\t\t\t\t\t<a href=\"https:\/\/www.tourdesuisse.ch\/it\/piano-per-fasi\/\" class=\"swiper-show-all button style-text with-arrow\">Mostra tutte le tappe<\/a>\n\t\t\t\t<button type=\"button\" class=\"custom-button custom-button-prev icon-button\">\n\t\t\t\t\t<svg aria-hidden=\"true\" focusable=\"false\" width=\"6\" height=\"10\" viewBox=\"0 0 6 10\" xmlns=\"http:\/\/www.w3.org\/2000\/svg\"><path d=\"M4.667 10 6 8.571 2.667 5 6 1.429 4.667 0 0 5z\" fill=\"currentColor\" fill-rule=\"evenodd\"><\/path><\/svg>\n\t\t\t\t\t<span class=\"sr-only\">Precedente<\/span>\n\t\t\t\t<\/button>\n\t\t\t\t<button type=\"button\" class=\"custom-button custom-button-next icon-button\">\n\t\t\t\t\t<svg aria-hidden=\"true\" focusable=\"false\" width=\"6\" height=\"10\" viewBox=\"0 0 6 10\" xmlns=\"http:\/\/www.w3.org\/2000\/svg\"><path d=\"M1.333 10 0 8.571 3.333 5 0 1.429 1.333 0 6 5z\" fill=\"currentColor\" fill-rule=\"evenodd\"><\/path><\/svg>\n\t\t\t\t\t<span class=\"sr-only\">Successivo<\/span>\n\t\t\t\t<\/button>\n\t\t\t<\/div>\n\t\t<\/div>\n\t\t<div class=\"swiper\" id=\"swiper-feb04ca4-0235-4d05-a3b6-3170fcf7d12f\">\n\t\t\t<div class=\"swiper-wrapper\">\n\t\t\t\t\t<div class=\"swiper-slide\">\n\n<a class=\"reveal-box mobile-always-hover\" href=\"https:\/\/www.tourdesuisse.ch\/it\/stage\/1-tappa\/\"\n>\n<img loading=\"lazy\" decoding=\"async\" width=\"432\" height=\"450\" src=\"https:\/\/www.tourdesuisse.ch\/wp-content\/uploads\/passerella-cassandre-432x450.jpg\" class=\"attachment-stage-swiper size-stage-swiper wp-post-image\" alt=\"\" srcset=\"https:\/\/www.tourdesuisse.ch\/wp-content\/uploads\/passerella-cassandre-432x450.jpg 432w, https:\/\/www.tourdesuisse.ch\/wp-content\/uploads\/passerella-cassandre-864x900.jpg 864w\" sizes=\"auto, (max-width: 432px) 100vw, 432px\" \/>\n\t<div class=\"reveal-box-top\">\n\t\t\t\t<div class=\"stage-top\">\n\t<span class=\"stage-number\" data-stage=\"01\">01<\/span>\n\t\t\t\t<\/div>\n\t<\/div>\n\n\t<div class=\"reveal-box-title\">\n\t\t\t<div class=\"h6\">\n\t\t\t\t\tMercoled\u00ec, 17.06.2026\n\t\t\t<\/div>\n\t\t\t<div class=\"h4\">\n<div class=\"stage-title\">\n\n\t\tSondrio\n<\/div>\t\t\t<\/div>\n\t<\/div>\n\t<div class=\"reveal-box-subtitle button style-text with-arrow\">\nMostra la tappa\t<\/div>\n<\/a>\t\t\t\t\t<\/div>\n\t\t\t\t\t<div class=\"swiper-slide\">\n\n<a class=\"reveal-box mobile-always-hover\" href=\"https:\/\/www.tourdesuisse.ch\/it\/stage\/2-tappa\/\"\n>\n<img loading=\"lazy\" decoding=\"async\" width=\"432\" height=\"450\" src=\"https:\/\/www.tourdesuisse.ch\/wp-content\/uploads\/Locarno-Piazza-Grande-432x450.png\" class=\"attachment-stage-swiper size-stage-swiper wp-post-image\" alt=\"\" srcset=\"https:\/\/www.tourdesuisse.ch\/wp-content\/uploads\/Locarno-Piazza-Grande-432x450.png 432w, https:\/\/www.tourdesuisse.ch\/wp-content\/uploads\/Locarno-Piazza-Grande-864x900.png 864w\" sizes=\"auto, (max-width: 432px) 100vw, 432px\" \/>\n\t<div class=\"reveal-box-top\">\n\t\t\t\t<div class=\"stage-top\">\n\t<span class=\"stage-number\" data-stage=\"02\">02<\/span>\n\t\t\t\t<\/div>\n\t<\/div>\n\n\t<div class=\"reveal-box-title\">\n\t\t\t<div class=\"h6\">\n\t\t\t\t\tGioved\u00ec, 18.06.2026\n\t\t\t<\/div>\n\t\t\t<div class=\"h4\">\n<div class=\"stage-title\">\n\n\t\tLocarno\n<\/div>\t\t\t<\/div>\n\t<\/div>\n\t<div class=\"reveal-box-subtitle button style-text with-arrow\">\nMostra la tappa\t<\/div>\n<\/a>\t\t\t\t\t<\/div>\n\t\t\t\t\t<div class=\"swiper-slide\">\n\n<a class=\"reveal-box mobile-always-hover\" href=\"https:\/\/www.tourdesuisse.ch\/it\/stage\/3-tappa\/\"\n>\n<img loading=\"lazy\" decoding=\"async\" width=\"432\" height=\"450\" src=\"https:\/\/www.tourdesuisse.ch\/wp-content\/uploads\/Golfclub-Bad-Ragaz_2-5n31rzg8sxdx37k-432x450.jpg\" class=\"attachment-stage-swiper size-stage-swiper wp-post-image\" alt=\"\" srcset=\"https:\/\/www.tourdesuisse.ch\/wp-content\/uploads\/Golfclub-Bad-Ragaz_2-5n31rzg8sxdx37k-432x450.jpg 432w, https:\/\/www.tourdesuisse.ch\/wp-content\/uploads\/Golfclub-Bad-Ragaz_2-5n31rzg8sxdx37k-864x900.jpg 864w\" sizes=\"auto, (max-width: 432px) 100vw, 432px\" \/>\n\t<div class=\"reveal-box-top\">\n\t\t\t\t<div class=\"stage-top\">\n\t<span class=\"stage-number\" data-stage=\"03\">03<\/span>\n\t\t\t\t<\/div>\n\t<\/div>\n\n\t<div class=\"reveal-box-title\">\n\t\t\t<div class=\"h6\">\n\t\t\t\t\tVenerd\u00ec, 19.06.2026\n\t\t\t<\/div>\n\t\t\t<div class=\"h4\">\n<div class=\"stage-title\">\n\n\t\tBad Ragaz\n<\/div>\t\t\t<\/div>\n\t<\/div>\n\t<div class=\"reveal-box-subtitle button style-text with-arrow\">\nMostra la tappa\t<\/div>\n<\/a>\t\t\t\t\t<\/div>\n\t\t\t\t\t<div class=\"swiper-slide\">\n\n<a class=\"reveal-box mobile-always-hover\" href=\"https:\/\/www.tourdesuisse.ch\/it\/stage\/4-tappa\/\"\n>\n<img loading=\"lazy\" decoding=\"async\" width=\"432\" height=\"450\" src=\"https:\/\/www.tourdesuisse.ch\/wp-content\/uploads\/Aarburg-3-Luftbild-Kirche-nah-432x450.jpg\" class=\"attachment-stage-swiper size-stage-swiper wp-post-image\" alt=\"\" srcset=\"https:\/\/www.tourdesuisse.ch\/wp-content\/uploads\/Aarburg-3-Luftbild-Kirche-nah-432x450.jpg 432w, https:\/\/www.tourdesuisse.ch\/wp-content\/uploads\/Aarburg-3-Luftbild-Kirche-nah-864x900.jpg 864w\" sizes=\"auto, (max-width: 432px) 100vw, 432px\" \/>\n\t<div class=\"reveal-box-top\">\n\t\t\t\t<div class=\"stage-top\">\n\t<span class=\"stage-number\" data-stage=\"04\">04<\/span>\n\t\t\t\t<\/div>\n\t<\/div>\n\n\t<div class=\"reveal-box-title\">\n\t\t\t<div class=\"h6\">\n\t\t\t\t\tSabato, 20.06.2026\n\t\t\t<\/div>\n\t\t\t<div class=\"h4\">\n<div class=\"stage-title\">\n\n\t\tAarburg\n<\/div>\t\t\t<\/div>\n\t<\/div>\n\t<div class=\"reveal-box-subtitle button style-text with-arrow\">\nMostra la tappa\t<\/div>\n<\/a>\t\t\t\t\t<\/div>\n\t\t\t\t\t<div class=\"swiper-slide\">\n\n<a class=\"reveal-box mobile-always-hover\" href=\"https:\/\/www.tourdesuisse.ch\/it\/stage\/5-tappa\/\"\n>\n<img loading=\"lazy\" decoding=\"async\" width=\"432\" height=\"450\" src=\"https:\/\/www.tourdesuisse.ch\/wp-content\/uploads\/Velo-Alpes-vaudoises-09543-c-A-Swiss-With-A-Pulse-432x450.jpg\" class=\"attachment-stage-swiper size-stage-swiper wp-post-image\" alt=\"\" srcset=\"https:\/\/www.tourdesuisse.ch\/wp-content\/uploads\/Velo-Alpes-vaudoises-09543-c-A-Swiss-With-A-Pulse-432x450.jpg 432w, https:\/\/www.tourdesuisse.ch\/wp-content\/uploads\/Velo-Alpes-vaudoises-09543-c-A-Swiss-With-A-Pulse-864x900.jpg 864w\" sizes=\"auto, (max-width: 432px) 100vw, 432px\" \/>\n\t<div class=\"reveal-box-top\">\n\t\t\t\t<div class=\"stage-top\">\n\t<span class=\"stage-number\" data-stage=\"05\">05<\/span>\n\t\t\t\t<\/div>\n\t<\/div>\n\n\t<div class=\"reveal-box-title\">\n\t\t\t<div class=\"h6\">\n\t\t\t\t\tDomenica, 21.06.2026\n\t\t\t<\/div>\n\t\t\t<div class=\"h4\">\n<div class=\"stage-title\">\n\n\t\tVillars-sur-Ollon\n<\/div>\t\t\t<\/div>\n\t<\/div>\n\t<div class=\"reveal-box-subtitle button style-text with-arrow\">\nMostra la tappa\t<\/div>\n<\/a>\t\t\t\t\t<\/div>\n\t\t\t<\/div>\n\t\t\t<div class=\"swiper-pagination\"><\/div>\n\t\t<\/div>\n\t<\/div>\n<\/div><div class=\"page-section layout-default style-default news-swiper\">\n\t<div class=\"wpce-swiper vanilla-swiper not-initialized\" data-swiper-id=\"swiper-32575da7-81bc-4d99-ae77-17f0626f7da9\">\n\t\t<div class=\"swiper-header\">\n\t\t\t<div>\n\t\t\t\t\t<div class=\"overhead-line\">Rimanete aggiornati<\/div>\n\t\t\t\t\t<h2 class=\"swiper-headline\">Novit\u00e0<\/h2>\n\t\t\t<\/div>\n\t\t\t<div class=\"button-wrapper\">\n\t\t\t\t\t<a href=\"https:\/\/www.tourdesuisse.ch\/it\/news\/\" class=\"swiper-show-all button style-text with-arrow\">Mostra tutte le notizie<\/a>\n\t\t\t\t<button type=\"button\" class=\"custom-button custom-button-prev icon-button\">\n\t\t\t\t\t<svg aria-hidden=\"true\" focusable=\"false\" width=\"6\" height=\"10\" viewBox=\"0 0 6 10\" xmlns=\"http:\/\/www.w3.org\/2000\/svg\"><path d=\"M4.667 10 6 8.571 2.667 5 6 1.429 4.667 0 0 5z\" fill=\"currentColor\" fill-rule=\"evenodd\"><\/path><\/svg>\n\t\t\t\t\t<span class=\"sr-only\">Precedente<\/span>\n\t\t\t\t<\/button>\n\t\t\t\t<button type=\"button\" class=\"custom-button custom-button-next icon-button\">\n\t\t\t\t\t<svg aria-hidden=\"true\" focusable=\"false\" width=\"6\" height=\"10\" viewBox=\"0 0 6 10\" xmlns=\"http:\/\/www.w3.org\/2000\/svg\"><path d=\"M1.333 10 0 8.571 3.333 5 0 1.429 1.333 0 6 5z\" fill=\"currentColor\" fill-rule=\"evenodd\"><\/path><\/svg>\n\t\t\t\t\t<span class=\"sr-only\">Successivo<\/span>\n\t\t\t\t<\/button>\n\t\t\t<\/div>\n\t\t<\/div>\n\t\t<div class=\"swiper\" id=\"swiper-32575da7-81bc-4d99-ae77-17f0626f7da9\">\n\t\t\t<div class=\"swiper-wrapper\">\n\t\t\t\t\t<div class=\"swiper-slide\">\n\n\n\n\n\n\t<a class=\"box news-box can-hover\" href=\"https:\/\/www.tourdesuisse.ch\/it\/pogacar-conquista-il-tour-de-suisse-con-una-dimostrazione-di-forza\/\"\n\t>\n\t\t<div class=\"box-image\"><img loading=\"lazy\" decoding=\"async\" width=\"382\" height=\"310\" src=\"https:\/\/www.tourdesuisse.ch\/wp-content\/uploads\/images_2096_4f4e3a7904b54d35903f9f8990a8ae8d_3000-382x310.webp\" class=\"attachment-news-box-image size-news-box-image wp-post-image\" alt=\"\" srcset=\"https:\/\/www.tourdesuisse.ch\/wp-content\/uploads\/images_2096_4f4e3a7904b54d35903f9f8990a8ae8d_3000-382x310.webp 382w, https:\/\/www.tourdesuisse.ch\/wp-content\/uploads\/images_2096_4f4e3a7904b54d35903f9f8990a8ae8d_3000-764x620.webp 764w\" sizes=\"auto, (max-width: 382px) 100vw, 382px\" \/><\/div>\n\t\t<div class=\"box-inner\">\n\t\t\t\t\t<time class=\"news-time h6\" datetime=\"2026-06-21T19:15:00+02:00\">\n\t\t\t\t\t\t21. Giu\n\t\t\t\t\t<\/time>\n\t\t\t\t\t<h4 class=\"news-title\">Poga\u010dar conquista il Tour de Suisse con una dimostrazione di forza<\/h4>\n\n\t\t\t\t\t<span class=\"news-more button style-text with-arrow\">\n\t\t\t\t\t\tScopri di pi\u00f9\n\t\t\t\t\t<\/span>\n\t\t<\/div>\n\t<\/a>\n\n\t\t\t\t\t<\/div>\n\t\t\t\t\t<div class=\"swiper-slide\">\n\n\n\n\n\n\t<a class=\"box news-box can-hover\" href=\"https:\/\/www.tourdesuisse.ch\/it\/il-nuovo-tour-de-suisse-bilancio-positivo-dopo-la-prima-edizione\/\"\n\t>\n\t\t<div class=\"box-image\"><img loading=\"lazy\" decoding=\"async\" width=\"382\" height=\"310\" src=\"https:\/\/www.tourdesuisse.ch\/wp-content\/uploads\/Rahmenaktivitaeten-382x310.jpg\" class=\"attachment-news-box-image size-news-box-image wp-post-image\" alt=\"\" srcset=\"https:\/\/www.tourdesuisse.ch\/wp-content\/uploads\/Rahmenaktivitaeten-382x310.jpg 382w, https:\/\/www.tourdesuisse.ch\/wp-content\/uploads\/Rahmenaktivitaeten-764x620.jpg 764w\" sizes=\"auto, (max-width: 382px) 100vw, 382px\" \/><\/div>\n\t\t<div class=\"box-inner\">\n\t\t\t\t\t<time class=\"news-time h6\" datetime=\"2026-06-21T18:48:09+02:00\">\n\t\t\t\t\t\t21. Giu\n\t\t\t\t\t<\/time>\n\t\t\t\t\t<h4 class=\"news-title\">Il nuovo Tour de Suisse: bilancio positivo dopo la prima edizione<\/h4>\n\n\t\t\t\t\t<span class=\"news-more button style-text with-arrow\">\n\t\t\t\t\t\tScopri di pi\u00f9\n\t\t\t\t\t<\/span>\n\t\t<\/div>\n\t<\/a>\n\n\t\t\t\t\t<\/div>\n\t\t\t\t\t<div class=\"swiper-slide\">\n\n\n\n\n\n\t<a class=\"box news-box can-hover\" href=\"https:\/\/www.tourdesuisse.ch\/it\/reusser-corona-il-successo-finale-con-la-vittoria-di-tappa\/\"\n\t>\n\t\t<div class=\"box-image\"><img loading=\"lazy\" decoding=\"async\" width=\"382\" height=\"310\" src=\"https:\/\/www.tourdesuisse.ch\/wp-content\/uploads\/images_2096_cea5f59fdb6f4818a9de02c5cb928f08_3000-382x310.webp\" class=\"attachment-news-box-image size-news-box-image wp-post-image\" alt=\"\" srcset=\"https:\/\/www.tourdesuisse.ch\/wp-content\/uploads\/images_2096_cea5f59fdb6f4818a9de02c5cb928f08_3000-382x310.webp 382w, https:\/\/www.tourdesuisse.ch\/wp-content\/uploads\/images_2096_cea5f59fdb6f4818a9de02c5cb928f08_3000-764x620.webp 764w\" sizes=\"auto, (max-width: 382px) 100vw, 382px\" \/><\/div>\n\t\t<div class=\"box-inner\">\n\t\t\t\t\t<time class=\"news-time h6\" datetime=\"2026-06-21T13:53:27+02:00\">\n\t\t\t\t\t\t21. Giu\n\t\t\t\t\t<\/time>\n\t\t\t\t\t<h4 class=\"news-title\">Reusser corona il successo finale con la vittoria di tappa<\/h4>\n\n\t\t\t\t\t<span class=\"news-more button style-text with-arrow\">\n\t\t\t\t\t\tScopri di pi\u00f9\n\t\t\t\t\t<\/span>\n\t\t<\/div>\n\t<\/a>\n\n\t\t\t\t\t<\/div>\n\t\t\t\t\t<div class=\"swiper-slide\">\n\n\n\n\n\n\t<a class=\"box news-box can-hover\" href=\"https:\/\/www.tourdesuisse.ch\/it\/pogacar-vince-un-thriller-deciso-al-centesimo-ad-aarburg\/\"\n\t>\n\t\t<div class=\"box-image\"><img loading=\"lazy\" decoding=\"async\" width=\"382\" height=\"310\" src=\"https:\/\/www.tourdesuisse.ch\/wp-content\/uploads\/images_2096_38f83de603c04bd5b7433ca932735378_3000-382x310.jpeg\" class=\"attachment-news-box-image size-news-box-image wp-post-image\" alt=\"\" srcset=\"https:\/\/www.tourdesuisse.ch\/wp-content\/uploads\/images_2096_38f83de603c04bd5b7433ca932735378_3000-382x310.jpeg 382w, https:\/\/www.tourdesuisse.ch\/wp-content\/uploads\/images_2096_38f83de603c04bd5b7433ca932735378_3000-764x620.jpeg 764w\" sizes=\"auto, (max-width: 382px) 100vw, 382px\" \/><\/div>\n\t\t<div class=\"box-inner\">\n\t\t\t\t\t<time class=\"news-time h6\" datetime=\"2026-06-20T18:46:43+02:00\">\n\t\t\t\t\t\t20. Giu\n\t\t\t\t\t<\/time>\n\t\t\t\t\t<h4 class=\"news-title\">Poga\u010dar vince un thriller deciso al centesimo ad Aarburg<\/h4>\n\n\t\t\t\t\t<span class=\"news-more button style-text with-arrow\">\n\t\t\t\t\t\tScopri di pi\u00f9\n\t\t\t\t\t<\/span>\n\t\t<\/div>\n\t<\/a>\n\n\t\t\t\t\t<\/div>\n\t\t\t\t\t<div class=\"swiper-slide\">\n\n\n\n\n\n\t<a class=\"box news-box can-hover\" href=\"https:\/\/www.tourdesuisse.ch\/it\/reusser-gewinnt-das-zeitfahren-und-uebernimmt-die-gesamtfuehrung\/\"\n\t>\n\t\t<div class=\"box-image\"><img loading=\"lazy\" decoding=\"async\" width=\"382\" height=\"310\" src=\"https:\/\/www.tourdesuisse.ch\/wp-content\/uploads\/images_2096_b8eeb8d3201945f887cd065ca4848845_3000-382x310.webp\" class=\"attachment-news-box-image size-news-box-image wp-post-image\" alt=\"\" srcset=\"https:\/\/www.tourdesuisse.ch\/wp-content\/uploads\/images_2096_b8eeb8d3201945f887cd065ca4848845_3000-382x310.webp 382w, https:\/\/www.tourdesuisse.ch\/wp-content\/uploads\/images_2096_b8eeb8d3201945f887cd065ca4848845_3000-764x620.webp 764w\" sizes=\"auto, (max-width: 382px) 100vw, 382px\" \/><\/div>\n\t\t<div class=\"box-inner\">\n\t\t\t\t\t<time class=\"news-time h6\" datetime=\"2026-06-20T14:14:51+02:00\">\n\t\t\t\t\t\t20. Giu\n\t\t\t\t\t<\/time>\n\t\t\t\t\t<h4 class=\"news-title\">Reusser gewinnt das Zeitfahren und \u00fcbernimmt die Gesamtf\u00fchrung<\/h4>\n\n\t\t\t\t\t<span class=\"news-more button style-text with-arrow\">\n\t\t\t\t\t\tScopri di pi\u00f9\n\t\t\t\t\t<\/span>\n\t\t<\/div>\n\t<\/a>\n\n\t\t\t\t\t<\/div>\n\t\t\t\t\t<div class=\"swiper-slide\">\n\n\n\n\n\n\t<a class=\"box news-box can-hover\" href=\"https:\/\/www.tourdesuisse.ch\/it\/narvaez-vince-in-coppia-dopo-una-lunga-fuga\/\"\n\t>\n\t\t<div class=\"box-image\"><img loading=\"lazy\" decoding=\"async\" width=\"382\" height=\"310\" src=\"https:\/\/www.tourdesuisse.ch\/wp-content\/uploads\/61bcb689-f6e1-4798-8fa3-8e385ae513d9-382x310.jpg\" class=\"attachment-news-box-image size-news-box-image wp-post-image\" alt=\"\" srcset=\"https:\/\/www.tourdesuisse.ch\/wp-content\/uploads\/61bcb689-f6e1-4798-8fa3-8e385ae513d9-382x310.jpg 382w, https:\/\/www.tourdesuisse.ch\/wp-content\/uploads\/61bcb689-f6e1-4798-8fa3-8e385ae513d9-764x620.jpg 764w\" sizes=\"auto, (max-width: 382px) 100vw, 382px\" \/><\/div>\n\t\t<div class=\"box-inner\">\n\t\t\t\t\t<time class=\"news-time h6\" datetime=\"2026-06-19T18:43:44+02:00\">\n\t\t\t\t\t\t19. Giu\n\t\t\t\t\t<\/time>\n\t\t\t\t\t<h4 class=\"news-title\">Narv\u00e1ez vince in coppia dopo una lunga fuga<\/h4>\n\n\t\t\t\t\t<span class=\"news-more button style-text with-arrow\">\n\t\t\t\t\t\tScopri di pi\u00f9\n\t\t\t\t\t<\/span>\n\t\t<\/div>\n\t<\/a>\n\n\t\t\t\t\t<\/div>\n\t\t\t\t\t<div class=\"swiper-slide\">\n\n\n\n\n\n\t<a class=\"box news-box can-hover\" href=\"https:\/\/www.tourdesuisse.ch\/it\/baeckstedt-sprintet-in-bad-ragaz-zum-sieg\/\"\n\t>\n\t\t<div class=\"box-image\"><img loading=\"lazy\" decoding=\"async\" width=\"382\" height=\"310\" src=\"https:\/\/www.tourdesuisse.ch\/wp-content\/uploads\/images_2096_e53672236be14bc483f2cdf1a45ad75d_3000-382x310.webp\" class=\"attachment-news-box-image size-news-box-image wp-post-image\" alt=\"\" srcset=\"https:\/\/www.tourdesuisse.ch\/wp-content\/uploads\/images_2096_e53672236be14bc483f2cdf1a45ad75d_3000-382x310.webp 382w, https:\/\/www.tourdesuisse.ch\/wp-content\/uploads\/images_2096_e53672236be14bc483f2cdf1a45ad75d_3000-764x620.webp 764w\" sizes=\"auto, (max-width: 382px) 100vw, 382px\" \/><\/div>\n\t\t<div class=\"box-inner\">\n\t\t\t\t\t<time class=\"news-time h6\" datetime=\"2026-06-19T13:51:39+02:00\">\n\t\t\t\t\t\t19. Giu\n\t\t\t\t\t<\/time>\n\t\t\t\t\t<h4 class=\"news-title\">B\u00e4ckstedt vince in volata a Bad Ragaz<\/h4>\n\n\t\t\t\t\t<span class=\"news-more button style-text with-arrow\">\n\t\t\t\t\t\tScopri di pi\u00f9\n\t\t\t\t\t<\/span>\n\t\t<\/div>\n\t<\/a>\n\n\t\t\t\t\t<\/div>\n\t\t\t\t\t<div class=\"swiper-slide\">\n\n\n\n\n\n\t<a class=\"box news-box can-hover\" href=\"https:\/\/www.tourdesuisse.ch\/it\/gregoire-conquista-la-vittoria-di-tappa-pogacar-resta-in-giallo\/\"\n\t>\n\t\t<div class=\"box-image\"><img loading=\"lazy\" decoding=\"async\" width=\"382\" height=\"310\" src=\"https:\/\/www.tourdesuisse.ch\/wp-content\/uploads\/images_2096_bf4aa37bd7324eedac79c087cfc5f096_3000-382x310.webp\" class=\"attachment-news-box-image size-news-box-image wp-post-image\" alt=\"\" srcset=\"https:\/\/www.tourdesuisse.ch\/wp-content\/uploads\/images_2096_bf4aa37bd7324eedac79c087cfc5f096_3000-382x310.webp 382w, https:\/\/www.tourdesuisse.ch\/wp-content\/uploads\/images_2096_bf4aa37bd7324eedac79c087cfc5f096_3000-764x620.webp 764w\" sizes=\"auto, (max-width: 382px) 100vw, 382px\" \/><\/div>\n\t\t<div class=\"box-inner\">\n\t\t\t\t\t<time class=\"news-time h6\" datetime=\"2026-06-18T18:27:11+02:00\">\n\t\t\t\t\t\t18. Giu\n\t\t\t\t\t<\/time>\n\t\t\t\t\t<h4 class=\"news-title\">Gr\u00e9goire conquista la vittoria di tappa \u2013 Poga\u010dar resta in giallo<\/h4>\n\n\t\t\t\t\t<span class=\"news-more button style-text with-arrow\">\n\t\t\t\t\t\tScopri di pi\u00f9\n\t\t\t\t\t<\/span>\n\t\t<\/div>\n\t<\/a>\n\n\t\t\t\t\t<\/div>\n\t\t\t\t\t<div class=\"swiper-slide\">\n\n\n\n\n\n\t<a class=\"box news-box can-hover\" href=\"https:\/\/www.tourdesuisse.ch\/it\/longo-borghini-conquista-la-maglia-gialla-a-locarno\/\"\n\t>\n\t\t<div class=\"box-image\"><img loading=\"lazy\" decoding=\"async\" width=\"382\" height=\"310\" src=\"https:\/\/www.tourdesuisse.ch\/wp-content\/uploads\/images_2096_3e69cd3aa83f4ff1b4df4534f16da4da_3000-382x310.webp\" class=\"attachment-news-box-image size-news-box-image wp-post-image\" alt=\"\" srcset=\"https:\/\/www.tourdesuisse.ch\/wp-content\/uploads\/images_2096_3e69cd3aa83f4ff1b4df4534f16da4da_3000-382x310.webp 382w, https:\/\/www.tourdesuisse.ch\/wp-content\/uploads\/images_2096_3e69cd3aa83f4ff1b4df4534f16da4da_3000-764x620.webp 764w\" sizes=\"auto, (max-width: 382px) 100vw, 382px\" \/><\/div>\n\t\t<div class=\"box-inner\">\n\t\t\t\t\t<time class=\"news-time h6\" datetime=\"2026-06-18T13:06:02+02:00\">\n\t\t\t\t\t\t18. Giu\n\t\t\t\t\t<\/time>\n\t\t\t\t\t<h4 class=\"news-title\">Longo Borghini conquista la maglia gialla a Locarno<\/h4>\n\n\t\t\t\t\t<span class=\"news-more button style-text with-arrow\">\n\t\t\t\t\t\tScopri di pi\u00f9\n\t\t\t\t\t<\/span>\n\t\t<\/div>\n\t<\/a>\n\n\t\t\t\t\t<\/div>\n\t\t\t\t\t<div class=\"swiper-slide\">\n\n\n\n\n\n\t<a class=\"box news-box can-hover\" href=\"https:\/\/www.tourdesuisse.ch\/it\/il-favorito-pogacar-domina-la-tappa-dapertura-a-sondrio\/\"\n\t>\n\t\t<div class=\"box-image\"><img loading=\"lazy\" decoding=\"async\" width=\"382\" height=\"310\" src=\"https:\/\/www.tourdesuisse.ch\/wp-content\/uploads\/images_2096_1d6c14e6208e42e58ea0c8eb4e60f891_3000-382x310.webp\" class=\"attachment-news-box-image size-news-box-image wp-post-image\" alt=\"\" srcset=\"https:\/\/www.tourdesuisse.ch\/wp-content\/uploads\/images_2096_1d6c14e6208e42e58ea0c8eb4e60f891_3000-382x310.webp 382w, https:\/\/www.tourdesuisse.ch\/wp-content\/uploads\/images_2096_1d6c14e6208e42e58ea0c8eb4e60f891_3000-764x620.webp 764w\" sizes=\"auto, (max-width: 382px) 100vw, 382px\" \/><\/div>\n\t\t<div class=\"box-inner\">\n\t\t\t\t\t<time class=\"news-time h6\" datetime=\"2026-06-17T19:13:48+02:00\">\n\t\t\t\t\t\t17. Giu\n\t\t\t\t\t<\/time>\n\t\t\t\t\t<h4 class=\"news-title\">Il favorito Poga\u010dar domina la tappa d&#8217;apertura a Sondrio<\/h4>\n\n\t\t\t\t\t<span class=\"news-more button style-text with-arrow\">\n\t\t\t\t\t\tScopri di pi\u00f9\n\t\t\t\t\t<\/span>\n\t\t<\/div>\n\t<\/a>\n\n\t\t\t\t\t<\/div>\n\t\t\t\t\t<div class=\"swiper-slide\">\n\n\n\n\n\n\t<a class=\"box news-box can-hover\" href=\"https:\/\/www.tourdesuisse.ch\/it\/de-vries-gewinnt-den-auftakt-in-sondrio\/\"\n\t>\n\t\t<div class=\"box-image\"><img loading=\"lazy\" decoding=\"async\" width=\"382\" height=\"310\" src=\"https:\/\/www.tourdesuisse.ch\/wp-content\/uploads\/images_2096_50c62539d6a448e2a3f5755db4bdf026_3000-382x310.webp\" class=\"attachment-news-box-image size-news-box-image wp-post-image\" alt=\"\" srcset=\"https:\/\/www.tourdesuisse.ch\/wp-content\/uploads\/images_2096_50c62539d6a448e2a3f5755db4bdf026_3000-382x310.webp 382w, https:\/\/www.tourdesuisse.ch\/wp-content\/uploads\/images_2096_50c62539d6a448e2a3f5755db4bdf026_3000-764x620.webp 764w\" sizes=\"auto, (max-width: 382px) 100vw, 382px\" \/><\/div>\n\t\t<div class=\"box-inner\">\n\t\t\t\t\t<time class=\"news-time h6\" datetime=\"2026-06-17T13:16:05+02:00\">\n\t\t\t\t\t\t17. Giu\n\t\t\t\t\t<\/time>\n\t\t\t\t\t<h4 class=\"news-title\">De Vries vince l&#8217;apertura a Sondrio<\/h4>\n\n\t\t\t\t\t<span class=\"news-more button style-text with-arrow\">\n\t\t\t\t\t\tScopri di pi\u00f9\n\t\t\t\t\t<\/span>\n\t\t<\/div>\n\t<\/a>\n\n\t\t\t\t\t<\/div>\n\t\t\t\t\t<div class=\"swiper-slide\">\n\n\n\n\n\n\t<a class=\"box news-box can-hover\" href=\"https:\/\/www.tourdesuisse.ch\/it\/chi-lotta-per-le-maglie-i-protagonisti-del-tour-de-suisse-2026\/\"\n\t>\n\t\t<div class=\"box-image\"><img loading=\"lazy\" decoding=\"async\" width=\"382\" height=\"310\" src=\"https:\/\/www.tourdesuisse.ch\/wp-content\/uploads\/TDS_IMHOF-157-von-205-382x310.jpg\" class=\"attachment-news-box-image size-news-box-image wp-post-image\" alt=\"\" srcset=\"https:\/\/www.tourdesuisse.ch\/wp-content\/uploads\/TDS_IMHOF-157-von-205-382x310.jpg 382w, https:\/\/www.tourdesuisse.ch\/wp-content\/uploads\/TDS_IMHOF-157-von-205-764x620.jpg 764w\" sizes=\"auto, (max-width: 382px) 100vw, 382px\" \/><\/div>\n\t\t<div class=\"box-inner\">\n\t\t\t\t\t<time class=\"news-time h6\" datetime=\"2026-06-04T13:30:01+02:00\">\n\t\t\t\t\t\t04. Giu\n\t\t\t\t\t<\/time>\n\t\t\t\t\t<h4 class=\"news-title\">Chi lotta per le maglie? I protagonisti del Tour de Suisse 2026<\/h4>\n\n\t\t\t\t\t<span class=\"news-more button style-text with-arrow\">\n\t\t\t\t\t\tScopri di pi\u00f9\n\t\t\t\t\t<\/span>\n\t\t<\/div>\n\t<\/a>\n\n\t\t\t\t\t<\/div>\n\t\t\t<\/div>\n\t\t\t<div class=\"swiper-pagination\"><\/div>\n\t\t<\/div>\n\t<\/div>\n<\/div>\n<div class=\"background style-gradient\">\n<div  class=\"page-section style-default layout-default align-default\">\n\t<div class=\"section-grid grid-layout container\"><div  style=\"--grid-layout-index: 1\" class=\"section-item layout-default layout-margin-default\"><h2>Tour de Suisse Fanzone by primeo energie<\/h2>\n\n<iframe loading=\"lazy\" src=\"https:\/\/tds.livxp.com\/experience-slider-widget?provider=PRO-9b37878e-6e78-4406-a266-0439850fc9a8&#038;lang=de&#038;onlyActive=false&#038;items=20\" style=\"border:0px #ffffff none;\" name=\"myiFrame\" scrolling=\"no\" frameborder=\"1\" marginheight=\"0px\" marginwidth=\"0px\" height=\"450px\" width=\"100%px\" allowfullscreen><\/iframe><\/div><\/div>\n<\/div>\n\n<div  id class=\"page-section style-default layout-default align-default\">\n\t<div class=\"section-grid grid-layout container\"><div  style=\"--grid-layout-index: 1; --col-xs: 12; --col-sm: 12; --col-md: 12; --col-lg: 12; --col-xl: 12\" class=\"section-item layout-default layout-margin-default\"><style>\n#tdsads-wrapper-579e35f1-a288-4c20-8f0f-85a782b222f7 {\n\tcontainer: tdsads-outer \/ inline-size;\n}\n\t\n#tdsads-iframe-579e35f1-a288-4c20-8f0f-85a782b222f7 {\n\taspect-ratio: 800 \/ 800;\n\twidth: 800px;\n\theight: auto;\n\tmax-width: 100%;\n}\n\n@container tdsads-outer (min-width: 800px) {\n\t#tdsads-iframe-579e35f1-a288-4c20-8f0f-85a782b222f7 {\n\t\taspect-ratio: 1425 \/ 400;\n\t\twidth: 1425px;\n\t}\n}\n<\/style>\n<div id=\"tdsads-wrapper-579e35f1-a288-4c20-8f0f-85a782b222f7\">\n\t<iframe\n\t\tsrc=\"https:\/\/www.tourdesuisse.ch\/wp-content\/tdsads\/a179eb4f-ea4a-4640-80dd-55217e2d6e23\/index.php\"\n\t\tid=\"tdsads-iframe-579e35f1-a288-4c20-8f0f-85a782b222f7\"\n\t\twidth=\"800\"\n\t\theight=\"800\"\n\t\tframeborder=\"0\"\n\t\tloading=\"lazy\"\n\t\taria-hidden=\"true\"\n\t\tonload=\"(window.dataLayer = window.dataLayer || []).push({ event: 'tds-ad-load', ad: this.contentDocument.documentElement.dataset.ad })\"\n\t><\/iframe>\n<\/div>\n<\/div><\/div>\n<\/div>\n<div  class=\"page-section style-default layout-default align-default\">\n\t<div class=\"section-grid grid-layout container\"><div  style=\"--grid-layout-index: 1\" class=\"section-item layout-default layout-margin-default\"><div class=\"overhead-line\">\n<p>Instagram<\/p>\n<\/div>\n<h2>#tourdesuisse<\/h2>\n\n<div class=\"tds-instagram-feed\" data-css-locator=\"e8b90671-8c99-4c4e-a8f2-97ee76561dbe\">\n\t<div data-service-id=\"instagram-feed\" data-wrap-in-placeholder>\n\t\n<div id=\"sb_instagram\"  class=\"sbi sbi_mob_col_1 sbi_tab_col_3 sbi_col_4 sbi_width_resp sbi-theme sbi-default_theme sbi-style-regular\" style=\"padding-bottom: 12px;\" data-post-style=\"regular\" data-feedid=\"*1\"  data-res=\"auto\" data-cols=\"4\" data-colsmobile=\"1\" data-colstablet=\"3\" data-num=\"8\" data-nummobile=\"4\" data-header-size=\"medium\" data-item-padding=\"6\" data-shortcode-atts=\"{&quot;feed&quot;:&quot;1&quot;}\"  data-postid=\"70220\" data-locatornonce=\"d8c15a3068\" data-options=\"{&quot;grid&quot;:true,&quot;avatars&quot;:{&quot;tourdesuisse_official&quot;:&quot;https:\\\/\\\/scontent-zrh1-1.cdninstagram.com\\\/v\\\/t51.2885-19\\\/361127899_813923453469784_2667535184305720521_n.jpg?stp=dst-jpg_s206x206_tt6&amp;_nc_cat=110&amp;ccb=7-5&amp;_nc_sid=bf7eb4&amp;efg=eyJ2ZW5jb2RlX3RhZyI6InByb2ZpbGVfcGljLnd3dy4xMDgwLkMzIn0%3D&amp;_nc_ohc=j4q50lExfwMQ7kNvwEI30da&amp;_nc_oc=Adrf2uqD3txwqz2JuGjKP71ot6O5_8VAwRztoJQNe0JLyM4cREQKxoHwSvl0c0GYNdtJNtcQPq0oqyTlxTHEOtRe&amp;_nc_zt=24&amp;_nc_ht=scontent-zrh1-1.cdninstagram.com&amp;edm=AP4hL3IEAAAA&amp;_nc_tpa=Q5bMBQFuBAkUjJ-8iwMPctoqr2X1TTZvedWyzgG64YcOmi0R4TIpTUIqX2_5sOAb-VdQ7jMn4TFB4n6Lfw&amp;oh=00_Af-1WT7i-FrI83pqruHVBzAn4vC6-QTRD-F9csVnJK2H4g&amp;oe=6A2C56CF&quot;,&quot;LCLtourdesuisse_official&quot;:&quot;https:\\\/\\\/www.tourdesuisse.ch\\\/wp-content\\\/uploads\\\/sb-instagram-feed-images\\\/tourdesuisse_official.webp&quot;},&quot;lightboxcomments&quot;:20,&quot;colsmobile&quot;:1,&quot;colstablet&quot;:&quot;3&quot;,&quot;captionsize&quot;:12,&quot;captionlength&quot;:50,&quot;hovercaptionlength&quot;:50,&quot;feedtheme&quot;:&quot;default_theme&quot;}\" data-sbi-flags=\"favorLocal\">\n\n\n    <div id=\"sbi_images\" style=\"gap: 12px;\">\n\t\t<div class=\"sbi_item sbi_type_carousel sbi_new sbi_transition\" id=\"sbi_18137693437589006\" data-date=\"1788166800\" data-numcomments=\"0\"data-template=ft_default>\n    <div class=\"sbi_inner_wrap\" >\n        \n\t\t<div class=\"sbi_photo_wrap\" >\n        <svg class=\"svg-inline--fa fa-clone fa-w-16 sbi_lightbox_carousel_icon\" aria-hidden=\"true\" aria-label=\"Clone\" data-fa-pro\u0192cessed=\"\" data-prefix=\"far\" data-icon=\"clone\" role=\"img\" xmlns=\"http:\/\/www.w3.org\/2000\/svg\" viewBox=\"0 0 512 512\">\n\t                <path fill=\"currentColor\" d=\"M464 0H144c-26.51 0-48 21.49-48 48v48H48c-26.51 0-48 21.49-48 48v320c0 26.51 21.49 48 48 48h320c26.51 0 48-21.49 48-48v-48h48c26.51 0 48-21.49 48-48V48c0-26.51-21.49-48-48-48zM362 464H54a6 6 0 0 1-6-6V150a6 6 0 0 1 6-6h42v224c0 26.51 21.49 48 48 48h224v42a6 6 0 0 1-6 6zm96-96H150a6 6 0 0 1-6-6V54a6 6 0 0 1 6-6h308a6 6 0 0 1 6 6v308a6 6 0 0 1-6 6z\"><\/path>\n\t            <\/svg>    \n    <div  style=\"background: rgba(0,0,0,0.85)\"  class=\"sbi_link \" >\n        <div class=\"sbi_hover_top\">\n            \n            \n                <p class=\"sbi_hover_caption_wrap\" \n        >\n        <span class=\"sbi_caption\">Der Sommer geht weiter\ud83c\udf79<br>Hol dir das Urlaubsfeeling nach Hause: Geniesse deinen italienischen Klassiker mit Schweizer Produkten und ohne Alkohol.<br>\u2014\u2014<br>Summertime continues\ud83c\udf79<br>Bring that holiday feeling home: enjoy your Italian classic made with Swiss ingredients without alcohol.<\/span>\n    <\/p>\n\n        <\/div>\n        \n        \n        <div class=\"sbi_hover_bottom \">\n\n            \n                            <div class=\"sbi_meta\">\n                    \n                        <span class=\"sbi_likes\" style=\"font-size: 13px;\" >\n        <svg  style=\"font-size: 13px;\" class=\"svg-inline--fa fa-heart fa-w-18\" aria-hidden=\"true\" data-fa-processed=\"\" data-prefix=\"fa\" data-icon=\"heart\" role=\"presentation\" xmlns=\"http:\/\/www.w3.org\/2000\/svg\" viewBox=\"0 0 576 512\"><path fill=\"currentColor\" d=\"M414.9 24C361.8 24 312 65.7 288 89.3 264 65.7 214.2 24 161.1 24 70.3 24 16 76.9 16 165.5c0 72.6 66.8 133.3 69.2 135.4l187 180.8c8.8 8.5 22.8 8.5 31.6 0l186.7-180.2c2.7-2.7 69.5-63.5 69.5-136C560 76.9 505.7 24 414.9 24z\"><\/path><\/svg>        88    <\/span>\n\n\n\n\n    <span class=\"sbi_comments\" style=\"font-size: 13px;\" >\n        <svg  style=\"font-size: 13px;\" class=\"svg-inline--fa fa-comment fa-w-18\" aria-hidden=\"true\" data-fa-processed=\"\" data-prefix=\"fa\" data-icon=\"comment\" role=\"presentation\" xmlns=\"http:\/\/www.w3.org\/2000\/svg\" viewBox=\"0 0 576 512\"><path fill=\"currentColor\" d=\"M576 240c0 115-129 208-288 208-48.3 0-93.9-8.6-133.9-23.8-40.3 31.2-89.8 50.3-142.4 55.7-5.2.6-10.2-2.8-11.5-7.7-1.3-5 2.7-8.1 6.6-11.8 19.3-18.4 42.7-32.8 51.9-94.6C21.9 330.9 0 287.3 0 240 0 125.1 129 32 288 32s288 93.1 288 208z\"><\/path><\/svg>        0    <\/span>\n\n\n\n\n                <\/div>\n            \n        <\/div>\n\n        <a class=\"sbi_link_area nofancybox\" rel=\"nofollow noopener\" href=\"https:\/\/scontent-zrh1-1.cdninstagram.com\/v\/t51.82787-15\/789342451_18408362191084182_1962325575918088899_n.jpg?stp=dst-jpg_e35_tt6&#038;_nc_cat=106&#038;ccb=7-5&#038;_nc_sid=18de74&#038;efg=eyJlZmdfdGFnIjoiQ0FST1VTRUxfSVRFTS5iZXN0X2ltYWdlX3VybGdlbi5DMyJ9&#038;_nc_ohc=09aMwrgdfT0Q7kNvwG98ANU&#038;_nc_oc=AdruylY7aLgHe3Nlpop7ly8tlvWepmGwnxPFzu5Rnf5EFM3MCpThGvoFpaM72IFkmMZ2GAUwWhni9KtKoBvWNAnv&#038;_nc_zt=23&#038;_nc_ht=scontent-zrh1-1.cdninstagram.com&#038;edm=ANo9K5cEAAAA&#038;_nc_gid=DyLJaHdRSML5x0kL8rPvdA&#038;_nc_tpa=Q5bMBQIsRokOCRWQdZMyAdcHjl2UFrfKyw4OYbWTLhLzM_nhKVl4OX-M9iQWHFJbARaRolOWHKqszp8X4A&#038;oh=00_AQLuyn86g7jvljg61Q_FwhTu0SW2suNpZw0_Xgr2kYoHjA&#038;oe=6A9D1574\" data-lightbox-sbi=\"\" data-title=\"Der Sommer geht weiter\ud83c\udf79&lt;br&gt;\nHol dir das Urlaubsfeeling nach Hause: Geniesse deinen italienischen Klassiker mit Schweizer Produkten und ohne Alkohol.&lt;br&gt;\n\u2014\u2014&lt;br&gt;\nSummertime continues\ud83c\udf79&lt;br&gt;\nBring that holiday feeling home: enjoy your Italian classic made with Swiss ingredients without alcohol.\" data-video=\"\" data-carousel=\"{&quot;data&quot;:[{&quot;type&quot;:&quot;image&quot;,&quot;media&quot;:&quot;https:\\\/\\\/scontent-zrh1-1.cdninstagram.com\\\/v\\\/t51.82787-15\\\/789342451_18408362191084182_1962325575918088899_n.jpg?stp=dst-jpg_e35_tt6&amp;_nc_cat=106&amp;ccb=7-5&amp;_nc_sid=18de74&amp;efg=eyJlZmdfdGFnIjoiQ0FST1VTRUxfSVRFTS5iZXN0X2ltYWdlX3VybGdlbi5DMyJ9&amp;_nc_ohc=09aMwrgdfT0Q7kNvwG98ANU&amp;_nc_oc=AdruylY7aLgHe3Nlpop7ly8tlvWepmGwnxPFzu5Rnf5EFM3MCpThGvoFpaM72IFkmMZ2GAUwWhni9KtKoBvWNAnv&amp;_nc_zt=23&amp;_nc_ht=scontent-zrh1-1.cdninstagram.com&amp;edm=ANo9K5cEAAAA&amp;_nc_gid=DyLJaHdRSML5x0kL8rPvdA&amp;_nc_tpa=Q5bMBQLLPpItUwGcsmQVb-kwTVkX_DlpZbDTkyWzpYBlxwFgdNWEvdM8R-lZBfxkKdW7aPU6XzvKM59reA&amp;oh=00_AQIMK_mBOydlj1I3VZOJYB_EQXynKwAQLh98hNgcfOfX3A&amp;oe=6A9D1574&quot;},{&quot;type&quot;:&quot;image&quot;,&quot;media&quot;:&quot;https:\\\/\\\/scontent-zrh1-1.cdninstagram.com\\\/v\\\/t51.82787-15\\\/790081450_18408362209084182_7509929445824626539_n.jpg?stp=dst-jpg_e35_tt6&amp;_nc_cat=110&amp;ccb=7-5&amp;_nc_sid=18de74&amp;efg=eyJlZmdfdGFnIjoiQ0FST1VTRUxfSVRFTS5iZXN0X2ltYWdlX3VybGdlbi5DMyJ9&amp;_nc_ohc=fHhGUv1Wtt8Q7kNvwFbX5ER&amp;_nc_oc=Ado-rPmVdpXiCMpSCv3-p-K_nlI9fhpStS67xlG0pd5zBXnMFANNMhkHyB1YfZFZxTdZVxUSkKydT_v2S-2iYeFR&amp;_nc_zt=23&amp;_nc_ht=scontent-zrh1-1.cdninstagram.com&amp;edm=ANo9K5cEAAAA&amp;_nc_gid=DyLJaHdRSML5x0kL8rPvdA&amp;_nc_tpa=Q5bMBQKn-x_-Ncdy3pdUZ4qp1HhlAW1kOjhMFHqhH6-l1WUQ2iSIUnmKmfHJxZ29tJXBcS0C4HYXq-Bpig&amp;oh=00_AQInGYu9NN_tT4fIucmGd8rpQ4Fq-Dk4Pg_ZlW-tx9eOyA&amp;oe=6A9D2A69&quot;},{&quot;type&quot;:&quot;image&quot;,&quot;media&quot;:&quot;https:\\\/\\\/scontent-zrh1-1.cdninstagram.com\\\/v\\\/t51.82787-15\\\/789959418_18408362200084182_3946885552056935532_n.jpg?stp=dst-jpg_e35_tt6&amp;_nc_cat=110&amp;ccb=7-5&amp;_nc_sid=18de74&amp;efg=eyJlZmdfdGFnIjoiQ0FST1VTRUxfSVRFTS5iZXN0X2ltYWdlX3VybGdlbi5DMyJ9&amp;_nc_ohc=_zIx217uGGUQ7kNvwG8nsAJ&amp;_nc_oc=Adq0cAt8Y2wH9MPPkK7edNVJHpFIxy0hBTTR7e2Q0ZIZL4O7tdXzU67K-JRkIDwmosPJn9CDrtioHF13j-9chL_n&amp;_nc_zt=23&amp;_nc_ht=scontent-zrh1-1.cdninstagram.com&amp;edm=ANo9K5cEAAAA&amp;_nc_gid=DyLJaHdRSML5x0kL8rPvdA&amp;_nc_tpa=Q5bMBQLvDTIayYsTU-pmZtG63KwSyVcCB1NUfInsl8YzBtVnwbIPKdrmySvqq53pqqlCJ3VKh-NSzkbYeA&amp;oh=00_AQJ6xFoGsOi3-ItVR4R12JmtOnCFaUKiPr4l1diOg7MTEQ&amp;oe=6A9D1BEB&quot;},{&quot;type&quot;:&quot;image&quot;,&quot;media&quot;:&quot;https:\\\/\\\/scontent-zrh1-1.cdninstagram.com\\\/v\\\/t51.82787-15\\\/789539090_18408362182084182_3122161053508729268_n.jpg?stp=dst-jpg_e35_tt6&amp;_nc_cat=104&amp;ccb=7-5&amp;_nc_sid=18de74&amp;efg=eyJlZmdfdGFnIjoiQ0FST1VTRUxfSVRFTS5iZXN0X2ltYWdlX3VybGdlbi5DMyJ9&amp;_nc_ohc=1GwIDTMfvn4Q7kNvwHdr6JY&amp;_nc_oc=AdpG0fAUx1bNplAVGmjhCt0a7YIFbeeIrLwmxI_xa6vU4-aKsTCdkIvc_uLFQS2fZj2F7QrlR9gT2rHi-5dqIZLO&amp;_nc_zt=23&amp;_nc_ht=scontent-zrh1-1.cdninstagram.com&amp;edm=ANo9K5cEAAAA&amp;_nc_gid=DyLJaHdRSML5x0kL8rPvdA&amp;_nc_tpa=Q5bMBQLBJDgkLZTsOEjSw3mCk0mREXRMLSTVYZ1EhWVVPb92OBOSnZc2_92xVgnMFo5oJqO0NrG5KAQpuA&amp;oh=00_AQIpCEMN7tyhYEPmvk6YfqtyhnOrO6PGc-oUZ1ir-RKcIg&amp;oe=6A9D2098&quot;},{&quot;type&quot;:&quot;image&quot;,&quot;media&quot;:&quot;https:\\\/\\\/scontent-zrh1-1.cdninstagram.com\\\/v\\\/t51.82787-15\\\/790113434_18408362173084182_1592689502778776987_n.jpg?stp=dst-jpg_e35_tt6&amp;_nc_cat=103&amp;ccb=7-5&amp;_nc_sid=18de74&amp;efg=eyJlZmdfdGFnIjoiQ0FST1VTRUxfSVRFTS5iZXN0X2ltYWdlX3VybGdlbi5DMyJ9&amp;_nc_ohc=uHhTqx_rwXQQ7kNvwHmEHeH&amp;_nc_oc=Ado3mpP266TBz76nwk_n47yOKxa6R2iLcAzvhvOupycuhQHiLeZwAegCOVpkOibXB_1P2YbwuSrx_hst5Zx0UH5D&amp;_nc_zt=23&amp;_nc_ht=scontent-zrh1-1.cdninstagram.com&amp;edm=ANo9K5cEAAAA&amp;_nc_gid=DyLJaHdRSML5x0kL8rPvdA&amp;_nc_tpa=Q5bMBQKtKhpHKNnvp6BVAdFsKANgVu2Oea6gZmQzi0ozRUA1eg3_NzOA6lW8m26R5bsGZix1a760aPUxCQ&amp;oh=00_AQI-NITuamqbVcvP_mC_53T_EK7tgUWk5i2Wp-8vnTl_ZA&amp;oe=6A9D46F7&quot;}],&quot;vid_first&quot;:false}\" data-id=\"sbi_18137693437589006\" data-user=\"tourdesuisse_official\" data-url=\"https:\/\/www.instagram.com\/p\/Dcstzc9CGvI\/\" data-avatar=\"https:\/\/scontent-zrh1-1.cdninstagram.com\/v\/t51.2885-19\/361127899_813923453469784_2667535184305720521_n.jpg?stp=dst-jpg_s206x206_tt6&amp;_nc_cat=110&amp;ccb=7-5&amp;_nc_sid=bf7eb4&amp;efg=eyJ2ZW5jb2RlX3RhZyI6InByb2ZpbGVfcGljLnd3dy4xMDgwLkMzIn0%3D&amp;_nc_ohc=j4q50lExfwMQ7kNvwEI30da&amp;_nc_oc=Adrf2uqD3txwqz2JuGjKP71ot6O5_8VAwRztoJQNe0JLyM4cREQKxoHwSvl0c0GYNdtJNtcQPq0oqyTlxTHEOtRe&amp;_nc_zt=24&amp;_nc_ht=scontent-zrh1-1.cdninstagram.com&amp;edm=AP4hL3IEAAAA&amp;_nc_tpa=Q5bMBQFuBAkUjJ-8iwMPctoqr2X1TTZvedWyzgG64YcOmi0R4TIpTUIqX2_5sOAb-VdQ7jMn4TFB4n6Lfw&amp;oh=00_Af-1WT7i-FrI83pqruHVBzAn4vC6-QTRD-F9csVnJK2H4g&amp;oe=6A2C56CF\" data-account-type=\"business\" data-iframe='' data-media-type=\"feed\" data-posted-on=\"\" data-custom-avatar=\"\">\n            <span class=\"sbi-screenreader\">\n                Apri            <\/span>\n                    <\/a>\n    <\/div>\n\n    <a class=\"sbi_photo\" target=\"_blank\" rel=\"nofollow noopener\" href=\"https:\/\/www.instagram.com\/p\/Dcstzc9CGvI\/\" data-full-res=\"https:\/\/scontent-zrh1-1.cdninstagram.com\/v\/t51.82787-15\/789342451_18408362191084182_1962325575918088899_n.jpg?stp=dst-jpg_e35_tt6&#038;_nc_cat=106&#038;ccb=7-5&#038;_nc_sid=18de74&#038;efg=eyJlZmdfdGFnIjoiQ0FST1VTRUxfSVRFTS5iZXN0X2ltYWdlX3VybGdlbi5DMyJ9&#038;_nc_ohc=09aMwrgdfT0Q7kNvwG98ANU&#038;_nc_oc=AdruylY7aLgHe3Nlpop7ly8tlvWepmGwnxPFzu5Rnf5EFM3MCpThGvoFpaM72IFkmMZ2GAUwWhni9KtKoBvWNAnv&#038;_nc_zt=23&#038;_nc_ht=scontent-zrh1-1.cdninstagram.com&#038;edm=ANo9K5cEAAAA&#038;_nc_gid=DyLJaHdRSML5x0kL8rPvdA&#038;_nc_tpa=Q5bMBQIsRokOCRWQdZMyAdcHjl2UFrfKyw4OYbWTLhLzM_nhKVl4OX-M9iQWHFJbARaRolOWHKqszp8X4A&#038;oh=00_AQLuyn86g7jvljg61Q_FwhTu0SW2suNpZw0_Xgr2kYoHjA&#038;oe=6A9D1574\" data-img-src-set=\"{&quot;d&quot;:&quot;https:\\\/\\\/scontent-zrh1-1.cdninstagram.com\\\/v\\\/t51.82787-15\\\/789342451_18408362191084182_1962325575918088899_n.jpg?stp=dst-jpg_e35_tt6&amp;_nc_cat=106&amp;ccb=7-5&amp;_nc_sid=18de74&amp;efg=eyJlZmdfdGFnIjoiQ0FST1VTRUxfSVRFTS5iZXN0X2ltYWdlX3VybGdlbi5DMyJ9&amp;_nc_ohc=09aMwrgdfT0Q7kNvwG98ANU&amp;_nc_oc=AdruylY7aLgHe3Nlpop7ly8tlvWepmGwnxPFzu5Rnf5EFM3MCpThGvoFpaM72IFkmMZ2GAUwWhni9KtKoBvWNAnv&amp;_nc_zt=23&amp;_nc_ht=scontent-zrh1-1.cdninstagram.com&amp;edm=ANo9K5cEAAAA&amp;_nc_gid=DyLJaHdRSML5x0kL8rPvdA&amp;_nc_tpa=Q5bMBQIsRokOCRWQdZMyAdcHjl2UFrfKyw4OYbWTLhLzM_nhKVl4OX-M9iQWHFJbARaRolOWHKqszp8X4A&amp;oh=00_AQLuyn86g7jvljg61Q_FwhTu0SW2suNpZw0_Xgr2kYoHjA&amp;oe=6A9D1574&quot;,&quot;150&quot;:&quot;https:\\\/\\\/scontent-zrh1-1.cdninstagram.com\\\/v\\\/t51.82787-15\\\/789342451_18408362191084182_1962325575918088899_n.jpg?stp=dst-jpg_e35_tt6&amp;_nc_cat=106&amp;ccb=7-5&amp;_nc_sid=18de74&amp;efg=eyJlZmdfdGFnIjoiQ0FST1VTRUxfSVRFTS5iZXN0X2ltYWdlX3VybGdlbi5DMyJ9&amp;_nc_ohc=09aMwrgdfT0Q7kNvwG98ANU&amp;_nc_oc=AdruylY7aLgHe3Nlpop7ly8tlvWepmGwnxPFzu5Rnf5EFM3MCpThGvoFpaM72IFkmMZ2GAUwWhni9KtKoBvWNAnv&amp;_nc_zt=23&amp;_nc_ht=scontent-zrh1-1.cdninstagram.com&amp;edm=ANo9K5cEAAAA&amp;_nc_gid=DyLJaHdRSML5x0kL8rPvdA&amp;_nc_tpa=Q5bMBQIsRokOCRWQdZMyAdcHjl2UFrfKyw4OYbWTLhLzM_nhKVl4OX-M9iQWHFJbARaRolOWHKqszp8X4A&amp;oh=00_AQLuyn86g7jvljg61Q_FwhTu0SW2suNpZw0_Xgr2kYoHjA&amp;oe=6A9D1574&quot;,&quot;320&quot;:&quot;https:\\\/\\\/scontent-zrh1-1.cdninstagram.com\\\/v\\\/t51.82787-15\\\/789342451_18408362191084182_1962325575918088899_n.jpg?stp=dst-jpg_e35_tt6&amp;_nc_cat=106&amp;ccb=7-5&amp;_nc_sid=18de74&amp;efg=eyJlZmdfdGFnIjoiQ0FST1VTRUxfSVRFTS5iZXN0X2ltYWdlX3VybGdlbi5DMyJ9&amp;_nc_ohc=09aMwrgdfT0Q7kNvwG98ANU&amp;_nc_oc=AdruylY7aLgHe3Nlpop7ly8tlvWepmGwnxPFzu5Rnf5EFM3MCpThGvoFpaM72IFkmMZ2GAUwWhni9KtKoBvWNAnv&amp;_nc_zt=23&amp;_nc_ht=scontent-zrh1-1.cdninstagram.com&amp;edm=ANo9K5cEAAAA&amp;_nc_gid=DyLJaHdRSML5x0kL8rPvdA&amp;_nc_tpa=Q5bMBQIsRokOCRWQdZMyAdcHjl2UFrfKyw4OYbWTLhLzM_nhKVl4OX-M9iQWHFJbARaRolOWHKqszp8X4A&amp;oh=00_AQLuyn86g7jvljg61Q_FwhTu0SW2suNpZw0_Xgr2kYoHjA&amp;oe=6A9D1574&quot;,&quot;640&quot;:&quot;https:\\\/\\\/scontent-zrh1-1.cdninstagram.com\\\/v\\\/t51.82787-15\\\/789342451_18408362191084182_1962325575918088899_n.jpg?stp=dst-jpg_e35_tt6&amp;_nc_cat=106&amp;ccb=7-5&amp;_nc_sid=18de74&amp;efg=eyJlZmdfdGFnIjoiQ0FST1VTRUxfSVRFTS5iZXN0X2ltYWdlX3VybGdlbi5DMyJ9&amp;_nc_ohc=09aMwrgdfT0Q7kNvwG98ANU&amp;_nc_oc=AdruylY7aLgHe3Nlpop7ly8tlvWepmGwnxPFzu5Rnf5EFM3MCpThGvoFpaM72IFkmMZ2GAUwWhni9KtKoBvWNAnv&amp;_nc_zt=23&amp;_nc_ht=scontent-zrh1-1.cdninstagram.com&amp;edm=ANo9K5cEAAAA&amp;_nc_gid=DyLJaHdRSML5x0kL8rPvdA&amp;_nc_tpa=Q5bMBQIsRokOCRWQdZMyAdcHjl2UFrfKyw4OYbWTLhLzM_nhKVl4OX-M9iQWHFJbARaRolOWHKqszp8X4A&amp;oh=00_AQLuyn86g7jvljg61Q_FwhTu0SW2suNpZw0_Xgr2kYoHjA&amp;oe=6A9D1574&quot;}\">\n        <img decoding=\"async\" src=\"https:\/\/www.tourdesuisse.ch\/wp-content\/plugins\/instagram-feed-pro\/img\/placeholder.png\" alt=\"Der Sommer geht weiter\ud83c\udf79\nHol dir das Urlaubsfeeling nach Hause: Geniesse deinen italienischen Klassiker mit Schweizer Produkten und ohne Alkohol.\n\u2014\u2014\nSummertime continues\ud83c\udf79\nBring that holiday feeling home: enjoy your Italian classic made with Swiss ingredients without alcohol.\">\n    <\/a>\n<\/div>\n\n\n\n\n\t    \n        <div class=\"sbi_info_wrapper\">\n            <div class=\"sbi_info \">\n\n\t\t        \n                <div class=\"sbi_meta_wrap\">\n\t\t        \n                    <div class=\"sbi_meta\">\n\t\t\t\t\t\t    <span class=\"sbi_likes\" style=\"font-size: 13px;\" >\n        <span>\n            <svg  style=\"font-size: 13px;\" class=\"svg-inline--fa fa-heart fa-w-18\" aria-hidden=\"true\" data-fa-processed=\"\" data-prefix=\"fa\" data-icon=\"heart\" role=\"presentation\" xmlns=\"http:\/\/www.w3.org\/2000\/svg\" viewBox=\"0 0 576 512\"><path fill=\"currentColor\" d=\"M414.9 24C361.8 24 312 65.7 288 89.3 264 65.7 214.2 24 161.1 24 70.3 24 16 76.9 16 165.5c0 72.6 66.8 133.3 69.2 135.4l187 180.8c8.8 8.5 22.8 8.5 31.6 0l186.7-180.2c2.7-2.7 69.5-63.5 69.5-136C560 76.9 505.7 24 414.9 24z\"><\/path><\/svg>        <\/span>\n        88    <\/span>\n\n\n\n\n\n    <span class=\"sbi_comments\" style=\"font-size: 13px;\" >\n        <span>\n            <svg  style=\"font-size: 13px;\" class=\"svg-inline--fa fa-comment fa-w-18\" aria-hidden=\"true\" data-fa-processed=\"\" data-prefix=\"fa\" data-icon=\"comment\" role=\"presentation\" xmlns=\"http:\/\/www.w3.org\/2000\/svg\" viewBox=\"0 0 576 512\"><path fill=\"currentColor\" d=\"M576 240c0 115-129 208-288 208-48.3 0-93.9-8.6-133.9-23.8-40.3 31.2-89.8 50.3-142.4 55.7-5.2.6-10.2-2.8-11.5-7.7-1.3-5 2.7-8.1 6.6-11.8 19.3-18.4 42.7-32.8 51.9-94.6C21.9 330.9 0 287.3 0 240 0 125.1 129 32 288 32s288 93.1 288 208z\"><\/path><\/svg>        <\/span>\n        0    <\/span>\n\n\n\n\n\t                    \n                    <\/div>\n\t\t        \n\t\t\t\t                <\/div>\n            <\/div>\n        <\/div>\n    <\/div>\n\n    <div class=\"sbi-divider\"><\/div>\n<\/div>\n<div class=\"sbi_item sbi_type_image sbi_new sbi_transition\" id=\"sbi_18087412007209462\" data-date=\"1787842870\" data-numcomments=\"0\"data-template=ft_default>\n    <div class=\"sbi_inner_wrap\" >\n        \n\t\t<div class=\"sbi_photo_wrap\" >\n            \n    <div  style=\"background: rgba(0,0,0,0.85)\"  class=\"sbi_link \" >\n        <div class=\"sbi_hover_top\">\n            \n            \n                <p class=\"sbi_hover_caption_wrap\" \n        >\n        <span class=\"sbi_caption\">30 Punkte am Berg: Femke de Vries gewinnt das Bergtrikot der Tour de Suisse Women 2026. Die Visma-Lease a Bike-Fahrerin holt sich die Krone der Kletterinnen.\u2063<br>---\u2063<br>30 points in the mountains: Femke de Vries wins the KOM jersey of the 2026 Tour de Suisse Women. The Visma-Lease a Bike rider claims the climbers` crown.\u2063<br>\u2063<br>#tourdesuisse #tdswomen #tds2026 #kom #europcar<\/span>\n    <\/p>\n\n        <\/div>\n        \n        \n        <div class=\"sbi_hover_bottom \">\n\n            \n                            <div class=\"sbi_meta\">\n                    \n                        <span class=\"sbi_likes\" style=\"font-size: 13px;\" >\n        <svg  style=\"font-size: 13px;\" class=\"svg-inline--fa fa-heart fa-w-18\" aria-hidden=\"true\" data-fa-processed=\"\" data-prefix=\"fa\" data-icon=\"heart\" role=\"presentation\" xmlns=\"http:\/\/www.w3.org\/2000\/svg\" viewBox=\"0 0 576 512\"><path fill=\"currentColor\" d=\"M414.9 24C361.8 24 312 65.7 288 89.3 264 65.7 214.2 24 161.1 24 70.3 24 16 76.9 16 165.5c0 72.6 66.8 133.3 69.2 135.4l187 180.8c8.8 8.5 22.8 8.5 31.6 0l186.7-180.2c2.7-2.7 69.5-63.5 69.5-136C560 76.9 505.7 24 414.9 24z\"><\/path><\/svg>        33    <\/span>\n\n\n\n\n    <span class=\"sbi_comments\" style=\"font-size: 13px;\" >\n        <svg  style=\"font-size: 13px;\" class=\"svg-inline--fa fa-comment fa-w-18\" aria-hidden=\"true\" data-fa-processed=\"\" data-prefix=\"fa\" data-icon=\"comment\" role=\"presentation\" xmlns=\"http:\/\/www.w3.org\/2000\/svg\" viewBox=\"0 0 576 512\"><path fill=\"currentColor\" d=\"M576 240c0 115-129 208-288 208-48.3 0-93.9-8.6-133.9-23.8-40.3 31.2-89.8 50.3-142.4 55.7-5.2.6-10.2-2.8-11.5-7.7-1.3-5 2.7-8.1 6.6-11.8 19.3-18.4 42.7-32.8 51.9-94.6C21.9 330.9 0 287.3 0 240 0 125.1 129 32 288 32s288 93.1 288 208z\"><\/path><\/svg>        0    <\/span>\n\n\n\n\n                <\/div>\n            \n        <\/div>\n\n        <a class=\"sbi_link_area nofancybox\" rel=\"nofollow noopener\" href=\"https:\/\/scontent-zrh1-1.cdninstagram.com\/v\/t51.82787-15\/785146379_18407822602084182_4002450220013381566_n.jpg?stp=dst-jpg_e35_tt6&#038;_nc_cat=111&#038;ccb=7-5&#038;_nc_sid=18de74&#038;efg=eyJlZmdfdGFnIjoiRkVFRC5iZXN0X2ltYWdlX3VybGdlbi5DMyJ9&#038;_nc_ohc=IMg4aaTqKZcQ7kNvwHy5KdG&#038;_nc_oc=Adrk0bygQg1NqR96LpTMVyyveJo23JZyNiZ12_OxcNcXX2TeZ8A5vKTE39ZA6WKb_zLDCNCiHb0QIhavgszVv0CE&#038;_nc_zt=23&#038;_nc_ht=scontent-zrh1-1.cdninstagram.com&#038;edm=ANo9K5cEAAAA&#038;_nc_gid=DyLJaHdRSML5x0kL8rPvdA&#038;_nc_tpa=Q5bMBQLK7qIrufPUuKlWIniGbGypFXdyie6U646eBr0CCsTW1cYqAJYQHMF2PyohU6J4Gp9oQMA2AhQx9w&#038;oh=00_AQIiYZAcv8-Ku6bLwUoDmTMXGSUaXFWex7DNPX3jU1qy1A&#038;oe=6A9D29C8\" data-lightbox-sbi=\"\" data-title=\"30 Punkte am Berg: Femke de Vries gewinnt das Bergtrikot der Tour de Suisse Women 2026. Die Visma-Lease a Bike-Fahrerin holt sich die Krone der Kletterinnen.\u2063&lt;br&gt;\n---\u2063&lt;br&gt;\n30 points in the mountains: Femke de Vries wins the KOM jersey of the 2026 Tour de Suisse Women. The Visma-Lease a Bike rider claims the climbers&#039; crown.\u2063&lt;br&gt;\n\u2063&lt;br&gt;\n#tourdesuisse #tdswomen #tds2026 #kom #europcar\" data-video=\"\" data-carousel=\"\" data-id=\"sbi_18087412007209462\" data-user=\"tourdesuisse_official\" data-url=\"https:\/\/www.instagram.com\/p\/DcjD5A4s_gm\/\" data-avatar=\"https:\/\/scontent-zrh1-1.cdninstagram.com\/v\/t51.2885-19\/361127899_813923453469784_2667535184305720521_n.jpg?stp=dst-jpg_s206x206_tt6&amp;_nc_cat=110&amp;ccb=7-5&amp;_nc_sid=bf7eb4&amp;efg=eyJ2ZW5jb2RlX3RhZyI6InByb2ZpbGVfcGljLnd3dy4xMDgwLkMzIn0%3D&amp;_nc_ohc=j4q50lExfwMQ7kNvwEI30da&amp;_nc_oc=Adrf2uqD3txwqz2JuGjKP71ot6O5_8VAwRztoJQNe0JLyM4cREQKxoHwSvl0c0GYNdtJNtcQPq0oqyTlxTHEOtRe&amp;_nc_zt=24&amp;_nc_ht=scontent-zrh1-1.cdninstagram.com&amp;edm=AP4hL3IEAAAA&amp;_nc_tpa=Q5bMBQFuBAkUjJ-8iwMPctoqr2X1TTZvedWyzgG64YcOmi0R4TIpTUIqX2_5sOAb-VdQ7jMn4TFB4n6Lfw&amp;oh=00_Af-1WT7i-FrI83pqruHVBzAn4vC6-QTRD-F9csVnJK2H4g&amp;oe=6A2C56CF\" data-account-type=\"business\" data-iframe='' data-media-type=\"feed\" data-posted-on=\"\" data-custom-avatar=\"\">\n            <span class=\"sbi-screenreader\">\n                Apri            <\/span>\n                    <\/a>\n    <\/div>\n\n    <a class=\"sbi_photo\" target=\"_blank\" rel=\"nofollow noopener\" href=\"https:\/\/www.instagram.com\/p\/DcjD5A4s_gm\/\" data-full-res=\"https:\/\/scontent-zrh1-1.cdninstagram.com\/v\/t51.82787-15\/785146379_18407822602084182_4002450220013381566_n.jpg?stp=dst-jpg_e35_tt6&#038;_nc_cat=111&#038;ccb=7-5&#038;_nc_sid=18de74&#038;efg=eyJlZmdfdGFnIjoiRkVFRC5iZXN0X2ltYWdlX3VybGdlbi5DMyJ9&#038;_nc_ohc=IMg4aaTqKZcQ7kNvwHy5KdG&#038;_nc_oc=Adrk0bygQg1NqR96LpTMVyyveJo23JZyNiZ12_OxcNcXX2TeZ8A5vKTE39ZA6WKb_zLDCNCiHb0QIhavgszVv0CE&#038;_nc_zt=23&#038;_nc_ht=scontent-zrh1-1.cdninstagram.com&#038;edm=ANo9K5cEAAAA&#038;_nc_gid=DyLJaHdRSML5x0kL8rPvdA&#038;_nc_tpa=Q5bMBQLK7qIrufPUuKlWIniGbGypFXdyie6U646eBr0CCsTW1cYqAJYQHMF2PyohU6J4Gp9oQMA2AhQx9w&#038;oh=00_AQIiYZAcv8-Ku6bLwUoDmTMXGSUaXFWex7DNPX3jU1qy1A&#038;oe=6A9D29C8\" data-img-src-set=\"{&quot;d&quot;:&quot;https:\\\/\\\/scontent-zrh1-1.cdninstagram.com\\\/v\\\/t51.82787-15\\\/785146379_18407822602084182_4002450220013381566_n.jpg?stp=dst-jpg_e35_tt6&amp;_nc_cat=111&amp;ccb=7-5&amp;_nc_sid=18de74&amp;efg=eyJlZmdfdGFnIjoiRkVFRC5iZXN0X2ltYWdlX3VybGdlbi5DMyJ9&amp;_nc_ohc=IMg4aaTqKZcQ7kNvwHy5KdG&amp;_nc_oc=Adrk0bygQg1NqR96LpTMVyyveJo23JZyNiZ12_OxcNcXX2TeZ8A5vKTE39ZA6WKb_zLDCNCiHb0QIhavgszVv0CE&amp;_nc_zt=23&amp;_nc_ht=scontent-zrh1-1.cdninstagram.com&amp;edm=ANo9K5cEAAAA&amp;_nc_gid=DyLJaHdRSML5x0kL8rPvdA&amp;_nc_tpa=Q5bMBQLK7qIrufPUuKlWIniGbGypFXdyie6U646eBr0CCsTW1cYqAJYQHMF2PyohU6J4Gp9oQMA2AhQx9w&amp;oh=00_AQIiYZAcv8-Ku6bLwUoDmTMXGSUaXFWex7DNPX3jU1qy1A&amp;oe=6A9D29C8&quot;,&quot;150&quot;:&quot;https:\\\/\\\/scontent-zrh1-1.cdninstagram.com\\\/v\\\/t51.82787-15\\\/785146379_18407822602084182_4002450220013381566_n.jpg?stp=dst-jpg_e35_tt6&amp;_nc_cat=111&amp;ccb=7-5&amp;_nc_sid=18de74&amp;efg=eyJlZmdfdGFnIjoiRkVFRC5iZXN0X2ltYWdlX3VybGdlbi5DMyJ9&amp;_nc_ohc=IMg4aaTqKZcQ7kNvwHy5KdG&amp;_nc_oc=Adrk0bygQg1NqR96LpTMVyyveJo23JZyNiZ12_OxcNcXX2TeZ8A5vKTE39ZA6WKb_zLDCNCiHb0QIhavgszVv0CE&amp;_nc_zt=23&amp;_nc_ht=scontent-zrh1-1.cdninstagram.com&amp;edm=ANo9K5cEAAAA&amp;_nc_gid=DyLJaHdRSML5x0kL8rPvdA&amp;_nc_tpa=Q5bMBQLK7qIrufPUuKlWIniGbGypFXdyie6U646eBr0CCsTW1cYqAJYQHMF2PyohU6J4Gp9oQMA2AhQx9w&amp;oh=00_AQIiYZAcv8-Ku6bLwUoDmTMXGSUaXFWex7DNPX3jU1qy1A&amp;oe=6A9D29C8&quot;,&quot;320&quot;:&quot;https:\\\/\\\/scontent-zrh1-1.cdninstagram.com\\\/v\\\/t51.82787-15\\\/785146379_18407822602084182_4002450220013381566_n.jpg?stp=dst-jpg_e35_tt6&amp;_nc_cat=111&amp;ccb=7-5&amp;_nc_sid=18de74&amp;efg=eyJlZmdfdGFnIjoiRkVFRC5iZXN0X2ltYWdlX3VybGdlbi5DMyJ9&amp;_nc_ohc=IMg4aaTqKZcQ7kNvwHy5KdG&amp;_nc_oc=Adrk0bygQg1NqR96LpTMVyyveJo23JZyNiZ12_OxcNcXX2TeZ8A5vKTE39ZA6WKb_zLDCNCiHb0QIhavgszVv0CE&amp;_nc_zt=23&amp;_nc_ht=scontent-zrh1-1.cdninstagram.com&amp;edm=ANo9K5cEAAAA&amp;_nc_gid=DyLJaHdRSML5x0kL8rPvdA&amp;_nc_tpa=Q5bMBQLK7qIrufPUuKlWIniGbGypFXdyie6U646eBr0CCsTW1cYqAJYQHMF2PyohU6J4Gp9oQMA2AhQx9w&amp;oh=00_AQIiYZAcv8-Ku6bLwUoDmTMXGSUaXFWex7DNPX3jU1qy1A&amp;oe=6A9D29C8&quot;,&quot;640&quot;:&quot;https:\\\/\\\/scontent-zrh1-1.cdninstagram.com\\\/v\\\/t51.82787-15\\\/785146379_18407822602084182_4002450220013381566_n.jpg?stp=dst-jpg_e35_tt6&amp;_nc_cat=111&amp;ccb=7-5&amp;_nc_sid=18de74&amp;efg=eyJlZmdfdGFnIjoiRkVFRC5iZXN0X2ltYWdlX3VybGdlbi5DMyJ9&amp;_nc_ohc=IMg4aaTqKZcQ7kNvwHy5KdG&amp;_nc_oc=Adrk0bygQg1NqR96LpTMVyyveJo23JZyNiZ12_OxcNcXX2TeZ8A5vKTE39ZA6WKb_zLDCNCiHb0QIhavgszVv0CE&amp;_nc_zt=23&amp;_nc_ht=scontent-zrh1-1.cdninstagram.com&amp;edm=ANo9K5cEAAAA&amp;_nc_gid=DyLJaHdRSML5x0kL8rPvdA&amp;_nc_tpa=Q5bMBQLK7qIrufPUuKlWIniGbGypFXdyie6U646eBr0CCsTW1cYqAJYQHMF2PyohU6J4Gp9oQMA2AhQx9w&amp;oh=00_AQIiYZAcv8-Ku6bLwUoDmTMXGSUaXFWex7DNPX3jU1qy1A&amp;oe=6A9D29C8&quot;}\">\n        <img decoding=\"async\" src=\"https:\/\/www.tourdesuisse.ch\/wp-content\/plugins\/instagram-feed-pro\/img\/placeholder.png\" alt=\"30 Punkte am Berg: Femke de Vries gewinnt das Bergtrikot der Tour de Suisse Women 2026. Die Visma-Lease a Bike-Fahrerin holt sich die Krone der Kletterinnen.\u2063\n---\u2063\n30 points in the mountains: Femke de Vries wins the KOM jersey of the 2026 Tour de Suisse Women. The Visma-Lease a Bike rider claims the climbers&#039; crown.\u2063\n\u2063\n#tourdesuisse #tdswomen #tds2026 #kom #europcar\">\n    <\/a>\n<\/div>\n\n\n\n\n\t    \n        <div class=\"sbi_info_wrapper\">\n            <div class=\"sbi_info \">\n\n\t\t        \n                <div class=\"sbi_meta_wrap\">\n\t\t        \n                    <div class=\"sbi_meta\">\n\t\t\t\t\t\t    <span class=\"sbi_likes\" style=\"font-size: 13px;\" >\n        <span>\n            <svg  style=\"font-size: 13px;\" class=\"svg-inline--fa fa-heart fa-w-18\" aria-hidden=\"true\" data-fa-processed=\"\" data-prefix=\"fa\" data-icon=\"heart\" role=\"presentation\" xmlns=\"http:\/\/www.w3.org\/2000\/svg\" viewBox=\"0 0 576 512\"><path fill=\"currentColor\" d=\"M414.9 24C361.8 24 312 65.7 288 89.3 264 65.7 214.2 24 161.1 24 70.3 24 16 76.9 16 165.5c0 72.6 66.8 133.3 69.2 135.4l187 180.8c8.8 8.5 22.8 8.5 31.6 0l186.7-180.2c2.7-2.7 69.5-63.5 69.5-136C560 76.9 505.7 24 414.9 24z\"><\/path><\/svg>        <\/span>\n        33    <\/span>\n\n\n\n\n\n    <span class=\"sbi_comments\" style=\"font-size: 13px;\" >\n        <span>\n            <svg  style=\"font-size: 13px;\" class=\"svg-inline--fa fa-comment fa-w-18\" aria-hidden=\"true\" data-fa-processed=\"\" data-prefix=\"fa\" data-icon=\"comment\" role=\"presentation\" xmlns=\"http:\/\/www.w3.org\/2000\/svg\" viewBox=\"0 0 576 512\"><path fill=\"currentColor\" d=\"M576 240c0 115-129 208-288 208-48.3 0-93.9-8.6-133.9-23.8-40.3 31.2-89.8 50.3-142.4 55.7-5.2.6-10.2-2.8-11.5-7.7-1.3-5 2.7-8.1 6.6-11.8 19.3-18.4 42.7-32.8 51.9-94.6C21.9 330.9 0 287.3 0 240 0 125.1 129 32 288 32s288 93.1 288 208z\"><\/path><\/svg>        <\/span>\n        0    <\/span>\n\n\n\n\n\t                    \n                    <\/div>\n\t\t        \n\t\t\t\t                <\/div>\n            <\/div>\n        <\/div>\n    <\/div>\n\n    <div class=\"sbi-divider\"><\/div>\n<\/div>\n<div class=\"sbi_item sbi_type_image sbi_new sbi_transition\" id=\"sbi_17962919139172712\" data-date=\"1787501769\" data-numcomments=\"0\"data-template=ft_default>\n    <div class=\"sbi_inner_wrap\" >\n        \n\t\t<div class=\"sbi_photo_wrap\" >\n            \n    <div  style=\"background: rgba(0,0,0,0.85)\"  class=\"sbi_link \" >\n        <div class=\"sbi_hover_top\">\n            \n            \n                <p class=\"sbi_hover_caption_wrap\" \n        >\n        <span class=\"sbi_caption\">Radsport vor Postkartenkulisse: Die Spitzengruppe f\u00fchrt durch ein Schweizer Dorf, dahinter sanfte H\u00fcgel, gr\u00fcne Wiesen und die ersten Berge am Horizont. Genau diese Landschaften machen die Tour de Suisse aus, ein Rennen mitten durch die sch\u00f6nsten Ecken des Landes.\u2063<br>\u2063<br>Racing against a postcard backdrop: the lead group threads through a Swiss village, rolling hills, green meadows and the first mountains rising on the horizon. It`s landscapes like these that define the Tour de Suisse, a race through the most beautiful corners of the country.\u2063<br>\u2063<br>#tourdesuisse #tds2026 #tdswomen #switzerland #peaksofemotions<\/span>\n    <\/p>\n\n        <\/div>\n        \n        \n        <div class=\"sbi_hover_bottom \">\n\n            \n                            <div class=\"sbi_meta\">\n                    \n                        <span class=\"sbi_likes\" style=\"font-size: 13px;\" >\n        <svg  style=\"font-size: 13px;\" class=\"svg-inline--fa fa-heart fa-w-18\" aria-hidden=\"true\" data-fa-processed=\"\" data-prefix=\"fa\" data-icon=\"heart\" role=\"presentation\" xmlns=\"http:\/\/www.w3.org\/2000\/svg\" viewBox=\"0 0 576 512\"><path fill=\"currentColor\" d=\"M414.9 24C361.8 24 312 65.7 288 89.3 264 65.7 214.2 24 161.1 24 70.3 24 16 76.9 16 165.5c0 72.6 66.8 133.3 69.2 135.4l187 180.8c8.8 8.5 22.8 8.5 31.6 0l186.7-180.2c2.7-2.7 69.5-63.5 69.5-136C560 76.9 505.7 24 414.9 24z\"><\/path><\/svg>        62    <\/span>\n\n\n\n\n    <span class=\"sbi_comments\" style=\"font-size: 13px;\" >\n        <svg  style=\"font-size: 13px;\" class=\"svg-inline--fa fa-comment fa-w-18\" aria-hidden=\"true\" data-fa-processed=\"\" data-prefix=\"fa\" data-icon=\"comment\" role=\"presentation\" xmlns=\"http:\/\/www.w3.org\/2000\/svg\" viewBox=\"0 0 576 512\"><path fill=\"currentColor\" d=\"M576 240c0 115-129 208-288 208-48.3 0-93.9-8.6-133.9-23.8-40.3 31.2-89.8 50.3-142.4 55.7-5.2.6-10.2-2.8-11.5-7.7-1.3-5 2.7-8.1 6.6-11.8 19.3-18.4 42.7-32.8 51.9-94.6C21.9 330.9 0 287.3 0 240 0 125.1 129 32 288 32s288 93.1 288 208z\"><\/path><\/svg>        0    <\/span>\n\n\n\n\n                <\/div>\n            \n        <\/div>\n\n        <a class=\"sbi_link_area nofancybox\" rel=\"nofollow noopener\" href=\"https:\/\/scontent-zrh1-1.cdninstagram.com\/v\/t51.82787-15\/784606488_18407263915084182_3721956561179094877_n.jpg?stp=dst-jpg_e35_tt6&#038;_nc_cat=107&#038;ccb=7-5&#038;_nc_sid=18de74&#038;efg=eyJlZmdfdGFnIjoiRkVFRC5iZXN0X2ltYWdlX3VybGdlbi5DMyJ9&#038;_nc_ohc=47njN2JfR3MQ7kNvwGA_ekK&#038;_nc_oc=AdqQw8enDKWTjv-Ul8zLpGcP6b2_MbsTk37SFu81b4lH5aKnCpdFV9XygCNlUftM8nI8rEuWz0aMj1i8uHS1iNHM&#038;_nc_zt=23&#038;_nc_ht=scontent-zrh1-1.cdninstagram.com&#038;edm=ANo9K5cEAAAA&#038;_nc_gid=DyLJaHdRSML5x0kL8rPvdA&#038;_nc_tpa=Q5bMBQIOk76ISnAbJtuxnqUpnVV25DUdzp2TbyRobAZR64KOf_-Zc2ETThSwPbMFEIzMW9q8FXAhMxtrMg&#038;oh=00_AQJhGXSuwZwBhQDyQVWGvgPT03gBXDIjpkcRs6tdXlq9_A&#038;oe=6A9D45D0\" data-lightbox-sbi=\"\" data-title=\"Radsport vor Postkartenkulisse: Die Spitzengruppe f\u00fchrt durch ein Schweizer Dorf, dahinter sanfte H\u00fcgel, gr\u00fcne Wiesen und die ersten Berge am Horizont. Genau diese Landschaften machen die Tour de Suisse aus, ein Rennen mitten durch die sch\u00f6nsten Ecken des Landes.\u2063&lt;br&gt;\n\u2063&lt;br&gt;\nRacing against a postcard backdrop: the lead group threads through a Swiss village, rolling hills, green meadows and the first mountains rising on the horizon. It&#039;s landscapes like these that define the Tour de Suisse, a race through the most beautiful corners of the country.\u2063&lt;br&gt;\n\u2063&lt;br&gt;\n#tourdesuisse #tds2026 #tdswomen #switzerland #peaksofemotions\" data-video=\"\" data-carousel=\"\" data-id=\"sbi_17962919139172712\" data-user=\"tourdesuisse_official\" data-url=\"https:\/\/www.instagram.com\/p\/DcY5SuWsepc\/\" data-avatar=\"https:\/\/scontent-zrh1-1.cdninstagram.com\/v\/t51.2885-19\/361127899_813923453469784_2667535184305720521_n.jpg?stp=dst-jpg_s206x206_tt6&amp;_nc_cat=110&amp;ccb=7-5&amp;_nc_sid=bf7eb4&amp;efg=eyJ2ZW5jb2RlX3RhZyI6InByb2ZpbGVfcGljLnd3dy4xMDgwLkMzIn0%3D&amp;_nc_ohc=j4q50lExfwMQ7kNvwEI30da&amp;_nc_oc=Adrf2uqD3txwqz2JuGjKP71ot6O5_8VAwRztoJQNe0JLyM4cREQKxoHwSvl0c0GYNdtJNtcQPq0oqyTlxTHEOtRe&amp;_nc_zt=24&amp;_nc_ht=scontent-zrh1-1.cdninstagram.com&amp;edm=AP4hL3IEAAAA&amp;_nc_tpa=Q5bMBQFuBAkUjJ-8iwMPctoqr2X1TTZvedWyzgG64YcOmi0R4TIpTUIqX2_5sOAb-VdQ7jMn4TFB4n6Lfw&amp;oh=00_Af-1WT7i-FrI83pqruHVBzAn4vC6-QTRD-F9csVnJK2H4g&amp;oe=6A2C56CF\" data-account-type=\"business\" data-iframe='' data-media-type=\"feed\" data-posted-on=\"\" data-custom-avatar=\"\">\n            <span class=\"sbi-screenreader\">\n                Apri            <\/span>\n                    <\/a>\n    <\/div>\n\n    <a class=\"sbi_photo\" target=\"_blank\" rel=\"nofollow noopener\" href=\"https:\/\/www.instagram.com\/p\/DcY5SuWsepc\/\" data-full-res=\"https:\/\/scontent-zrh1-1.cdninstagram.com\/v\/t51.82787-15\/784606488_18407263915084182_3721956561179094877_n.jpg?stp=dst-jpg_e35_tt6&#038;_nc_cat=107&#038;ccb=7-5&#038;_nc_sid=18de74&#038;efg=eyJlZmdfdGFnIjoiRkVFRC5iZXN0X2ltYWdlX3VybGdlbi5DMyJ9&#038;_nc_ohc=47njN2JfR3MQ7kNvwGA_ekK&#038;_nc_oc=AdqQw8enDKWTjv-Ul8zLpGcP6b2_MbsTk37SFu81b4lH5aKnCpdFV9XygCNlUftM8nI8rEuWz0aMj1i8uHS1iNHM&#038;_nc_zt=23&#038;_nc_ht=scontent-zrh1-1.cdninstagram.com&#038;edm=ANo9K5cEAAAA&#038;_nc_gid=DyLJaHdRSML5x0kL8rPvdA&#038;_nc_tpa=Q5bMBQIOk76ISnAbJtuxnqUpnVV25DUdzp2TbyRobAZR64KOf_-Zc2ETThSwPbMFEIzMW9q8FXAhMxtrMg&#038;oh=00_AQJhGXSuwZwBhQDyQVWGvgPT03gBXDIjpkcRs6tdXlq9_A&#038;oe=6A9D45D0\" data-img-src-set=\"{&quot;d&quot;:&quot;https:\\\/\\\/scontent-zrh1-1.cdninstagram.com\\\/v\\\/t51.82787-15\\\/784606488_18407263915084182_3721956561179094877_n.jpg?stp=dst-jpg_e35_tt6&amp;_nc_cat=107&amp;ccb=7-5&amp;_nc_sid=18de74&amp;efg=eyJlZmdfdGFnIjoiRkVFRC5iZXN0X2ltYWdlX3VybGdlbi5DMyJ9&amp;_nc_ohc=47njN2JfR3MQ7kNvwGA_ekK&amp;_nc_oc=AdqQw8enDKWTjv-Ul8zLpGcP6b2_MbsTk37SFu81b4lH5aKnCpdFV9XygCNlUftM8nI8rEuWz0aMj1i8uHS1iNHM&amp;_nc_zt=23&amp;_nc_ht=scontent-zrh1-1.cdninstagram.com&amp;edm=ANo9K5cEAAAA&amp;_nc_gid=DyLJaHdRSML5x0kL8rPvdA&amp;_nc_tpa=Q5bMBQIOk76ISnAbJtuxnqUpnVV25DUdzp2TbyRobAZR64KOf_-Zc2ETThSwPbMFEIzMW9q8FXAhMxtrMg&amp;oh=00_AQJhGXSuwZwBhQDyQVWGvgPT03gBXDIjpkcRs6tdXlq9_A&amp;oe=6A9D45D0&quot;,&quot;150&quot;:&quot;https:\\\/\\\/scontent-zrh1-1.cdninstagram.com\\\/v\\\/t51.82787-15\\\/784606488_18407263915084182_3721956561179094877_n.jpg?stp=dst-jpg_e35_tt6&amp;_nc_cat=107&amp;ccb=7-5&amp;_nc_sid=18de74&amp;efg=eyJlZmdfdGFnIjoiRkVFRC5iZXN0X2ltYWdlX3VybGdlbi5DMyJ9&amp;_nc_ohc=47njN2JfR3MQ7kNvwGA_ekK&amp;_nc_oc=AdqQw8enDKWTjv-Ul8zLpGcP6b2_MbsTk37SFu81b4lH5aKnCpdFV9XygCNlUftM8nI8rEuWz0aMj1i8uHS1iNHM&amp;_nc_zt=23&amp;_nc_ht=scontent-zrh1-1.cdninstagram.com&amp;edm=ANo9K5cEAAAA&amp;_nc_gid=DyLJaHdRSML5x0kL8rPvdA&amp;_nc_tpa=Q5bMBQIOk76ISnAbJtuxnqUpnVV25DUdzp2TbyRobAZR64KOf_-Zc2ETThSwPbMFEIzMW9q8FXAhMxtrMg&amp;oh=00_AQJhGXSuwZwBhQDyQVWGvgPT03gBXDIjpkcRs6tdXlq9_A&amp;oe=6A9D45D0&quot;,&quot;320&quot;:&quot;https:\\\/\\\/scontent-zrh1-1.cdninstagram.com\\\/v\\\/t51.82787-15\\\/784606488_18407263915084182_3721956561179094877_n.jpg?stp=dst-jpg_e35_tt6&amp;_nc_cat=107&amp;ccb=7-5&amp;_nc_sid=18de74&amp;efg=eyJlZmdfdGFnIjoiRkVFRC5iZXN0X2ltYWdlX3VybGdlbi5DMyJ9&amp;_nc_ohc=47njN2JfR3MQ7kNvwGA_ekK&amp;_nc_oc=AdqQw8enDKWTjv-Ul8zLpGcP6b2_MbsTk37SFu81b4lH5aKnCpdFV9XygCNlUftM8nI8rEuWz0aMj1i8uHS1iNHM&amp;_nc_zt=23&amp;_nc_ht=scontent-zrh1-1.cdninstagram.com&amp;edm=ANo9K5cEAAAA&amp;_nc_gid=DyLJaHdRSML5x0kL8rPvdA&amp;_nc_tpa=Q5bMBQIOk76ISnAbJtuxnqUpnVV25DUdzp2TbyRobAZR64KOf_-Zc2ETThSwPbMFEIzMW9q8FXAhMxtrMg&amp;oh=00_AQJhGXSuwZwBhQDyQVWGvgPT03gBXDIjpkcRs6tdXlq9_A&amp;oe=6A9D45D0&quot;,&quot;640&quot;:&quot;https:\\\/\\\/scontent-zrh1-1.cdninstagram.com\\\/v\\\/t51.82787-15\\\/784606488_18407263915084182_3721956561179094877_n.jpg?stp=dst-jpg_e35_tt6&amp;_nc_cat=107&amp;ccb=7-5&amp;_nc_sid=18de74&amp;efg=eyJlZmdfdGFnIjoiRkVFRC5iZXN0X2ltYWdlX3VybGdlbi5DMyJ9&amp;_nc_ohc=47njN2JfR3MQ7kNvwGA_ekK&amp;_nc_oc=AdqQw8enDKWTjv-Ul8zLpGcP6b2_MbsTk37SFu81b4lH5aKnCpdFV9XygCNlUftM8nI8rEuWz0aMj1i8uHS1iNHM&amp;_nc_zt=23&amp;_nc_ht=scontent-zrh1-1.cdninstagram.com&amp;edm=ANo9K5cEAAAA&amp;_nc_gid=DyLJaHdRSML5x0kL8rPvdA&amp;_nc_tpa=Q5bMBQIOk76ISnAbJtuxnqUpnVV25DUdzp2TbyRobAZR64KOf_-Zc2ETThSwPbMFEIzMW9q8FXAhMxtrMg&amp;oh=00_AQJhGXSuwZwBhQDyQVWGvgPT03gBXDIjpkcRs6tdXlq9_A&amp;oe=6A9D45D0&quot;}\">\n        <img decoding=\"async\" src=\"https:\/\/www.tourdesuisse.ch\/wp-content\/plugins\/instagram-feed-pro\/img\/placeholder.png\" alt=\"Radsport vor Postkartenkulisse: Die Spitzengruppe f\u00fchrt durch ein Schweizer Dorf, dahinter sanfte H\u00fcgel, gr\u00fcne Wiesen und die ersten Berge am Horizont. Genau diese Landschaften machen die Tour de Suisse aus, ein Rennen mitten durch die sch\u00f6nsten Ecken des Landes.\u2063\n\u2063\nRacing against a postcard backdrop: the lead group threads through a Swiss village, rolling hills, green meadows and the first mountains rising on the horizon. It&#039;s landscapes like these that define the Tour de Suisse, a race through the most beautiful corners of the country.\u2063\n\u2063\n#tourdesuisse #tds2026 #tdswomen #switzerland #peaksofemotions\">\n    <\/a>\n<\/div>\n\n\n\n\n\t    \n        <div class=\"sbi_info_wrapper\">\n            <div class=\"sbi_info \">\n\n\t\t        \n                <div class=\"sbi_meta_wrap\">\n\t\t        \n                    <div class=\"sbi_meta\">\n\t\t\t\t\t\t    <span class=\"sbi_likes\" style=\"font-size: 13px;\" >\n        <span>\n            <svg  style=\"font-size: 13px;\" class=\"svg-inline--fa fa-heart fa-w-18\" aria-hidden=\"true\" data-fa-processed=\"\" data-prefix=\"fa\" data-icon=\"heart\" role=\"presentation\" xmlns=\"http:\/\/www.w3.org\/2000\/svg\" viewBox=\"0 0 576 512\"><path fill=\"currentColor\" d=\"M414.9 24C361.8 24 312 65.7 288 89.3 264 65.7 214.2 24 161.1 24 70.3 24 16 76.9 16 165.5c0 72.6 66.8 133.3 69.2 135.4l187 180.8c8.8 8.5 22.8 8.5 31.6 0l186.7-180.2c2.7-2.7 69.5-63.5 69.5-136C560 76.9 505.7 24 414.9 24z\"><\/path><\/svg>        <\/span>\n        62    <\/span>\n\n\n\n\n\n    <span class=\"sbi_comments\" style=\"font-size: 13px;\" >\n        <span>\n            <svg  style=\"font-size: 13px;\" class=\"svg-inline--fa fa-comment fa-w-18\" aria-hidden=\"true\" data-fa-processed=\"\" data-prefix=\"fa\" data-icon=\"comment\" role=\"presentation\" xmlns=\"http:\/\/www.w3.org\/2000\/svg\" viewBox=\"0 0 576 512\"><path fill=\"currentColor\" d=\"M576 240c0 115-129 208-288 208-48.3 0-93.9-8.6-133.9-23.8-40.3 31.2-89.8 50.3-142.4 55.7-5.2.6-10.2-2.8-11.5-7.7-1.3-5 2.7-8.1 6.6-11.8 19.3-18.4 42.7-32.8 51.9-94.6C21.9 330.9 0 287.3 0 240 0 125.1 129 32 288 32s288 93.1 288 208z\"><\/path><\/svg>        <\/span>\n        0    <\/span>\n\n\n\n\n\t                    \n                    <\/div>\n\t\t        \n\t\t\t\t                <\/div>\n            <\/div>\n        <\/div>\n    <\/div>\n\n    <div class=\"sbi-divider\"><\/div>\n<\/div>\n<div class=\"sbi_item sbi_type_image sbi_new sbi_transition\" id=\"sbi_17904661146501331\" data-date=\"1787144436\" data-numcomments=\"0\"data-template=ft_default>\n    <div class=\"sbi_inner_wrap\" >\n        \n\t\t<div class=\"sbi_photo_wrap\" >\n            \n    <div  style=\"background: rgba(0,0,0,0.85)\"  class=\"sbi_link \" >\n        <div class=\"sbi_hover_top\">\n            \n            \n                <p class=\"sbi_hover_caption_wrap\" \n        >\n        <span class=\"sbi_caption\">30 Punkte und das Punktetrikot der Tour de Suisse Women 2026: Marlen Reusser gewinnt die Sprintwertung, pr\u00e4sentiert von Lidl. Die Schweizerin von Movistar steht mit Fleurop-Strauss und Lidl-Verpflegungsbox auf dem Podium, ein Heimsieg in der Punktewertung.\u2063<br>---\u2063<br>30 points and the sprint jersey of the 2026 Tour de Suisse Women: Marlen Reusser wins the points classification, presented by Lidl. The Swiss Movistar rider stands on the podium with a Fleurop bouquet and a Lidl nutrition box, a home win in the points ranking.\u2063<br>\u2063<br>#tourdesuisse #tdswomen #tds2026 #lidl #uciwwt<\/span>\n    <\/p>\n\n        <\/div>\n        \n        \n        <div class=\"sbi_hover_bottom \">\n\n            \n                            <div class=\"sbi_meta\">\n                    \n                        <span class=\"sbi_likes\" style=\"font-size: 13px;\" >\n        <svg  style=\"font-size: 13px;\" class=\"svg-inline--fa fa-heart fa-w-18\" aria-hidden=\"true\" data-fa-processed=\"\" data-prefix=\"fa\" data-icon=\"heart\" role=\"presentation\" xmlns=\"http:\/\/www.w3.org\/2000\/svg\" viewBox=\"0 0 576 512\"><path fill=\"currentColor\" d=\"M414.9 24C361.8 24 312 65.7 288 89.3 264 65.7 214.2 24 161.1 24 70.3 24 16 76.9 16 165.5c0 72.6 66.8 133.3 69.2 135.4l187 180.8c8.8 8.5 22.8 8.5 31.6 0l186.7-180.2c2.7-2.7 69.5-63.5 69.5-136C560 76.9 505.7 24 414.9 24z\"><\/path><\/svg>        147    <\/span>\n\n\n\n\n    <span class=\"sbi_comments\" style=\"font-size: 13px;\" >\n        <svg  style=\"font-size: 13px;\" class=\"svg-inline--fa fa-comment fa-w-18\" aria-hidden=\"true\" data-fa-processed=\"\" data-prefix=\"fa\" data-icon=\"comment\" role=\"presentation\" xmlns=\"http:\/\/www.w3.org\/2000\/svg\" viewBox=\"0 0 576 512\"><path fill=\"currentColor\" d=\"M576 240c0 115-129 208-288 208-48.3 0-93.9-8.6-133.9-23.8-40.3 31.2-89.8 50.3-142.4 55.7-5.2.6-10.2-2.8-11.5-7.7-1.3-5 2.7-8.1 6.6-11.8 19.3-18.4 42.7-32.8 51.9-94.6C21.9 330.9 0 287.3 0 240 0 125.1 129 32 288 32s288 93.1 288 208z\"><\/path><\/svg>        0    <\/span>\n\n\n\n\n                <\/div>\n            \n        <\/div>\n\n        <a class=\"sbi_link_area nofancybox\" rel=\"nofollow noopener\" href=\"https:\/\/scontent-zrh1-1.cdninstagram.com\/v\/t51.82787-15\/775377011_18406662745084182_2558773995168909514_n.jpg?stp=dst-jpg_e35_tt6&#038;_nc_cat=104&#038;ccb=7-5&#038;_nc_sid=18de74&#038;efg=eyJlZmdfdGFnIjoiRkVFRC5iZXN0X2ltYWdlX3VybGdlbi5DMyJ9&#038;_nc_ohc=VZWdGeEfWJcQ7kNvwFmvLWB&#038;_nc_oc=Adqh1ixmjkyLLdgA8-kkrX2M-RzZXh2vRUgRNaM1jRbGXUF3nrC04PyYD-UfnGzy4wHaLGogGA3Ofgt-jH4YH37O&#038;_nc_zt=23&#038;_nc_ht=scontent-zrh1-1.cdninstagram.com&#038;edm=ANo9K5cEAAAA&#038;_nc_gid=DyLJaHdRSML5x0kL8rPvdA&#038;_nc_tpa=Q5bMBQI5Qj40lRrltlQIlUzFeLSLr-CGugNGcOo_XbRXhCyWF8tQZqYExSqVwoBeEvOxZRux9uBRl3IldQ&#038;oh=00_AQL9zNA0X-Wa9DCbv1EGjw0QddESvGHEiekTC0BF0QP1Kg&#038;oe=6A9D16B7\" data-lightbox-sbi=\"\" data-title=\"30 Punkte und das Punktetrikot der Tour de Suisse Women 2026: Marlen Reusser gewinnt die Sprintwertung, pr\u00e4sentiert von Lidl. Die Schweizerin von Movistar steht mit Fleurop-Strauss und Lidl-Verpflegungsbox auf dem Podium, ein Heimsieg in der Punktewertung.\u2063&lt;br&gt;\n---\u2063&lt;br&gt;\n30 points and the sprint jersey of the 2026 Tour de Suisse Women: Marlen Reusser wins the points classification, presented by Lidl. The Swiss Movistar rider stands on the podium with a Fleurop bouquet and a Lidl nutrition box, a home win in the points ranking.\u2063&lt;br&gt;\n\u2063&lt;br&gt;\n#tourdesuisse #tdswomen #tds2026 #lidl #uciwwt\" data-video=\"\" data-carousel=\"\" data-id=\"sbi_17904661146501331\" data-user=\"tourdesuisse_official\" data-url=\"https:\/\/www.instagram.com\/p\/DcOPvAFMFw7\/\" data-avatar=\"https:\/\/scontent-zrh1-1.cdninstagram.com\/v\/t51.2885-19\/361127899_813923453469784_2667535184305720521_n.jpg?stp=dst-jpg_s206x206_tt6&amp;_nc_cat=110&amp;ccb=7-5&amp;_nc_sid=bf7eb4&amp;efg=eyJ2ZW5jb2RlX3RhZyI6InByb2ZpbGVfcGljLnd3dy4xMDgwLkMzIn0%3D&amp;_nc_ohc=j4q50lExfwMQ7kNvwEI30da&amp;_nc_oc=Adrf2uqD3txwqz2JuGjKP71ot6O5_8VAwRztoJQNe0JLyM4cREQKxoHwSvl0c0GYNdtJNtcQPq0oqyTlxTHEOtRe&amp;_nc_zt=24&amp;_nc_ht=scontent-zrh1-1.cdninstagram.com&amp;edm=AP4hL3IEAAAA&amp;_nc_tpa=Q5bMBQFuBAkUjJ-8iwMPctoqr2X1TTZvedWyzgG64YcOmi0R4TIpTUIqX2_5sOAb-VdQ7jMn4TFB4n6Lfw&amp;oh=00_Af-1WT7i-FrI83pqruHVBzAn4vC6-QTRD-F9csVnJK2H4g&amp;oe=6A2C56CF\" data-account-type=\"business\" data-iframe='' data-media-type=\"feed\" data-posted-on=\"\" data-custom-avatar=\"\">\n            <span class=\"sbi-screenreader\">\n                Apri            <\/span>\n                    <\/a>\n    <\/div>\n\n    <a class=\"sbi_photo\" target=\"_blank\" rel=\"nofollow noopener\" href=\"https:\/\/www.instagram.com\/p\/DcOPvAFMFw7\/\" data-full-res=\"https:\/\/scontent-zrh1-1.cdninstagram.com\/v\/t51.82787-15\/775377011_18406662745084182_2558773995168909514_n.jpg?stp=dst-jpg_e35_tt6&#038;_nc_cat=104&#038;ccb=7-5&#038;_nc_sid=18de74&#038;efg=eyJlZmdfdGFnIjoiRkVFRC5iZXN0X2ltYWdlX3VybGdlbi5DMyJ9&#038;_nc_ohc=VZWdGeEfWJcQ7kNvwFmvLWB&#038;_nc_oc=Adqh1ixmjkyLLdgA8-kkrX2M-RzZXh2vRUgRNaM1jRbGXUF3nrC04PyYD-UfnGzy4wHaLGogGA3Ofgt-jH4YH37O&#038;_nc_zt=23&#038;_nc_ht=scontent-zrh1-1.cdninstagram.com&#038;edm=ANo9K5cEAAAA&#038;_nc_gid=DyLJaHdRSML5x0kL8rPvdA&#038;_nc_tpa=Q5bMBQI5Qj40lRrltlQIlUzFeLSLr-CGugNGcOo_XbRXhCyWF8tQZqYExSqVwoBeEvOxZRux9uBRl3IldQ&#038;oh=00_AQL9zNA0X-Wa9DCbv1EGjw0QddESvGHEiekTC0BF0QP1Kg&#038;oe=6A9D16B7\" data-img-src-set=\"{&quot;d&quot;:&quot;https:\\\/\\\/scontent-zrh1-1.cdninstagram.com\\\/v\\\/t51.82787-15\\\/775377011_18406662745084182_2558773995168909514_n.jpg?stp=dst-jpg_e35_tt6&amp;_nc_cat=104&amp;ccb=7-5&amp;_nc_sid=18de74&amp;efg=eyJlZmdfdGFnIjoiRkVFRC5iZXN0X2ltYWdlX3VybGdlbi5DMyJ9&amp;_nc_ohc=VZWdGeEfWJcQ7kNvwFmvLWB&amp;_nc_oc=Adqh1ixmjkyLLdgA8-kkrX2M-RzZXh2vRUgRNaM1jRbGXUF3nrC04PyYD-UfnGzy4wHaLGogGA3Ofgt-jH4YH37O&amp;_nc_zt=23&amp;_nc_ht=scontent-zrh1-1.cdninstagram.com&amp;edm=ANo9K5cEAAAA&amp;_nc_gid=DyLJaHdRSML5x0kL8rPvdA&amp;_nc_tpa=Q5bMBQI5Qj40lRrltlQIlUzFeLSLr-CGugNGcOo_XbRXhCyWF8tQZqYExSqVwoBeEvOxZRux9uBRl3IldQ&amp;oh=00_AQL9zNA0X-Wa9DCbv1EGjw0QddESvGHEiekTC0BF0QP1Kg&amp;oe=6A9D16B7&quot;,&quot;150&quot;:&quot;https:\\\/\\\/scontent-zrh1-1.cdninstagram.com\\\/v\\\/t51.82787-15\\\/775377011_18406662745084182_2558773995168909514_n.jpg?stp=dst-jpg_e35_tt6&amp;_nc_cat=104&amp;ccb=7-5&amp;_nc_sid=18de74&amp;efg=eyJlZmdfdGFnIjoiRkVFRC5iZXN0X2ltYWdlX3VybGdlbi5DMyJ9&amp;_nc_ohc=VZWdGeEfWJcQ7kNvwFmvLWB&amp;_nc_oc=Adqh1ixmjkyLLdgA8-kkrX2M-RzZXh2vRUgRNaM1jRbGXUF3nrC04PyYD-UfnGzy4wHaLGogGA3Ofgt-jH4YH37O&amp;_nc_zt=23&amp;_nc_ht=scontent-zrh1-1.cdninstagram.com&amp;edm=ANo9K5cEAAAA&amp;_nc_gid=DyLJaHdRSML5x0kL8rPvdA&amp;_nc_tpa=Q5bMBQI5Qj40lRrltlQIlUzFeLSLr-CGugNGcOo_XbRXhCyWF8tQZqYExSqVwoBeEvOxZRux9uBRl3IldQ&amp;oh=00_AQL9zNA0X-Wa9DCbv1EGjw0QddESvGHEiekTC0BF0QP1Kg&amp;oe=6A9D16B7&quot;,&quot;320&quot;:&quot;https:\\\/\\\/scontent-zrh1-1.cdninstagram.com\\\/v\\\/t51.82787-15\\\/775377011_18406662745084182_2558773995168909514_n.jpg?stp=dst-jpg_e35_tt6&amp;_nc_cat=104&amp;ccb=7-5&amp;_nc_sid=18de74&amp;efg=eyJlZmdfdGFnIjoiRkVFRC5iZXN0X2ltYWdlX3VybGdlbi5DMyJ9&amp;_nc_ohc=VZWdGeEfWJcQ7kNvwFmvLWB&amp;_nc_oc=Adqh1ixmjkyLLdgA8-kkrX2M-RzZXh2vRUgRNaM1jRbGXUF3nrC04PyYD-UfnGzy4wHaLGogGA3Ofgt-jH4YH37O&amp;_nc_zt=23&amp;_nc_ht=scontent-zrh1-1.cdninstagram.com&amp;edm=ANo9K5cEAAAA&amp;_nc_gid=DyLJaHdRSML5x0kL8rPvdA&amp;_nc_tpa=Q5bMBQI5Qj40lRrltlQIlUzFeLSLr-CGugNGcOo_XbRXhCyWF8tQZqYExSqVwoBeEvOxZRux9uBRl3IldQ&amp;oh=00_AQL9zNA0X-Wa9DCbv1EGjw0QddESvGHEiekTC0BF0QP1Kg&amp;oe=6A9D16B7&quot;,&quot;640&quot;:&quot;https:\\\/\\\/scontent-zrh1-1.cdninstagram.com\\\/v\\\/t51.82787-15\\\/775377011_18406662745084182_2558773995168909514_n.jpg?stp=dst-jpg_e35_tt6&amp;_nc_cat=104&amp;ccb=7-5&amp;_nc_sid=18de74&amp;efg=eyJlZmdfdGFnIjoiRkVFRC5iZXN0X2ltYWdlX3VybGdlbi5DMyJ9&amp;_nc_ohc=VZWdGeEfWJcQ7kNvwFmvLWB&amp;_nc_oc=Adqh1ixmjkyLLdgA8-kkrX2M-RzZXh2vRUgRNaM1jRbGXUF3nrC04PyYD-UfnGzy4wHaLGogGA3Ofgt-jH4YH37O&amp;_nc_zt=23&amp;_nc_ht=scontent-zrh1-1.cdninstagram.com&amp;edm=ANo9K5cEAAAA&amp;_nc_gid=DyLJaHdRSML5x0kL8rPvdA&amp;_nc_tpa=Q5bMBQI5Qj40lRrltlQIlUzFeLSLr-CGugNGcOo_XbRXhCyWF8tQZqYExSqVwoBeEvOxZRux9uBRl3IldQ&amp;oh=00_AQL9zNA0X-Wa9DCbv1EGjw0QddESvGHEiekTC0BF0QP1Kg&amp;oe=6A9D16B7&quot;}\">\n        <img decoding=\"async\" src=\"https:\/\/www.tourdesuisse.ch\/wp-content\/plugins\/instagram-feed-pro\/img\/placeholder.png\" alt=\"30 Punkte und das Punktetrikot der Tour de Suisse Women 2026: Marlen Reusser gewinnt die Sprintwertung, pr\u00e4sentiert von Lidl. Die Schweizerin von Movistar steht mit Fleurop-Strauss und Lidl-Verpflegungsbox auf dem Podium, ein Heimsieg in der Punktewertung.\u2063\n---\u2063\n30 points and the sprint jersey of the 2026 Tour de Suisse Women: Marlen Reusser wins the points classification, presented by Lidl. The Swiss Movistar rider stands on the podium with a Fleurop bouquet and a Lidl nutrition box, a home win in the points ranking.\u2063\n\u2063\n#tourdesuisse #tdswomen #tds2026 #lidl #uciwwt\">\n    <\/a>\n<\/div>\n\n\n\n\n\t    \n        <div class=\"sbi_info_wrapper\">\n            <div class=\"sbi_info \">\n\n\t\t        \n                <div class=\"sbi_meta_wrap\">\n\t\t        \n                    <div class=\"sbi_meta\">\n\t\t\t\t\t\t    <span class=\"sbi_likes\" style=\"font-size: 13px;\" >\n        <span>\n            <svg  style=\"font-size: 13px;\" class=\"svg-inline--fa fa-heart fa-w-18\" aria-hidden=\"true\" data-fa-processed=\"\" data-prefix=\"fa\" data-icon=\"heart\" role=\"presentation\" xmlns=\"http:\/\/www.w3.org\/2000\/svg\" viewBox=\"0 0 576 512\"><path fill=\"currentColor\" d=\"M414.9 24C361.8 24 312 65.7 288 89.3 264 65.7 214.2 24 161.1 24 70.3 24 16 76.9 16 165.5c0 72.6 66.8 133.3 69.2 135.4l187 180.8c8.8 8.5 22.8 8.5 31.6 0l186.7-180.2c2.7-2.7 69.5-63.5 69.5-136C560 76.9 505.7 24 414.9 24z\"><\/path><\/svg>        <\/span>\n        147    <\/span>\n\n\n\n\n\n    <span class=\"sbi_comments\" style=\"font-size: 13px;\" >\n        <span>\n            <svg  style=\"font-size: 13px;\" class=\"svg-inline--fa fa-comment fa-w-18\" aria-hidden=\"true\" data-fa-processed=\"\" data-prefix=\"fa\" data-icon=\"comment\" role=\"presentation\" xmlns=\"http:\/\/www.w3.org\/2000\/svg\" viewBox=\"0 0 576 512\"><path fill=\"currentColor\" d=\"M576 240c0 115-129 208-288 208-48.3 0-93.9-8.6-133.9-23.8-40.3 31.2-89.8 50.3-142.4 55.7-5.2.6-10.2-2.8-11.5-7.7-1.3-5 2.7-8.1 6.6-11.8 19.3-18.4 42.7-32.8 51.9-94.6C21.9 330.9 0 287.3 0 240 0 125.1 129 32 288 32s288 93.1 288 208z\"><\/path><\/svg>        <\/span>\n        0    <\/span>\n\n\n\n\n\t                    \n                    <\/div>\n\t\t        \n\t\t\t\t                <\/div>\n            <\/div>\n        <\/div>\n    <\/div>\n\n    <div class=\"sbi-divider\"><\/div>\n<\/div>\n<div class=\"sbi_item sbi_type_image sbi_new sbi_transition\" id=\"sbi_18133922047534632\" data-date=\"1786799709\" data-numcomments=\"0\"data-template=ft_default>\n    <div class=\"sbi_inner_wrap\" >\n        \n\t\t<div class=\"sbi_photo_wrap\" >\n            \n    <div  style=\"background: rgba(0,0,0,0.85)\"  class=\"sbi_link \" >\n        <div class=\"sbi_hover_top\">\n            \n            \n                <p class=\"sbi_hover_caption_wrap\" \n        >\n        <span class=\"sbi_caption\">Dank Europcar rollt das Peloton durch die Schweiz: Als Partner der Tour de Suisse stellt Europcar Jahr f\u00fcr Jahr eine grosse Flotte an Fahrzeugen f\u00fcr die gesamte Karawane bereit. Ohne diese Mobilit\u00e4t hinter den Kulissen k\u00e4me kein Renntag ins Rollen.\u2063<br>---\u2063<br>Thanks to Europcar, the peloton rolls through Switzerland: as a partner of the Tour de Suisse, Europcar provides a large fleet of vehicles for the entire race convoy year after year. Without this behind-the-scenes mobility, no race day would ever get going.\u2063<br>\u2063<br>#tourdesuisse #tds2026 #tdswomen #europcar #procycling<\/span>\n    <\/p>\n\n        <\/div>\n        \n        \n        <div class=\"sbi_hover_bottom \">\n\n            \n                            <div class=\"sbi_meta\">\n                    \n                        <span class=\"sbi_likes\" style=\"font-size: 13px;\" >\n        <svg  style=\"font-size: 13px;\" class=\"svg-inline--fa fa-heart fa-w-18\" aria-hidden=\"true\" data-fa-processed=\"\" data-prefix=\"fa\" data-icon=\"heart\" role=\"presentation\" xmlns=\"http:\/\/www.w3.org\/2000\/svg\" viewBox=\"0 0 576 512\"><path fill=\"currentColor\" d=\"M414.9 24C361.8 24 312 65.7 288 89.3 264 65.7 214.2 24 161.1 24 70.3 24 16 76.9 16 165.5c0 72.6 66.8 133.3 69.2 135.4l187 180.8c8.8 8.5 22.8 8.5 31.6 0l186.7-180.2c2.7-2.7 69.5-63.5 69.5-136C560 76.9 505.7 24 414.9 24z\"><\/path><\/svg>        74    <\/span>\n\n\n\n\n    <span class=\"sbi_comments\" style=\"font-size: 13px;\" >\n        <svg  style=\"font-size: 13px;\" class=\"svg-inline--fa fa-comment fa-w-18\" aria-hidden=\"true\" data-fa-processed=\"\" data-prefix=\"fa\" data-icon=\"comment\" role=\"presentation\" xmlns=\"http:\/\/www.w3.org\/2000\/svg\" viewBox=\"0 0 576 512\"><path fill=\"currentColor\" d=\"M576 240c0 115-129 208-288 208-48.3 0-93.9-8.6-133.9-23.8-40.3 31.2-89.8 50.3-142.4 55.7-5.2.6-10.2-2.8-11.5-7.7-1.3-5 2.7-8.1 6.6-11.8 19.3-18.4 42.7-32.8 51.9-94.6C21.9 330.9 0 287.3 0 240 0 125.1 129 32 288 32s288 93.1 288 208z\"><\/path><\/svg>        0    <\/span>\n\n\n\n\n                <\/div>\n            \n        <\/div>\n\n        <a class=\"sbi_link_area nofancybox\" rel=\"nofollow noopener\" href=\"https:\/\/scontent-zrh1-1.cdninstagram.com\/v\/t51.82787-15\/775685980_18406067953084182_2249419310649990380_n.jpg?stp=dst-jpg_e35_tt6&#038;_nc_cat=107&#038;ccb=7-5&#038;_nc_sid=18de74&#038;efg=eyJlZmdfdGFnIjoiRkVFRC5iZXN0X2ltYWdlX3VybGdlbi5DMyJ9&#038;_nc_ohc=VNQZEKzqUHAQ7kNvwEkkRxd&#038;_nc_oc=AdrcGUl7vDOY9TC2ZD9wQBXYXPn8x4sOngsdy5nUWVimF3z_hGS1EwkhndlDi0jkn4YfooeXzzEXHjiZQca6IaS8&#038;_nc_zt=23&#038;_nc_ht=scontent-zrh1-1.cdninstagram.com&#038;edm=ANo9K5cEAAAA&#038;_nc_gid=DyLJaHdRSML5x0kL8rPvdA&#038;_nc_tpa=Q5bMBQKJEwKi5Fp_EwgN5NR7aMGC2xQOrFISD_rC8p0boOD5Ma2dLol2iWhekPYBO2vwtba9HETX8qHd9Q&#038;oh=00_AQJaO9HdwiK67exBareHrkEOQPuDFLuspCYDRfeV0Sw3ug&#038;oe=6A9D28D9\" data-lightbox-sbi=\"\" data-title=\"Dank Europcar rollt das Peloton durch die Schweiz: Als Partner der Tour de Suisse stellt Europcar Jahr f\u00fcr Jahr eine grosse Flotte an Fahrzeugen f\u00fcr die gesamte Karawane bereit. Ohne diese Mobilit\u00e4t hinter den Kulissen k\u00e4me kein Renntag ins Rollen.\u2063&lt;br&gt;\n---\u2063&lt;br&gt;\nThanks to Europcar, the peloton rolls through Switzerland: as a partner of the Tour de Suisse, Europcar provides a large fleet of vehicles for the entire race convoy year after year. Without this behind-the-scenes mobility, no race day would ever get going.\u2063&lt;br&gt;\n\u2063&lt;br&gt;\n#tourdesuisse #tds2026 #tdswomen #europcar #procycling\" data-video=\"\" data-carousel=\"\" data-id=\"sbi_18133922047534632\" data-user=\"tourdesuisse_official\" data-url=\"https:\/\/www.instagram.com\/p\/DcD-OC5MHDR\/\" data-avatar=\"https:\/\/scontent-zrh1-1.cdninstagram.com\/v\/t51.2885-19\/361127899_813923453469784_2667535184305720521_n.jpg?stp=dst-jpg_s206x206_tt6&amp;_nc_cat=110&amp;ccb=7-5&amp;_nc_sid=bf7eb4&amp;efg=eyJ2ZW5jb2RlX3RhZyI6InByb2ZpbGVfcGljLnd3dy4xMDgwLkMzIn0%3D&amp;_nc_ohc=j4q50lExfwMQ7kNvwEI30da&amp;_nc_oc=Adrf2uqD3txwqz2JuGjKP71ot6O5_8VAwRztoJQNe0JLyM4cREQKxoHwSvl0c0GYNdtJNtcQPq0oqyTlxTHEOtRe&amp;_nc_zt=24&amp;_nc_ht=scontent-zrh1-1.cdninstagram.com&amp;edm=AP4hL3IEAAAA&amp;_nc_tpa=Q5bMBQFuBAkUjJ-8iwMPctoqr2X1TTZvedWyzgG64YcOmi0R4TIpTUIqX2_5sOAb-VdQ7jMn4TFB4n6Lfw&amp;oh=00_Af-1WT7i-FrI83pqruHVBzAn4vC6-QTRD-F9csVnJK2H4g&amp;oe=6A2C56CF\" data-account-type=\"business\" data-iframe='' data-media-type=\"feed\" data-posted-on=\"\" data-custom-avatar=\"\">\n            <span class=\"sbi-screenreader\">\n                Apri            <\/span>\n                    <\/a>\n    <\/div>\n\n    <a class=\"sbi_photo\" target=\"_blank\" rel=\"nofollow noopener\" href=\"https:\/\/www.instagram.com\/p\/DcD-OC5MHDR\/\" data-full-res=\"https:\/\/scontent-zrh1-1.cdninstagram.com\/v\/t51.82787-15\/775685980_18406067953084182_2249419310649990380_n.jpg?stp=dst-jpg_e35_tt6&#038;_nc_cat=107&#038;ccb=7-5&#038;_nc_sid=18de74&#038;efg=eyJlZmdfdGFnIjoiRkVFRC5iZXN0X2ltYWdlX3VybGdlbi5DMyJ9&#038;_nc_ohc=VNQZEKzqUHAQ7kNvwEkkRxd&#038;_nc_oc=AdrcGUl7vDOY9TC2ZD9wQBXYXPn8x4sOngsdy5nUWVimF3z_hGS1EwkhndlDi0jkn4YfooeXzzEXHjiZQca6IaS8&#038;_nc_zt=23&#038;_nc_ht=scontent-zrh1-1.cdninstagram.com&#038;edm=ANo9K5cEAAAA&#038;_nc_gid=DyLJaHdRSML5x0kL8rPvdA&#038;_nc_tpa=Q5bMBQKJEwKi5Fp_EwgN5NR7aMGC2xQOrFISD_rC8p0boOD5Ma2dLol2iWhekPYBO2vwtba9HETX8qHd9Q&#038;oh=00_AQJaO9HdwiK67exBareHrkEOQPuDFLuspCYDRfeV0Sw3ug&#038;oe=6A9D28D9\" data-img-src-set=\"{&quot;d&quot;:&quot;https:\\\/\\\/scontent-zrh1-1.cdninstagram.com\\\/v\\\/t51.82787-15\\\/775685980_18406067953084182_2249419310649990380_n.jpg?stp=dst-jpg_e35_tt6&amp;_nc_cat=107&amp;ccb=7-5&amp;_nc_sid=18de74&amp;efg=eyJlZmdfdGFnIjoiRkVFRC5iZXN0X2ltYWdlX3VybGdlbi5DMyJ9&amp;_nc_ohc=VNQZEKzqUHAQ7kNvwEkkRxd&amp;_nc_oc=AdrcGUl7vDOY9TC2ZD9wQBXYXPn8x4sOngsdy5nUWVimF3z_hGS1EwkhndlDi0jkn4YfooeXzzEXHjiZQca6IaS8&amp;_nc_zt=23&amp;_nc_ht=scontent-zrh1-1.cdninstagram.com&amp;edm=ANo9K5cEAAAA&amp;_nc_gid=DyLJaHdRSML5x0kL8rPvdA&amp;_nc_tpa=Q5bMBQKJEwKi5Fp_EwgN5NR7aMGC2xQOrFISD_rC8p0boOD5Ma2dLol2iWhekPYBO2vwtba9HETX8qHd9Q&amp;oh=00_AQJaO9HdwiK67exBareHrkEOQPuDFLuspCYDRfeV0Sw3ug&amp;oe=6A9D28D9&quot;,&quot;150&quot;:&quot;https:\\\/\\\/scontent-zrh1-1.cdninstagram.com\\\/v\\\/t51.82787-15\\\/775685980_18406067953084182_2249419310649990380_n.jpg?stp=dst-jpg_e35_tt6&amp;_nc_cat=107&amp;ccb=7-5&amp;_nc_sid=18de74&amp;efg=eyJlZmdfdGFnIjoiRkVFRC5iZXN0X2ltYWdlX3VybGdlbi5DMyJ9&amp;_nc_ohc=VNQZEKzqUHAQ7kNvwEkkRxd&amp;_nc_oc=AdrcGUl7vDOY9TC2ZD9wQBXYXPn8x4sOngsdy5nUWVimF3z_hGS1EwkhndlDi0jkn4YfooeXzzEXHjiZQca6IaS8&amp;_nc_zt=23&amp;_nc_ht=scontent-zrh1-1.cdninstagram.com&amp;edm=ANo9K5cEAAAA&amp;_nc_gid=DyLJaHdRSML5x0kL8rPvdA&amp;_nc_tpa=Q5bMBQKJEwKi5Fp_EwgN5NR7aMGC2xQOrFISD_rC8p0boOD5Ma2dLol2iWhekPYBO2vwtba9HETX8qHd9Q&amp;oh=00_AQJaO9HdwiK67exBareHrkEOQPuDFLuspCYDRfeV0Sw3ug&amp;oe=6A9D28D9&quot;,&quot;320&quot;:&quot;https:\\\/\\\/scontent-zrh1-1.cdninstagram.com\\\/v\\\/t51.82787-15\\\/775685980_18406067953084182_2249419310649990380_n.jpg?stp=dst-jpg_e35_tt6&amp;_nc_cat=107&amp;ccb=7-5&amp;_nc_sid=18de74&amp;efg=eyJlZmdfdGFnIjoiRkVFRC5iZXN0X2ltYWdlX3VybGdlbi5DMyJ9&amp;_nc_ohc=VNQZEKzqUHAQ7kNvwEkkRxd&amp;_nc_oc=AdrcGUl7vDOY9TC2ZD9wQBXYXPn8x4sOngsdy5nUWVimF3z_hGS1EwkhndlDi0jkn4YfooeXzzEXHjiZQca6IaS8&amp;_nc_zt=23&amp;_nc_ht=scontent-zrh1-1.cdninstagram.com&amp;edm=ANo9K5cEAAAA&amp;_nc_gid=DyLJaHdRSML5x0kL8rPvdA&amp;_nc_tpa=Q5bMBQKJEwKi5Fp_EwgN5NR7aMGC2xQOrFISD_rC8p0boOD5Ma2dLol2iWhekPYBO2vwtba9HETX8qHd9Q&amp;oh=00_AQJaO9HdwiK67exBareHrkEOQPuDFLuspCYDRfeV0Sw3ug&amp;oe=6A9D28D9&quot;,&quot;640&quot;:&quot;https:\\\/\\\/scontent-zrh1-1.cdninstagram.com\\\/v\\\/t51.82787-15\\\/775685980_18406067953084182_2249419310649990380_n.jpg?stp=dst-jpg_e35_tt6&amp;_nc_cat=107&amp;ccb=7-5&amp;_nc_sid=18de74&amp;efg=eyJlZmdfdGFnIjoiRkVFRC5iZXN0X2ltYWdlX3VybGdlbi5DMyJ9&amp;_nc_ohc=VNQZEKzqUHAQ7kNvwEkkRxd&amp;_nc_oc=AdrcGUl7vDOY9TC2ZD9wQBXYXPn8x4sOngsdy5nUWVimF3z_hGS1EwkhndlDi0jkn4YfooeXzzEXHjiZQca6IaS8&amp;_nc_zt=23&amp;_nc_ht=scontent-zrh1-1.cdninstagram.com&amp;edm=ANo9K5cEAAAA&amp;_nc_gid=DyLJaHdRSML5x0kL8rPvdA&amp;_nc_tpa=Q5bMBQKJEwKi5Fp_EwgN5NR7aMGC2xQOrFISD_rC8p0boOD5Ma2dLol2iWhekPYBO2vwtba9HETX8qHd9Q&amp;oh=00_AQJaO9HdwiK67exBareHrkEOQPuDFLuspCYDRfeV0Sw3ug&amp;oe=6A9D28D9&quot;}\">\n        <img decoding=\"async\" src=\"https:\/\/www.tourdesuisse.ch\/wp-content\/plugins\/instagram-feed-pro\/img\/placeholder.png\" alt=\"Dank Europcar rollt das Peloton durch die Schweiz: Als Partner der Tour de Suisse stellt Europcar Jahr f\u00fcr Jahr eine grosse Flotte an Fahrzeugen f\u00fcr die gesamte Karawane bereit. Ohne diese Mobilit\u00e4t hinter den Kulissen k\u00e4me kein Renntag ins Rollen.\u2063\n---\u2063\nThanks to Europcar, the peloton rolls through Switzerland: as a partner of the Tour de Suisse, Europcar provides a large fleet of vehicles for the entire race convoy year after year. Without this behind-the-scenes mobility, no race day would ever get going.\u2063\n\u2063\n#tourdesuisse #tds2026 #tdswomen #europcar #procycling\">\n    <\/a>\n<\/div>\n\n\n\n\n\t    \n        <div class=\"sbi_info_wrapper\">\n            <div class=\"sbi_info \">\n\n\t\t        \n                <div class=\"sbi_meta_wrap\">\n\t\t        \n                    <div class=\"sbi_meta\">\n\t\t\t\t\t\t    <span class=\"sbi_likes\" style=\"font-size: 13px;\" >\n        <span>\n            <svg  style=\"font-size: 13px;\" class=\"svg-inline--fa fa-heart fa-w-18\" aria-hidden=\"true\" data-fa-processed=\"\" data-prefix=\"fa\" data-icon=\"heart\" role=\"presentation\" xmlns=\"http:\/\/www.w3.org\/2000\/svg\" viewBox=\"0 0 576 512\"><path fill=\"currentColor\" d=\"M414.9 24C361.8 24 312 65.7 288 89.3 264 65.7 214.2 24 161.1 24 70.3 24 16 76.9 16 165.5c0 72.6 66.8 133.3 69.2 135.4l187 180.8c8.8 8.5 22.8 8.5 31.6 0l186.7-180.2c2.7-2.7 69.5-63.5 69.5-136C560 76.9 505.7 24 414.9 24z\"><\/path><\/svg>        <\/span>\n        74    <\/span>\n\n\n\n\n\n    <span class=\"sbi_comments\" style=\"font-size: 13px;\" >\n        <span>\n            <svg  style=\"font-size: 13px;\" class=\"svg-inline--fa fa-comment fa-w-18\" aria-hidden=\"true\" data-fa-processed=\"\" data-prefix=\"fa\" data-icon=\"comment\" role=\"presentation\" xmlns=\"http:\/\/www.w3.org\/2000\/svg\" viewBox=\"0 0 576 512\"><path fill=\"currentColor\" d=\"M576 240c0 115-129 208-288 208-48.3 0-93.9-8.6-133.9-23.8-40.3 31.2-89.8 50.3-142.4 55.7-5.2.6-10.2-2.8-11.5-7.7-1.3-5 2.7-8.1 6.6-11.8 19.3-18.4 42.7-32.8 51.9-94.6C21.9 330.9 0 287.3 0 240 0 125.1 129 32 288 32s288 93.1 288 208z\"><\/path><\/svg>        <\/span>\n        0    <\/span>\n\n\n\n\n\t                    \n                    <\/div>\n\t\t        \n\t\t\t\t                <\/div>\n            <\/div>\n        <\/div>\n    <\/div>\n\n    <div class=\"sbi-divider\"><\/div>\n<\/div>\n<div class=\"sbi_item sbi_type_image sbi_new sbi_transition\" id=\"sbi_18112893100971570\" data-date=\"1786539012\" data-numcomments=\"11\"data-template=ft_default>\n    <div class=\"sbi_inner_wrap\" >\n        \n\t\t<div class=\"sbi_photo_wrap\" >\n            \n    <div  style=\"background: rgba(0,0,0,0.85)\"  class=\"sbi_link \" >\n        <div class=\"sbi_hover_top\">\n            \n            \n                <p class=\"sbi_hover_caption_wrap\" \n        >\n        <span class=\"sbi_caption\">Tadej Poga\u010dar gewinnt die Sprintwertung der Tour de Suisse 2026, pr\u00e4sentiert von Lidl. Der UAE-Team-Emirates-XRG-Fahrer reckt auf dem Podium die Arme, das Punktetrikot ist eine von mehreren Wertungen, die er sich an dieser Ausgabe holt.\u2063<br>---\u2063<br>Tadej Poga\u010dar wins the points classification of the 2026 Tour de Suisse, presented by Lidl. The UAE Team Emirates-XRG rider raises his arms on the podium, the points jersey one of several classifications he claims at this edition.\u2063<br>\u2063<br>#tourdesuisse #tds2026 #lidl #procycling #uciworldtour<\/span>\n    <\/p>\n\n        <\/div>\n        \n        \n        <div class=\"sbi_hover_bottom \">\n\n            \n                            <div class=\"sbi_meta\">\n                    \n                        <span class=\"sbi_likes\" style=\"font-size: 13px;\" >\n        <svg  style=\"font-size: 13px;\" class=\"svg-inline--fa fa-heart fa-w-18\" aria-hidden=\"true\" data-fa-processed=\"\" data-prefix=\"fa\" data-icon=\"heart\" role=\"presentation\" xmlns=\"http:\/\/www.w3.org\/2000\/svg\" viewBox=\"0 0 576 512\"><path fill=\"currentColor\" d=\"M414.9 24C361.8 24 312 65.7 288 89.3 264 65.7 214.2 24 161.1 24 70.3 24 16 76.9 16 165.5c0 72.6 66.8 133.3 69.2 135.4l187 180.8c8.8 8.5 22.8 8.5 31.6 0l186.7-180.2c2.7-2.7 69.5-63.5 69.5-136C560 76.9 505.7 24 414.9 24z\"><\/path><\/svg>        1108    <\/span>\n\n\n\n\n    <span class=\"sbi_comments\" style=\"font-size: 13px;\" >\n        <svg  style=\"font-size: 13px;\" class=\"svg-inline--fa fa-comment fa-w-18\" aria-hidden=\"true\" data-fa-processed=\"\" data-prefix=\"fa\" data-icon=\"comment\" role=\"presentation\" xmlns=\"http:\/\/www.w3.org\/2000\/svg\" viewBox=\"0 0 576 512\"><path fill=\"currentColor\" d=\"M576 240c0 115-129 208-288 208-48.3 0-93.9-8.6-133.9-23.8-40.3 31.2-89.8 50.3-142.4 55.7-5.2.6-10.2-2.8-11.5-7.7-1.3-5 2.7-8.1 6.6-11.8 19.3-18.4 42.7-32.8 51.9-94.6C21.9 330.9 0 287.3 0 240 0 125.1 129 32 288 32s288 93.1 288 208z\"><\/path><\/svg>        11    <\/span>\n\n\n\n\n                <\/div>\n            \n        <\/div>\n\n        <a class=\"sbi_link_area nofancybox\" rel=\"nofollow noopener\" href=\"https:\/\/scontent-zrh1-1.cdninstagram.com\/v\/t51.82787-15\/773483735_18405604216084182_95969293682182078_n.jpg?stp=dst-jpg_e35_tt6&#038;_nc_cat=108&#038;ccb=7-5&#038;_nc_sid=18de74&#038;efg=eyJlZmdfdGFnIjoiRkVFRC5iZXN0X2ltYWdlX3VybGdlbi5DMyJ9&#038;_nc_ohc=cPEk2HhvoREQ7kNvwE_BO7M&#038;_nc_oc=AdproiQwUqhi7-mUVYM6R70RiFDBq7zN6fm882UF5_xlnJ2RzBzcOl6by29s_QF9xQQ-NX5XJnZtFv9tvBYlE0hu&#038;_nc_zt=23&#038;_nc_ht=scontent-zrh1-1.cdninstagram.com&#038;edm=ANo9K5cEAAAA&#038;_nc_gid=DyLJaHdRSML5x0kL8rPvdA&#038;_nc_tpa=Q5bMBQLifIRGRsWaLrqIP2xiA-3iK7MVf3Q9ZdFMCJQtA-I8Nbkfzu6wXQWJFLDTAh_V76e_0h1LjEeQFQ&#038;oh=00_AQITH2SJYcLAFPtksqezjfvL_P5VH1CcPTvJGosyaLkTnw&#038;oe=6A9D35C0\" data-lightbox-sbi=\"\" data-title=\"Tadej Poga\u010dar gewinnt die Sprintwertung der Tour de Suisse 2026, pr\u00e4sentiert von Lidl. Der UAE-Team-Emirates-XRG-Fahrer reckt auf dem Podium die Arme, das Punktetrikot ist eine von mehreren Wertungen, die er sich an dieser Ausgabe holt.\u2063&lt;br&gt;\n---\u2063&lt;br&gt;\nTadej Poga\u010dar wins the points classification of the 2026 Tour de Suisse, presented by Lidl. The UAE Team Emirates-XRG rider raises his arms on the podium, the points jersey one of several classifications he claims at this edition.\u2063&lt;br&gt;\n\u2063&lt;br&gt;\n#tourdesuisse #tds2026 #lidl #procycling #uciworldtour\" data-video=\"\" data-carousel=\"\" data-id=\"sbi_18112893100971570\" data-user=\"tourdesuisse_official\" data-url=\"https:\/\/www.instagram.com\/p\/Db8M-rjsKKF\/\" data-avatar=\"https:\/\/scontent-zrh1-1.cdninstagram.com\/v\/t51.2885-19\/361127899_813923453469784_2667535184305720521_n.jpg?stp=dst-jpg_s206x206_tt6&amp;_nc_cat=110&amp;ccb=7-5&amp;_nc_sid=bf7eb4&amp;efg=eyJ2ZW5jb2RlX3RhZyI6InByb2ZpbGVfcGljLnd3dy4xMDgwLkMzIn0%3D&amp;_nc_ohc=j4q50lExfwMQ7kNvwEI30da&amp;_nc_oc=Adrf2uqD3txwqz2JuGjKP71ot6O5_8VAwRztoJQNe0JLyM4cREQKxoHwSvl0c0GYNdtJNtcQPq0oqyTlxTHEOtRe&amp;_nc_zt=24&amp;_nc_ht=scontent-zrh1-1.cdninstagram.com&amp;edm=AP4hL3IEAAAA&amp;_nc_tpa=Q5bMBQFuBAkUjJ-8iwMPctoqr2X1TTZvedWyzgG64YcOmi0R4TIpTUIqX2_5sOAb-VdQ7jMn4TFB4n6Lfw&amp;oh=00_Af-1WT7i-FrI83pqruHVBzAn4vC6-QTRD-F9csVnJK2H4g&amp;oe=6A2C56CF\" data-account-type=\"business\" data-iframe='' data-media-type=\"feed\" data-posted-on=\"\" data-custom-avatar=\"\">\n            <span class=\"sbi-screenreader\">\n                Apri            <\/span>\n                    <\/a>\n    <\/div>\n\n    <a class=\"sbi_photo\" target=\"_blank\" rel=\"nofollow noopener\" href=\"https:\/\/www.instagram.com\/p\/Db8M-rjsKKF\/\" data-full-res=\"https:\/\/scontent-zrh1-1.cdninstagram.com\/v\/t51.82787-15\/773483735_18405604216084182_95969293682182078_n.jpg?stp=dst-jpg_e35_tt6&#038;_nc_cat=108&#038;ccb=7-5&#038;_nc_sid=18de74&#038;efg=eyJlZmdfdGFnIjoiRkVFRC5iZXN0X2ltYWdlX3VybGdlbi5DMyJ9&#038;_nc_ohc=cPEk2HhvoREQ7kNvwE_BO7M&#038;_nc_oc=AdproiQwUqhi7-mUVYM6R70RiFDBq7zN6fm882UF5_xlnJ2RzBzcOl6by29s_QF9xQQ-NX5XJnZtFv9tvBYlE0hu&#038;_nc_zt=23&#038;_nc_ht=scontent-zrh1-1.cdninstagram.com&#038;edm=ANo9K5cEAAAA&#038;_nc_gid=DyLJaHdRSML5x0kL8rPvdA&#038;_nc_tpa=Q5bMBQLifIRGRsWaLrqIP2xiA-3iK7MVf3Q9ZdFMCJQtA-I8Nbkfzu6wXQWJFLDTAh_V76e_0h1LjEeQFQ&#038;oh=00_AQITH2SJYcLAFPtksqezjfvL_P5VH1CcPTvJGosyaLkTnw&#038;oe=6A9D35C0\" data-img-src-set=\"{&quot;d&quot;:&quot;https:\\\/\\\/scontent-zrh1-1.cdninstagram.com\\\/v\\\/t51.82787-15\\\/773483735_18405604216084182_95969293682182078_n.jpg?stp=dst-jpg_e35_tt6&amp;_nc_cat=108&amp;ccb=7-5&amp;_nc_sid=18de74&amp;efg=eyJlZmdfdGFnIjoiRkVFRC5iZXN0X2ltYWdlX3VybGdlbi5DMyJ9&amp;_nc_ohc=cPEk2HhvoREQ7kNvwE_BO7M&amp;_nc_oc=AdproiQwUqhi7-mUVYM6R70RiFDBq7zN6fm882UF5_xlnJ2RzBzcOl6by29s_QF9xQQ-NX5XJnZtFv9tvBYlE0hu&amp;_nc_zt=23&amp;_nc_ht=scontent-zrh1-1.cdninstagram.com&amp;edm=ANo9K5cEAAAA&amp;_nc_gid=DyLJaHdRSML5x0kL8rPvdA&amp;_nc_tpa=Q5bMBQLifIRGRsWaLrqIP2xiA-3iK7MVf3Q9ZdFMCJQtA-I8Nbkfzu6wXQWJFLDTAh_V76e_0h1LjEeQFQ&amp;oh=00_AQITH2SJYcLAFPtksqezjfvL_P5VH1CcPTvJGosyaLkTnw&amp;oe=6A9D35C0&quot;,&quot;150&quot;:&quot;https:\\\/\\\/scontent-zrh1-1.cdninstagram.com\\\/v\\\/t51.82787-15\\\/773483735_18405604216084182_95969293682182078_n.jpg?stp=dst-jpg_e35_tt6&amp;_nc_cat=108&amp;ccb=7-5&amp;_nc_sid=18de74&amp;efg=eyJlZmdfdGFnIjoiRkVFRC5iZXN0X2ltYWdlX3VybGdlbi5DMyJ9&amp;_nc_ohc=cPEk2HhvoREQ7kNvwE_BO7M&amp;_nc_oc=AdproiQwUqhi7-mUVYM6R70RiFDBq7zN6fm882UF5_xlnJ2RzBzcOl6by29s_QF9xQQ-NX5XJnZtFv9tvBYlE0hu&amp;_nc_zt=23&amp;_nc_ht=scontent-zrh1-1.cdninstagram.com&amp;edm=ANo9K5cEAAAA&amp;_nc_gid=DyLJaHdRSML5x0kL8rPvdA&amp;_nc_tpa=Q5bMBQLifIRGRsWaLrqIP2xiA-3iK7MVf3Q9ZdFMCJQtA-I8Nbkfzu6wXQWJFLDTAh_V76e_0h1LjEeQFQ&amp;oh=00_AQITH2SJYcLAFPtksqezjfvL_P5VH1CcPTvJGosyaLkTnw&amp;oe=6A9D35C0&quot;,&quot;320&quot;:&quot;https:\\\/\\\/scontent-zrh1-1.cdninstagram.com\\\/v\\\/t51.82787-15\\\/773483735_18405604216084182_95969293682182078_n.jpg?stp=dst-jpg_e35_tt6&amp;_nc_cat=108&amp;ccb=7-5&amp;_nc_sid=18de74&amp;efg=eyJlZmdfdGFnIjoiRkVFRC5iZXN0X2ltYWdlX3VybGdlbi5DMyJ9&amp;_nc_ohc=cPEk2HhvoREQ7kNvwE_BO7M&amp;_nc_oc=AdproiQwUqhi7-mUVYM6R70RiFDBq7zN6fm882UF5_xlnJ2RzBzcOl6by29s_QF9xQQ-NX5XJnZtFv9tvBYlE0hu&amp;_nc_zt=23&amp;_nc_ht=scontent-zrh1-1.cdninstagram.com&amp;edm=ANo9K5cEAAAA&amp;_nc_gid=DyLJaHdRSML5x0kL8rPvdA&amp;_nc_tpa=Q5bMBQLifIRGRsWaLrqIP2xiA-3iK7MVf3Q9ZdFMCJQtA-I8Nbkfzu6wXQWJFLDTAh_V76e_0h1LjEeQFQ&amp;oh=00_AQITH2SJYcLAFPtksqezjfvL_P5VH1CcPTvJGosyaLkTnw&amp;oe=6A9D35C0&quot;,&quot;640&quot;:&quot;https:\\\/\\\/scontent-zrh1-1.cdninstagram.com\\\/v\\\/t51.82787-15\\\/773483735_18405604216084182_95969293682182078_n.jpg?stp=dst-jpg_e35_tt6&amp;_nc_cat=108&amp;ccb=7-5&amp;_nc_sid=18de74&amp;efg=eyJlZmdfdGFnIjoiRkVFRC5iZXN0X2ltYWdlX3VybGdlbi5DMyJ9&amp;_nc_ohc=cPEk2HhvoREQ7kNvwE_BO7M&amp;_nc_oc=AdproiQwUqhi7-mUVYM6R70RiFDBq7zN6fm882UF5_xlnJ2RzBzcOl6by29s_QF9xQQ-NX5XJnZtFv9tvBYlE0hu&amp;_nc_zt=23&amp;_nc_ht=scontent-zrh1-1.cdninstagram.com&amp;edm=ANo9K5cEAAAA&amp;_nc_gid=DyLJaHdRSML5x0kL8rPvdA&amp;_nc_tpa=Q5bMBQLifIRGRsWaLrqIP2xiA-3iK7MVf3Q9ZdFMCJQtA-I8Nbkfzu6wXQWJFLDTAh_V76e_0h1LjEeQFQ&amp;oh=00_AQITH2SJYcLAFPtksqezjfvL_P5VH1CcPTvJGosyaLkTnw&amp;oe=6A9D35C0&quot;}\">\n        <img decoding=\"async\" src=\"https:\/\/www.tourdesuisse.ch\/wp-content\/plugins\/instagram-feed-pro\/img\/placeholder.png\" alt=\"Tadej Poga\u010dar gewinnt die Sprintwertung der Tour de Suisse 2026, pr\u00e4sentiert von Lidl. Der UAE-Team-Emirates-XRG-Fahrer reckt auf dem Podium die Arme, das Punktetrikot ist eine von mehreren Wertungen, die er sich an dieser Ausgabe holt.\u2063\n---\u2063\nTadej Poga\u010dar wins the points classification of the 2026 Tour de Suisse, presented by Lidl. The UAE Team Emirates-XRG rider raises his arms on the podium, the points jersey one of several classifications he claims at this edition.\u2063\n\u2063\n#tourdesuisse #tds2026 #lidl #procycling #uciworldtour\">\n    <\/a>\n<\/div>\n\n\n\n\n\t    \n        <div class=\"sbi_info_wrapper\">\n            <div class=\"sbi_info \">\n\n\t\t        \n                <div class=\"sbi_meta_wrap\">\n\t\t        \n                    <div class=\"sbi_meta\">\n\t\t\t\t\t\t    <span class=\"sbi_likes\" style=\"font-size: 13px;\" >\n        <span>\n            <svg  style=\"font-size: 13px;\" class=\"svg-inline--fa fa-heart fa-w-18\" aria-hidden=\"true\" data-fa-processed=\"\" data-prefix=\"fa\" data-icon=\"heart\" role=\"presentation\" xmlns=\"http:\/\/www.w3.org\/2000\/svg\" viewBox=\"0 0 576 512\"><path fill=\"currentColor\" d=\"M414.9 24C361.8 24 312 65.7 288 89.3 264 65.7 214.2 24 161.1 24 70.3 24 16 76.9 16 165.5c0 72.6 66.8 133.3 69.2 135.4l187 180.8c8.8 8.5 22.8 8.5 31.6 0l186.7-180.2c2.7-2.7 69.5-63.5 69.5-136C560 76.9 505.7 24 414.9 24z\"><\/path><\/svg>        <\/span>\n        1108    <\/span>\n\n\n\n\n\n    <span class=\"sbi_comments\" style=\"font-size: 13px;\" >\n        <span>\n            <svg  style=\"font-size: 13px;\" class=\"svg-inline--fa fa-comment fa-w-18\" aria-hidden=\"true\" data-fa-processed=\"\" data-prefix=\"fa\" data-icon=\"comment\" role=\"presentation\" xmlns=\"http:\/\/www.w3.org\/2000\/svg\" viewBox=\"0 0 576 512\"><path fill=\"currentColor\" d=\"M576 240c0 115-129 208-288 208-48.3 0-93.9-8.6-133.9-23.8-40.3 31.2-89.8 50.3-142.4 55.7-5.2.6-10.2-2.8-11.5-7.7-1.3-5 2.7-8.1 6.6-11.8 19.3-18.4 42.7-32.8 51.9-94.6C21.9 330.9 0 287.3 0 240 0 125.1 129 32 288 32s288 93.1 288 208z\"><\/path><\/svg>        <\/span>\n        11    <\/span>\n\n\n\n\n\t                    \n                    <\/div>\n\t\t        \n\t\t\t\t                <\/div>\n            <\/div>\n        <\/div>\n    <\/div>\n\n    <div class=\"sbi-divider\"><\/div>\n<\/div>\n<div class=\"sbi_item sbi_type_video sbi_new sbi_transition\" id=\"sbi_18472399522111249\" data-date=\"1786215605\" data-numcomments=\"0\"data-template=ft_default>\n    <div class=\"sbi_inner_wrap\" >\n        \n\t\t<div class=\"sbi_photo_wrap\" >\n            <svg style=\"color: rgba(255,255,255,1)\" class=\"svg-inline--fa fa-play fa-w-14 sbi_playbtn\" aria-label=\"Play\" aria-hidden=\"true\" data-fa-processed=\"\" data-prefix=\"fa\" data-icon=\"play\" role=\"presentation\" xmlns=\"http:\/\/www.w3.org\/2000\/svg\" viewBox=\"0 0 448 512\"><path fill=\"currentColor\" d=\"M424.4 214.7L72.4 6.6C43.8-10.3 0 6.1 0 47.9V464c0 37.5 40.7 60.1 72.4 41.3l352-208c31.4-18.5 31.5-64.1 0-82.6z\"><\/path><\/svg>\n    <div  style=\"background: rgba(0,0,0,0.85)\"  class=\"sbi_link \" >\n        <div class=\"sbi_hover_top\">\n            \n            \n                <p class=\"sbi_hover_caption_wrap\" \n        >\n        <span class=\"sbi_caption\">Up we go \ud83d\udcaf\ud83d\udca5<br><br>#tourdesuisse #tds2026<\/span>\n    <\/p>\n\n        <\/div>\n        \n        \n        <div class=\"sbi_hover_bottom \">\n\n            \n                            <div class=\"sbi_meta\">\n                    \n                        <span class=\"sbi_likes\" style=\"font-size: 13px;\" >\n        <svg  style=\"font-size: 13px;\" class=\"svg-inline--fa fa-heart fa-w-18\" aria-hidden=\"true\" data-fa-processed=\"\" data-prefix=\"fa\" data-icon=\"heart\" role=\"presentation\" xmlns=\"http:\/\/www.w3.org\/2000\/svg\" viewBox=\"0 0 576 512\"><path fill=\"currentColor\" d=\"M414.9 24C361.8 24 312 65.7 288 89.3 264 65.7 214.2 24 161.1 24 70.3 24 16 76.9 16 165.5c0 72.6 66.8 133.3 69.2 135.4l187 180.8c8.8 8.5 22.8 8.5 31.6 0l186.7-180.2c2.7-2.7 69.5-63.5 69.5-136C560 76.9 505.7 24 414.9 24z\"><\/path><\/svg>        655    <\/span>\n\n\n\n\n    <span class=\"sbi_comments\" style=\"font-size: 13px;\" >\n        <svg  style=\"font-size: 13px;\" class=\"svg-inline--fa fa-comment fa-w-18\" aria-hidden=\"true\" data-fa-processed=\"\" data-prefix=\"fa\" data-icon=\"comment\" role=\"presentation\" xmlns=\"http:\/\/www.w3.org\/2000\/svg\" viewBox=\"0 0 576 512\"><path fill=\"currentColor\" d=\"M576 240c0 115-129 208-288 208-48.3 0-93.9-8.6-133.9-23.8-40.3 31.2-89.8 50.3-142.4 55.7-5.2.6-10.2-2.8-11.5-7.7-1.3-5 2.7-8.1 6.6-11.8 19.3-18.4 42.7-32.8 51.9-94.6C21.9 330.9 0 287.3 0 240 0 125.1 129 32 288 32s288 93.1 288 208z\"><\/path><\/svg>        0    <\/span>\n\n\n\n\n                <\/div>\n            \n        <\/div>\n\n        <a class=\"sbi_link_area nofancybox\" rel=\"nofollow noopener\" href=\"https:\/\/scontent-zrh1-1.cdninstagram.com\/v\/t51.71878-15\/743812571_1755342245822937_2149192202631141350_n.jpg?stp=dst-jpg_e35_tt6&#038;_nc_cat=108&#038;ccb=7-5&#038;_nc_sid=18de74&#038;efg=eyJlZmdfdGFnIjoiQ0xJUFMuYmVzdF9pbWFnZV91cmxnZW4uQzMifQ%3D%3D&#038;_nc_ohc=SmcxDtY0cKYQ7kNvwF7ffjW&#038;_nc_oc=AdqI0hm_ElomcFVjCydWD3XfN3ObraS_93xjK_hki02vsjJr_sGho3FaMuzFUuv8A9FCqQITsHkMa9TRk24gpt0Z&#038;_nc_zt=23&#038;_nc_ht=scontent-zrh1-1.cdninstagram.com&#038;edm=ANo9K5cEAAAA&#038;_nc_gid=DyLJaHdRSML5x0kL8rPvdA&#038;_nc_tpa=Q5bMBQK_Xx_J6ROSe9OSfKlQg7TqCU59yaS96Bhax2mQ0Uj3p8RSl3EXQfnHDO4MCmAKREI3fa9DiWiZSg&#038;oh=00_AQIIq_YOW4sRyFgNZJKfTeX5r4yOXoPiuJhAuCXM9iMF_w&#038;oe=6A9D1E47\" data-lightbox-sbi=\"\" data-title=\"Up we go \ud83d\udcaf\ud83d\udca5&lt;br&gt;\n&lt;br&gt;\n#tourdesuisse #tds2026\" data-video=\"missing\" data-carousel=\"\" data-id=\"sbi_18472399522111249\" data-user=\"tourdesuisse_official\" data-url=\"https:\/\/www.instagram.com\/reel\/DbykI1EMgy3\/\" data-avatar=\"https:\/\/scontent-zrh1-1.cdninstagram.com\/v\/t51.2885-19\/361127899_813923453469784_2667535184305720521_n.jpg?stp=dst-jpg_s206x206_tt6&amp;_nc_cat=110&amp;ccb=7-5&amp;_nc_sid=bf7eb4&amp;efg=eyJ2ZW5jb2RlX3RhZyI6InByb2ZpbGVfcGljLnd3dy4xMDgwLkMzIn0%3D&amp;_nc_ohc=j4q50lExfwMQ7kNvwEI30da&amp;_nc_oc=Adrf2uqD3txwqz2JuGjKP71ot6O5_8VAwRztoJQNe0JLyM4cREQKxoHwSvl0c0GYNdtJNtcQPq0oqyTlxTHEOtRe&amp;_nc_zt=24&amp;_nc_ht=scontent-zrh1-1.cdninstagram.com&amp;edm=AP4hL3IEAAAA&amp;_nc_tpa=Q5bMBQFuBAkUjJ-8iwMPctoqr2X1TTZvedWyzgG64YcOmi0R4TIpTUIqX2_5sOAb-VdQ7jMn4TFB4n6Lfw&amp;oh=00_Af-1WT7i-FrI83pqruHVBzAn4vC6-QTRD-F9csVnJK2H4g&amp;oe=6A2C56CF\" data-account-type=\"business\" data-iframe='' data-media-type=\"reels\" data-posted-on=\"\" data-custom-avatar=\"\">\n            <span class=\"sbi-screenreader\">\n                Apri            <\/span>\n            <svg style=\"color: rgba(255,255,255,1)\" class=\"svg-inline--fa fa-play fa-w-14 sbi_playbtn\" aria-label=\"Play\" aria-hidden=\"true\" data-fa-processed=\"\" data-prefix=\"fa\" data-icon=\"play\" role=\"presentation\" xmlns=\"http:\/\/www.w3.org\/2000\/svg\" viewBox=\"0 0 448 512\"><path fill=\"currentColor\" d=\"M424.4 214.7L72.4 6.6C43.8-10.3 0 6.1 0 47.9V464c0 37.5 40.7 60.1 72.4 41.3l352-208c31.4-18.5 31.5-64.1 0-82.6z\"><\/path><\/svg>        <\/a>\n    <\/div>\n\n    <a class=\"sbi_photo\" target=\"_blank\" rel=\"nofollow noopener\" href=\"https:\/\/www.instagram.com\/reel\/DbykI1EMgy3\/\" data-full-res=\"https:\/\/scontent-zrh1-1.cdninstagram.com\/v\/t51.71878-15\/743812571_1755342245822937_2149192202631141350_n.jpg?stp=dst-jpg_e35_tt6&#038;_nc_cat=108&#038;ccb=7-5&#038;_nc_sid=18de74&#038;efg=eyJlZmdfdGFnIjoiQ0xJUFMuYmVzdF9pbWFnZV91cmxnZW4uQzMifQ%3D%3D&#038;_nc_ohc=SmcxDtY0cKYQ7kNvwF7ffjW&#038;_nc_oc=AdqI0hm_ElomcFVjCydWD3XfN3ObraS_93xjK_hki02vsjJr_sGho3FaMuzFUuv8A9FCqQITsHkMa9TRk24gpt0Z&#038;_nc_zt=23&#038;_nc_ht=scontent-zrh1-1.cdninstagram.com&#038;edm=ANo9K5cEAAAA&#038;_nc_gid=DyLJaHdRSML5x0kL8rPvdA&#038;_nc_tpa=Q5bMBQK_Xx_J6ROSe9OSfKlQg7TqCU59yaS96Bhax2mQ0Uj3p8RSl3EXQfnHDO4MCmAKREI3fa9DiWiZSg&#038;oh=00_AQIIq_YOW4sRyFgNZJKfTeX5r4yOXoPiuJhAuCXM9iMF_w&#038;oe=6A9D1E47\" data-img-src-set=\"{&quot;d&quot;:&quot;https:\\\/\\\/scontent-zrh1-1.cdninstagram.com\\\/v\\\/t51.71878-15\\\/743812571_1755342245822937_2149192202631141350_n.jpg?stp=dst-jpg_e35_tt6&amp;_nc_cat=108&amp;ccb=7-5&amp;_nc_sid=18de74&amp;efg=eyJlZmdfdGFnIjoiQ0xJUFMuYmVzdF9pbWFnZV91cmxnZW4uQzMifQ%3D%3D&amp;_nc_ohc=SmcxDtY0cKYQ7kNvwF7ffjW&amp;_nc_oc=AdqI0hm_ElomcFVjCydWD3XfN3ObraS_93xjK_hki02vsjJr_sGho3FaMuzFUuv8A9FCqQITsHkMa9TRk24gpt0Z&amp;_nc_zt=23&amp;_nc_ht=scontent-zrh1-1.cdninstagram.com&amp;edm=ANo9K5cEAAAA&amp;_nc_gid=DyLJaHdRSML5x0kL8rPvdA&amp;_nc_tpa=Q5bMBQK_Xx_J6ROSe9OSfKlQg7TqCU59yaS96Bhax2mQ0Uj3p8RSl3EXQfnHDO4MCmAKREI3fa9DiWiZSg&amp;oh=00_AQIIq_YOW4sRyFgNZJKfTeX5r4yOXoPiuJhAuCXM9iMF_w&amp;oe=6A9D1E47&quot;,&quot;150&quot;:&quot;https:\\\/\\\/scontent-zrh1-1.cdninstagram.com\\\/v\\\/t51.71878-15\\\/743812571_1755342245822937_2149192202631141350_n.jpg?stp=dst-jpg_e35_tt6&amp;_nc_cat=108&amp;ccb=7-5&amp;_nc_sid=18de74&amp;efg=eyJlZmdfdGFnIjoiQ0xJUFMuYmVzdF9pbWFnZV91cmxnZW4uQzMifQ%3D%3D&amp;_nc_ohc=SmcxDtY0cKYQ7kNvwF7ffjW&amp;_nc_oc=AdqI0hm_ElomcFVjCydWD3XfN3ObraS_93xjK_hki02vsjJr_sGho3FaMuzFUuv8A9FCqQITsHkMa9TRk24gpt0Z&amp;_nc_zt=23&amp;_nc_ht=scontent-zrh1-1.cdninstagram.com&amp;edm=ANo9K5cEAAAA&amp;_nc_gid=DyLJaHdRSML5x0kL8rPvdA&amp;_nc_tpa=Q5bMBQK_Xx_J6ROSe9OSfKlQg7TqCU59yaS96Bhax2mQ0Uj3p8RSl3EXQfnHDO4MCmAKREI3fa9DiWiZSg&amp;oh=00_AQIIq_YOW4sRyFgNZJKfTeX5r4yOXoPiuJhAuCXM9iMF_w&amp;oe=6A9D1E47&quot;,&quot;320&quot;:&quot;https:\\\/\\\/scontent-zrh1-1.cdninstagram.com\\\/v\\\/t51.71878-15\\\/743812571_1755342245822937_2149192202631141350_n.jpg?stp=dst-jpg_e35_tt6&amp;_nc_cat=108&amp;ccb=7-5&amp;_nc_sid=18de74&amp;efg=eyJlZmdfdGFnIjoiQ0xJUFMuYmVzdF9pbWFnZV91cmxnZW4uQzMifQ%3D%3D&amp;_nc_ohc=SmcxDtY0cKYQ7kNvwF7ffjW&amp;_nc_oc=AdqI0hm_ElomcFVjCydWD3XfN3ObraS_93xjK_hki02vsjJr_sGho3FaMuzFUuv8A9FCqQITsHkMa9TRk24gpt0Z&amp;_nc_zt=23&amp;_nc_ht=scontent-zrh1-1.cdninstagram.com&amp;edm=ANo9K5cEAAAA&amp;_nc_gid=DyLJaHdRSML5x0kL8rPvdA&amp;_nc_tpa=Q5bMBQK_Xx_J6ROSe9OSfKlQg7TqCU59yaS96Bhax2mQ0Uj3p8RSl3EXQfnHDO4MCmAKREI3fa9DiWiZSg&amp;oh=00_AQIIq_YOW4sRyFgNZJKfTeX5r4yOXoPiuJhAuCXM9iMF_w&amp;oe=6A9D1E47&quot;,&quot;640&quot;:&quot;https:\\\/\\\/scontent-zrh1-1.cdninstagram.com\\\/v\\\/t51.71878-15\\\/743812571_1755342245822937_2149192202631141350_n.jpg?stp=dst-jpg_e35_tt6&amp;_nc_cat=108&amp;ccb=7-5&amp;_nc_sid=18de74&amp;efg=eyJlZmdfdGFnIjoiQ0xJUFMuYmVzdF9pbWFnZV91cmxnZW4uQzMifQ%3D%3D&amp;_nc_ohc=SmcxDtY0cKYQ7kNvwF7ffjW&amp;_nc_oc=AdqI0hm_ElomcFVjCydWD3XfN3ObraS_93xjK_hki02vsjJr_sGho3FaMuzFUuv8A9FCqQITsHkMa9TRk24gpt0Z&amp;_nc_zt=23&amp;_nc_ht=scontent-zrh1-1.cdninstagram.com&amp;edm=ANo9K5cEAAAA&amp;_nc_gid=DyLJaHdRSML5x0kL8rPvdA&amp;_nc_tpa=Q5bMBQK_Xx_J6ROSe9OSfKlQg7TqCU59yaS96Bhax2mQ0Uj3p8RSl3EXQfnHDO4MCmAKREI3fa9DiWiZSg&amp;oh=00_AQIIq_YOW4sRyFgNZJKfTeX5r4yOXoPiuJhAuCXM9iMF_w&amp;oe=6A9D1E47&quot;}\">\n        <img decoding=\"async\" src=\"https:\/\/www.tourdesuisse.ch\/wp-content\/plugins\/instagram-feed-pro\/img\/placeholder.png\" alt=\"Up we go \ud83d\udcaf\ud83d\udca5\n\n#tourdesuisse #tds2026\">\n    <\/a>\n<\/div>\n\n\n\n\n\t    \n        <div class=\"sbi_info_wrapper\">\n            <div class=\"sbi_info \">\n\n\t\t        \n                <div class=\"sbi_meta_wrap\">\n\t\t        \n                    <div class=\"sbi_meta\">\n\t\t\t\t\t\t    <span class=\"sbi_likes\" style=\"font-size: 13px;\" >\n        <span>\n            <svg  style=\"font-size: 13px;\" class=\"svg-inline--fa fa-heart fa-w-18\" aria-hidden=\"true\" data-fa-processed=\"\" data-prefix=\"fa\" data-icon=\"heart\" role=\"presentation\" xmlns=\"http:\/\/www.w3.org\/2000\/svg\" viewBox=\"0 0 576 512\"><path fill=\"currentColor\" d=\"M414.9 24C361.8 24 312 65.7 288 89.3 264 65.7 214.2 24 161.1 24 70.3 24 16 76.9 16 165.5c0 72.6 66.8 133.3 69.2 135.4l187 180.8c8.8 8.5 22.8 8.5 31.6 0l186.7-180.2c2.7-2.7 69.5-63.5 69.5-136C560 76.9 505.7 24 414.9 24z\"><\/path><\/svg>        <\/span>\n        655    <\/span>\n\n\n\n\n\n    <span class=\"sbi_comments\" style=\"font-size: 13px;\" >\n        <span>\n            <svg  style=\"font-size: 13px;\" class=\"svg-inline--fa fa-comment fa-w-18\" aria-hidden=\"true\" data-fa-processed=\"\" data-prefix=\"fa\" data-icon=\"comment\" role=\"presentation\" xmlns=\"http:\/\/www.w3.org\/2000\/svg\" viewBox=\"0 0 576 512\"><path fill=\"currentColor\" d=\"M576 240c0 115-129 208-288 208-48.3 0-93.9-8.6-133.9-23.8-40.3 31.2-89.8 50.3-142.4 55.7-5.2.6-10.2-2.8-11.5-7.7-1.3-5 2.7-8.1 6.6-11.8 19.3-18.4 42.7-32.8 51.9-94.6C21.9 330.9 0 287.3 0 240 0 125.1 129 32 288 32s288 93.1 288 208z\"><\/path><\/svg>        <\/span>\n        0    <\/span>\n\n\n\n\n\t                    \n                    <\/div>\n\t\t        \n\t\t\t\t                <\/div>\n            <\/div>\n        <\/div>\n    <\/div>\n\n    <div class=\"sbi-divider\"><\/div>\n<\/div>\n<div class=\"sbi_item sbi_type_image sbi_new sbi_transition\" id=\"sbi_18035325944817466\" data-date=\"1786111869\" data-numcomments=\"0\"data-template=ft_default>\n    <div class=\"sbi_inner_wrap\" >\n        \n\t\t<div class=\"sbi_photo_wrap\" >\n            \n    <div  style=\"background: rgba(0,0,0,0.85)\"  class=\"sbi_link \" >\n        <div class=\"sbi_hover_top\">\n            \n            \n                <p class=\"sbi_hover_caption_wrap\" \n        >\n        <span class=\"sbi_caption\">Bestes Bild vom besten Platz: Ein Zuschauer h\u00e4lt das Peloton mit dem Handy fest, wie es sich um die m\u00e4chtige Linde ins Tal schraubt. Sattes Gr\u00fcn, freie Sicht, ein Rennen zum Anfassen, so nah ist die WorldTour in der Schweiz.\u2063<br>---\u2063<br>Best shot from the best seat: a spectator captures the peloton on his phone as it sweeps past the giant lime tree into the valley. Lush green, an open view, racing you can almost touch \u2014 that`s how close the WorldTour gets in Switzerland.\u2063<br>\u2063<br>\ud83d\udcf8 @buchli_fotografie\u2063<br>\u2063<br>#tourdesuisse #tds2026 #cycling #switzerland #peaksofemotions<\/span>\n    <\/p>\n\n        <\/div>\n        \n        \n        <div class=\"sbi_hover_bottom \">\n\n            \n                            <div class=\"sbi_meta\">\n                    \n                        <span class=\"sbi_likes\" style=\"font-size: 13px;\" >\n        <svg  style=\"font-size: 13px;\" class=\"svg-inline--fa fa-heart fa-w-18\" aria-hidden=\"true\" data-fa-processed=\"\" data-prefix=\"fa\" data-icon=\"heart\" role=\"presentation\" xmlns=\"http:\/\/www.w3.org\/2000\/svg\" viewBox=\"0 0 576 512\"><path fill=\"currentColor\" d=\"M414.9 24C361.8 24 312 65.7 288 89.3 264 65.7 214.2 24 161.1 24 70.3 24 16 76.9 16 165.5c0 72.6 66.8 133.3 69.2 135.4l187 180.8c8.8 8.5 22.8 8.5 31.6 0l186.7-180.2c2.7-2.7 69.5-63.5 69.5-136C560 76.9 505.7 24 414.9 24z\"><\/path><\/svg>        73    <\/span>\n\n\n\n\n    <span class=\"sbi_comments\" style=\"font-size: 13px;\" >\n        <svg  style=\"font-size: 13px;\" class=\"svg-inline--fa fa-comment fa-w-18\" aria-hidden=\"true\" data-fa-processed=\"\" data-prefix=\"fa\" data-icon=\"comment\" role=\"presentation\" xmlns=\"http:\/\/www.w3.org\/2000\/svg\" viewBox=\"0 0 576 512\"><path fill=\"currentColor\" d=\"M576 240c0 115-129 208-288 208-48.3 0-93.9-8.6-133.9-23.8-40.3 31.2-89.8 50.3-142.4 55.7-5.2.6-10.2-2.8-11.5-7.7-1.3-5 2.7-8.1 6.6-11.8 19.3-18.4 42.7-32.8 51.9-94.6C21.9 330.9 0 287.3 0 240 0 125.1 129 32 288 32s288 93.1 288 208z\"><\/path><\/svg>        0    <\/span>\n\n\n\n\n                <\/div>\n            \n        <\/div>\n\n        <a class=\"sbi_link_area nofancybox\" rel=\"nofollow noopener\" href=\"https:\/\/scontent-zrh1-1.cdninstagram.com\/v\/t51.82787-15\/766373941_18404991361084182_457520190611574933_n.jpg?stp=dst-jpg_e35_tt6&#038;_nc_cat=107&#038;ccb=7-5&#038;_nc_sid=18de74&#038;efg=eyJlZmdfdGFnIjoiRkVFRC5iZXN0X2ltYWdlX3VybGdlbi5DMyJ9&#038;_nc_ohc=6vLwIWYGL88Q7kNvwEVRus1&#038;_nc_oc=AdrmxyeszAoD_b1csRL2lp01vJiEIIJMPW7sJb6RJcT286lcwbohUjF3DxzKUFw5cRH9Ig8iVF8DgLD9Qyt_mjF-&#038;_nc_zt=23&#038;_nc_ht=scontent-zrh1-1.cdninstagram.com&#038;edm=ANo9K5cEAAAA&#038;_nc_gid=DyLJaHdRSML5x0kL8rPvdA&#038;_nc_tpa=Q5bMBQIsfrkes57PV6JaDscqVn1t3nZ1uW74lV8TLiHN1f37e4HqveNdCVLmzxjfI1qVovjFdmoq1liviA&#038;oh=00_AQJS90pL4Wa07db7DTByIiV3eIOGydE0gAPXCnFHUBMGQQ&#038;oe=6A9D3C56\" data-lightbox-sbi=\"\" data-title=\"Bestes Bild vom besten Platz: Ein Zuschauer h\u00e4lt das Peloton mit dem Handy fest, wie es sich um die m\u00e4chtige Linde ins Tal schraubt. Sattes Gr\u00fcn, freie Sicht, ein Rennen zum Anfassen, so nah ist die WorldTour in der Schweiz.\u2063&lt;br&gt;\n---\u2063&lt;br&gt;\nBest shot from the best seat: a spectator captures the peloton on his phone as it sweeps past the giant lime tree into the valley. Lush green, an open view, racing you can almost touch \u2014 that&#039;s how close the WorldTour gets in Switzerland.\u2063&lt;br&gt;\n\u2063&lt;br&gt;\n\ud83d\udcf8 @buchli_fotografie\u2063&lt;br&gt;\n\u2063&lt;br&gt;\n#tourdesuisse #tds2026 #cycling #switzerland #peaksofemotions\" data-video=\"\" data-carousel=\"\" data-id=\"sbi_18035325944817466\" data-user=\"tourdesuisse_official\" data-url=\"https:\/\/www.instagram.com\/p\/DbveROLs2he\/\" data-avatar=\"https:\/\/scontent-zrh1-1.cdninstagram.com\/v\/t51.2885-19\/361127899_813923453469784_2667535184305720521_n.jpg?stp=dst-jpg_s206x206_tt6&amp;_nc_cat=110&amp;ccb=7-5&amp;_nc_sid=bf7eb4&amp;efg=eyJ2ZW5jb2RlX3RhZyI6InByb2ZpbGVfcGljLnd3dy4xMDgwLkMzIn0%3D&amp;_nc_ohc=j4q50lExfwMQ7kNvwEI30da&amp;_nc_oc=Adrf2uqD3txwqz2JuGjKP71ot6O5_8VAwRztoJQNe0JLyM4cREQKxoHwSvl0c0GYNdtJNtcQPq0oqyTlxTHEOtRe&amp;_nc_zt=24&amp;_nc_ht=scontent-zrh1-1.cdninstagram.com&amp;edm=AP4hL3IEAAAA&amp;_nc_tpa=Q5bMBQFuBAkUjJ-8iwMPctoqr2X1TTZvedWyzgG64YcOmi0R4TIpTUIqX2_5sOAb-VdQ7jMn4TFB4n6Lfw&amp;oh=00_Af-1WT7i-FrI83pqruHVBzAn4vC6-QTRD-F9csVnJK2H4g&amp;oe=6A2C56CF\" data-account-type=\"business\" data-iframe='' data-media-type=\"feed\" data-posted-on=\"\" data-custom-avatar=\"\">\n            <span class=\"sbi-screenreader\">\n                Apri            <\/span>\n                    <\/a>\n    <\/div>\n\n    <a class=\"sbi_photo\" target=\"_blank\" rel=\"nofollow noopener\" href=\"https:\/\/www.instagram.com\/p\/DbveROLs2he\/\" data-full-res=\"https:\/\/scontent-zrh1-1.cdninstagram.com\/v\/t51.82787-15\/766373941_18404991361084182_457520190611574933_n.jpg?stp=dst-jpg_e35_tt6&#038;_nc_cat=107&#038;ccb=7-5&#038;_nc_sid=18de74&#038;efg=eyJlZmdfdGFnIjoiRkVFRC5iZXN0X2ltYWdlX3VybGdlbi5DMyJ9&#038;_nc_ohc=6vLwIWYGL88Q7kNvwEVRus1&#038;_nc_oc=AdrmxyeszAoD_b1csRL2lp01vJiEIIJMPW7sJb6RJcT286lcwbohUjF3DxzKUFw5cRH9Ig8iVF8DgLD9Qyt_mjF-&#038;_nc_zt=23&#038;_nc_ht=scontent-zrh1-1.cdninstagram.com&#038;edm=ANo9K5cEAAAA&#038;_nc_gid=DyLJaHdRSML5x0kL8rPvdA&#038;_nc_tpa=Q5bMBQIsfrkes57PV6JaDscqVn1t3nZ1uW74lV8TLiHN1f37e4HqveNdCVLmzxjfI1qVovjFdmoq1liviA&#038;oh=00_AQJS90pL4Wa07db7DTByIiV3eIOGydE0gAPXCnFHUBMGQQ&#038;oe=6A9D3C56\" data-img-src-set=\"{&quot;d&quot;:&quot;https:\\\/\\\/scontent-zrh1-1.cdninstagram.com\\\/v\\\/t51.82787-15\\\/766373941_18404991361084182_457520190611574933_n.jpg?stp=dst-jpg_e35_tt6&amp;_nc_cat=107&amp;ccb=7-5&amp;_nc_sid=18de74&amp;efg=eyJlZmdfdGFnIjoiRkVFRC5iZXN0X2ltYWdlX3VybGdlbi5DMyJ9&amp;_nc_ohc=6vLwIWYGL88Q7kNvwEVRus1&amp;_nc_oc=AdrmxyeszAoD_b1csRL2lp01vJiEIIJMPW7sJb6RJcT286lcwbohUjF3DxzKUFw5cRH9Ig8iVF8DgLD9Qyt_mjF-&amp;_nc_zt=23&amp;_nc_ht=scontent-zrh1-1.cdninstagram.com&amp;edm=ANo9K5cEAAAA&amp;_nc_gid=DyLJaHdRSML5x0kL8rPvdA&amp;_nc_tpa=Q5bMBQIsfrkes57PV6JaDscqVn1t3nZ1uW74lV8TLiHN1f37e4HqveNdCVLmzxjfI1qVovjFdmoq1liviA&amp;oh=00_AQJS90pL4Wa07db7DTByIiV3eIOGydE0gAPXCnFHUBMGQQ&amp;oe=6A9D3C56&quot;,&quot;150&quot;:&quot;https:\\\/\\\/scontent-zrh1-1.cdninstagram.com\\\/v\\\/t51.82787-15\\\/766373941_18404991361084182_457520190611574933_n.jpg?stp=dst-jpg_e35_tt6&amp;_nc_cat=107&amp;ccb=7-5&amp;_nc_sid=18de74&amp;efg=eyJlZmdfdGFnIjoiRkVFRC5iZXN0X2ltYWdlX3VybGdlbi5DMyJ9&amp;_nc_ohc=6vLwIWYGL88Q7kNvwEVRus1&amp;_nc_oc=AdrmxyeszAoD_b1csRL2lp01vJiEIIJMPW7sJb6RJcT286lcwbohUjF3DxzKUFw5cRH9Ig8iVF8DgLD9Qyt_mjF-&amp;_nc_zt=23&amp;_nc_ht=scontent-zrh1-1.cdninstagram.com&amp;edm=ANo9K5cEAAAA&amp;_nc_gid=DyLJaHdRSML5x0kL8rPvdA&amp;_nc_tpa=Q5bMBQIsfrkes57PV6JaDscqVn1t3nZ1uW74lV8TLiHN1f37e4HqveNdCVLmzxjfI1qVovjFdmoq1liviA&amp;oh=00_AQJS90pL4Wa07db7DTByIiV3eIOGydE0gAPXCnFHUBMGQQ&amp;oe=6A9D3C56&quot;,&quot;320&quot;:&quot;https:\\\/\\\/scontent-zrh1-1.cdninstagram.com\\\/v\\\/t51.82787-15\\\/766373941_18404991361084182_457520190611574933_n.jpg?stp=dst-jpg_e35_tt6&amp;_nc_cat=107&amp;ccb=7-5&amp;_nc_sid=18de74&amp;efg=eyJlZmdfdGFnIjoiRkVFRC5iZXN0X2ltYWdlX3VybGdlbi5DMyJ9&amp;_nc_ohc=6vLwIWYGL88Q7kNvwEVRus1&amp;_nc_oc=AdrmxyeszAoD_b1csRL2lp01vJiEIIJMPW7sJb6RJcT286lcwbohUjF3DxzKUFw5cRH9Ig8iVF8DgLD9Qyt_mjF-&amp;_nc_zt=23&amp;_nc_ht=scontent-zrh1-1.cdninstagram.com&amp;edm=ANo9K5cEAAAA&amp;_nc_gid=DyLJaHdRSML5x0kL8rPvdA&amp;_nc_tpa=Q5bMBQIsfrkes57PV6JaDscqVn1t3nZ1uW74lV8TLiHN1f37e4HqveNdCVLmzxjfI1qVovjFdmoq1liviA&amp;oh=00_AQJS90pL4Wa07db7DTByIiV3eIOGydE0gAPXCnFHUBMGQQ&amp;oe=6A9D3C56&quot;,&quot;640&quot;:&quot;https:\\\/\\\/scontent-zrh1-1.cdninstagram.com\\\/v\\\/t51.82787-15\\\/766373941_18404991361084182_457520190611574933_n.jpg?stp=dst-jpg_e35_tt6&amp;_nc_cat=107&amp;ccb=7-5&amp;_nc_sid=18de74&amp;efg=eyJlZmdfdGFnIjoiRkVFRC5iZXN0X2ltYWdlX3VybGdlbi5DMyJ9&amp;_nc_ohc=6vLwIWYGL88Q7kNvwEVRus1&amp;_nc_oc=AdrmxyeszAoD_b1csRL2lp01vJiEIIJMPW7sJb6RJcT286lcwbohUjF3DxzKUFw5cRH9Ig8iVF8DgLD9Qyt_mjF-&amp;_nc_zt=23&amp;_nc_ht=scontent-zrh1-1.cdninstagram.com&amp;edm=ANo9K5cEAAAA&amp;_nc_gid=DyLJaHdRSML5x0kL8rPvdA&amp;_nc_tpa=Q5bMBQIsfrkes57PV6JaDscqVn1t3nZ1uW74lV8TLiHN1f37e4HqveNdCVLmzxjfI1qVovjFdmoq1liviA&amp;oh=00_AQJS90pL4Wa07db7DTByIiV3eIOGydE0gAPXCnFHUBMGQQ&amp;oe=6A9D3C56&quot;}\">\n        <img decoding=\"async\" src=\"https:\/\/www.tourdesuisse.ch\/wp-content\/plugins\/instagram-feed-pro\/img\/placeholder.png\" alt=\"Bestes Bild vom besten Platz: Ein Zuschauer h\u00e4lt das Peloton mit dem Handy fest, wie es sich um die m\u00e4chtige Linde ins Tal schraubt. Sattes Gr\u00fcn, freie Sicht, ein Rennen zum Anfassen, so nah ist die WorldTour in der Schweiz.\u2063\n---\u2063\nBest shot from the best seat: a spectator captures the peloton on his phone as it sweeps past the giant lime tree into the valley. Lush green, an open view, racing you can almost touch \u2014 that&#039;s how close the WorldTour gets in Switzerland.\u2063\n\u2063\n\ud83d\udcf8 @buchli_fotografie\u2063\n\u2063\n#tourdesuisse #tds2026 #cycling #switzerland #peaksofemotions\">\n    <\/a>\n<\/div>\n\n\n\n\n\t    \n        <div class=\"sbi_info_wrapper\">\n            <div class=\"sbi_info \">\n\n\t\t        \n                <div class=\"sbi_meta_wrap\">\n\t\t        \n                    <div class=\"sbi_meta\">\n\t\t\t\t\t\t    <span class=\"sbi_likes\" style=\"font-size: 13px;\" >\n        <span>\n            <svg  style=\"font-size: 13px;\" class=\"svg-inline--fa fa-heart fa-w-18\" aria-hidden=\"true\" data-fa-processed=\"\" data-prefix=\"fa\" data-icon=\"heart\" role=\"presentation\" xmlns=\"http:\/\/www.w3.org\/2000\/svg\" viewBox=\"0 0 576 512\"><path fill=\"currentColor\" d=\"M414.9 24C361.8 24 312 65.7 288 89.3 264 65.7 214.2 24 161.1 24 70.3 24 16 76.9 16 165.5c0 72.6 66.8 133.3 69.2 135.4l187 180.8c8.8 8.5 22.8 8.5 31.6 0l186.7-180.2c2.7-2.7 69.5-63.5 69.5-136C560 76.9 505.7 24 414.9 24z\"><\/path><\/svg>        <\/span>\n        73    <\/span>\n\n\n\n\n\n    <span class=\"sbi_comments\" style=\"font-size: 13px;\" >\n        <span>\n            <svg  style=\"font-size: 13px;\" class=\"svg-inline--fa fa-comment fa-w-18\" aria-hidden=\"true\" data-fa-processed=\"\" data-prefix=\"fa\" data-icon=\"comment\" role=\"presentation\" xmlns=\"http:\/\/www.w3.org\/2000\/svg\" viewBox=\"0 0 576 512\"><path fill=\"currentColor\" d=\"M576 240c0 115-129 208-288 208-48.3 0-93.9-8.6-133.9-23.8-40.3 31.2-89.8 50.3-142.4 55.7-5.2.6-10.2-2.8-11.5-7.7-1.3-5 2.7-8.1 6.6-11.8 19.3-18.4 42.7-32.8 51.9-94.6C21.9 330.9 0 287.3 0 240 0 125.1 129 32 288 32s288 93.1 288 208z\"><\/path><\/svg>        <\/span>\n        0    <\/span>\n\n\n\n\n\t                    \n                    <\/div>\n\t\t        \n\t\t\t\t                <\/div>\n            <\/div>\n        <\/div>\n    <\/div>\n\n    <div class=\"sbi-divider\"><\/div>\n<\/div>\n    <\/div>\n\n\t<div id=\"sbi_load\" >\n\n\t\n\t\n<\/div>\n\n\t    <span class=\"sbi_resized_image_data\" data-feed-id=\"*1\" data-resized=\"{&quot;18035325944817466&quot;:{&quot;id&quot;:&quot;766373941_18404991361084182_457520190611574933_n&quot;,&quot;ratio&quot;:&quot;0.80&quot;,&quot;sizes&quot;:{&quot;full&quot;:640,&quot;low&quot;:320,&quot;thumb&quot;:150},&quot;extension&quot;:&quot;.webp&quot;},&quot;18472399522111249&quot;:{&quot;id&quot;:&quot;743812571_1755342245822937_2149192202631141350_n&quot;,&quot;ratio&quot;:&quot;0.56&quot;,&quot;sizes&quot;:{&quot;full&quot;:640,&quot;low&quot;:320,&quot;thumb&quot;:150},&quot;extension&quot;:&quot;.webp&quot;},&quot;18112893100971570&quot;:{&quot;id&quot;:&quot;773483735_18405604216084182_95969293682182078_n&quot;,&quot;ratio&quot;:&quot;0.80&quot;,&quot;sizes&quot;:{&quot;full&quot;:640,&quot;low&quot;:320,&quot;thumb&quot;:150},&quot;extension&quot;:&quot;.webp&quot;},&quot;18133922047534632&quot;:{&quot;id&quot;:&quot;775685980_18406067953084182_2249419310649990380_n&quot;,&quot;ratio&quot;:&quot;0.80&quot;,&quot;sizes&quot;:{&quot;full&quot;:640,&quot;low&quot;:320,&quot;thumb&quot;:150},&quot;extension&quot;:&quot;.webp&quot;},&quot;17904661146501331&quot;:{&quot;id&quot;:&quot;775377011_18406662745084182_2558773995168909514_n&quot;,&quot;ratio&quot;:&quot;0.80&quot;,&quot;sizes&quot;:{&quot;full&quot;:640,&quot;low&quot;:320,&quot;thumb&quot;:150},&quot;extension&quot;:&quot;.webp&quot;},&quot;17962919139172712&quot;:{&quot;id&quot;:&quot;784606488_18407263915084182_3721956561179094877_n&quot;,&quot;ratio&quot;:&quot;0.80&quot;,&quot;sizes&quot;:{&quot;full&quot;:640,&quot;low&quot;:320,&quot;thumb&quot;:150},&quot;extension&quot;:&quot;.webp&quot;},&quot;18087412007209462&quot;:{&quot;id&quot;:&quot;785146379_18407822602084182_4002450220013381566_n&quot;,&quot;ratio&quot;:&quot;0.80&quot;,&quot;sizes&quot;:{&quot;full&quot;:640,&quot;low&quot;:320,&quot;thumb&quot;:150},&quot;extension&quot;:&quot;.webp&quot;},&quot;18137693437589006&quot;:{&quot;id&quot;:&quot;789342451_18408362191084182_1962325575918088899_n&quot;,&quot;ratio&quot;:&quot;0.80&quot;,&quot;sizes&quot;:{&quot;full&quot;:640,&quot;low&quot;:320,&quot;thumb&quot;:150},&quot;extension&quot;:&quot;.webp&quot;}}\">\n\t<\/span>\n\t\n<\/div>\n\n\t<style type=\"text\/css\">\n\t\t\t\t#sb_instagram #sbi_load .sbi_load_btn:hover{\n\t\t\toutline: none;\n\t\t\tbox-shadow: inset 0 0 20px 20px #c42334;\n\t\t}\n\t\t\t\t\n\t\t#sb_instagram .sbi_follow_btn a:hover,\n\t\t#sb_instagram .sbi_follow_btn a:focus{\n\t\t\toutline: none;\n\t\t\tbox-shadow: inset 0 0 10px 20px #005B8C;\n\t\t}\n\t\t\t<\/style>\n\t\n<\/div>\n<\/div><\/div><\/div>\n<\/div><\/div>\n<div class=\"background style-gradient\">\n\n\n\n\n\n\n<div class=\"page-section layout-default style-default host-city-swiper\">\n\t<div class=\"wpce-swiper vanilla-swiper not-initialized\" data-swiper-id=\"swiper-183332f9-2bc9-4576-bdc9-82b40de3f6d2\">\n\t\t<div class=\"swiper-header\">\n\t\t\t<div>\n\t\t\t\t\t<h2 class=\"swiper-headline\">Etappenorte 2026<\/h2>\n\t\t\t<\/div>\n\t\t\t<div class=\"button-wrapper\">\n\t\t\t\t\t<a href=\"https:\/\/www.tourdesuisse.ch\/it\/tappe-men\/\" class=\"swiper-show-all button style-text with-arrow\">Mostra tutte le citt\u00e0 ospitanti<\/a>\n\t\t\t\t<button type=\"button\" class=\"custom-button custom-button-prev icon-button\">\n\t\t\t\t\t<svg aria-hidden=\"true\" focusable=\"false\" width=\"6\" height=\"10\" viewBox=\"0 0 6 10\" xmlns=\"http:\/\/www.w3.org\/2000\/svg\"><path d=\"M4.667 10 6 8.571 2.667 5 6 1.429 4.667 0 0 5z\" fill=\"currentColor\" fill-rule=\"evenodd\"><\/path><\/svg>\n\t\t\t\t\t<span class=\"sr-only\">Precedente<\/span>\n\t\t\t\t<\/button>\n\t\t\t\t<button type=\"button\" class=\"custom-button custom-button-next icon-button\">\n\t\t\t\t\t<svg aria-hidden=\"true\" focusable=\"false\" width=\"6\" height=\"10\" viewBox=\"0 0 6 10\" xmlns=\"http:\/\/www.w3.org\/2000\/svg\"><path d=\"M1.333 10 0 8.571 3.333 5 0 1.429 1.333 0 6 5z\" fill=\"currentColor\" fill-rule=\"evenodd\"><\/path><\/svg>\n\t\t\t\t\t<span class=\"sr-only\">Successivo<\/span>\n\t\t\t\t<\/button>\n\t\t\t<\/div>\n\t\t<\/div>\n\t\t<div class=\"swiper\" id=\"swiper-183332f9-2bc9-4576-bdc9-82b40de3f6d2\">\n\t\t\t<div class=\"swiper-wrapper\">\n\t\t\t\t\t<div class=\"swiper-slide\">\n\n<a class=\"reveal-box mobile-always-hover\" href=\"https:\/\/etappenorte.tourdesuisse.ch\/it\/locarno\/\" target=\"_blank\" rel=\"noopener\"\n>\n<img loading=\"lazy\" decoding=\"async\" width=\"316\" height=\"254\" src=\"https:\/\/www.tourdesuisse.ch\/wp-content\/uploads\/imageye___-_imgi_68_9e10866-Piazza-Grande-Locarno-2-\u00a9-Ascona-Locarno-Tourism-foto-Alessio-Pizzicannella-scaled-1-2850x1604-1-316x254.jpeg\" class=\"attachment-host-city-swiper size-host-city-swiper wp-post-image\" alt=\"\" srcset=\"https:\/\/www.tourdesuisse.ch\/wp-content\/uploads\/imageye___-_imgi_68_9e10866-Piazza-Grande-Locarno-2-\u00a9-Ascona-Locarno-Tourism-foto-Alessio-Pizzicannella-scaled-1-2850x1604-1-316x254.jpeg 316w, https:\/\/www.tourdesuisse.ch\/wp-content\/uploads\/imageye___-_imgi_68_9e10866-Piazza-Grande-Locarno-2-\u00a9-Ascona-Locarno-Tourism-foto-Alessio-Pizzicannella-scaled-1-2850x1604-1-632x508.jpeg 632w\" sizes=\"auto, (max-width: 316px) 100vw, 316px\" \/>\n\n\t<div class=\"reveal-box-title\">\n\t\t\t<div class=\"h4\">\nLocarno\t\t\t<\/div>\n\t<\/div>\n\t<div class=\"reveal-box-subtitle button style-text with-arrow\">\nMostra citt\u00e0 ospitante\t<\/div>\n<\/a>\t\t\t\t\t<\/div>\n\t\t\t\t\t<div class=\"swiper-slide\">\n\n<a class=\"reveal-box mobile-always-hover\" href=\"https:\/\/etappenorte.tourdesuisse.ch\/it\/bad-ragaz\/\" target=\"_blank\" rel=\"noopener\"\n>\n<img loading=\"lazy\" decoding=\"async\" width=\"316\" height=\"254\" src=\"https:\/\/www.tourdesuisse.ch\/wp-content\/uploads\/Heidiland-Tourismus_Dolores-Rupa_2-316x254.jpg\" class=\"attachment-host-city-swiper size-host-city-swiper wp-post-image\" alt=\"\" srcset=\"https:\/\/www.tourdesuisse.ch\/wp-content\/uploads\/Heidiland-Tourismus_Dolores-Rupa_2-316x254.jpg 316w, https:\/\/www.tourdesuisse.ch\/wp-content\/uploads\/Heidiland-Tourismus_Dolores-Rupa_2-632x508.jpg 632w\" sizes=\"auto, (max-width: 316px) 100vw, 316px\" \/>\n\n\t<div class=\"reveal-box-title\">\n\t\t\t<div class=\"h4\">\nBad Ragaz\t\t\t<\/div>\n\t<\/div>\n\t<div class=\"reveal-box-subtitle button style-text with-arrow\">\nMostra citt\u00e0 ospitante\t<\/div>\n<\/a>\t\t\t\t\t<\/div>\n\t\t\t\t\t<div class=\"swiper-slide\">\n\n<a class=\"reveal-box mobile-always-hover\" href=\"https:\/\/etappenorte.tourdesuisse.ch\/it\/villars\/\" target=\"_blank\" rel=\"noopener\"\n>\n<img loading=\"lazy\" decoding=\"async\" width=\"316\" height=\"254\" src=\"https:\/\/www.tourdesuisse.ch\/wp-content\/uploads\/Velo-Alpes-vaudoises-09543-c-A-Swiss-With-A-Pulse-316x254.jpg\" class=\"attachment-host-city-swiper size-host-city-swiper wp-post-image\" alt=\"\" srcset=\"https:\/\/www.tourdesuisse.ch\/wp-content\/uploads\/Velo-Alpes-vaudoises-09543-c-A-Swiss-With-A-Pulse-316x254.jpg 316w, https:\/\/www.tourdesuisse.ch\/wp-content\/uploads\/Velo-Alpes-vaudoises-09543-c-A-Swiss-With-A-Pulse-632x508.jpg 632w\" sizes=\"auto, (max-width: 316px) 100vw, 316px\" \/>\n\n\t<div class=\"reveal-box-title\">\n\t\t\t<div class=\"h4\">\nVillars-sur-Ollon\t\t\t<\/div>\n\t<\/div>\n\t<div class=\"reveal-box-subtitle button style-text with-arrow\">\nMostra citt\u00e0 ospitante\t<\/div>\n<\/a>\t\t\t\t\t<\/div>\n\t\t\t\t\t<div class=\"swiper-slide\">\n\n<a class=\"reveal-box mobile-always-hover\" href=\"https:\/\/etappenorte.tourdesuisse.ch\/it\/sondrio\/\" target=\"_blank\" rel=\"noopener\"\n>\n<img loading=\"lazy\" decoding=\"async\" width=\"316\" height=\"254\" src=\"https:\/\/www.tourdesuisse.ch\/wp-content\/uploads\/passerella-cassandre-316x254.jpg\" class=\"attachment-host-city-swiper size-host-city-swiper wp-post-image\" alt=\"\" srcset=\"https:\/\/www.tourdesuisse.ch\/wp-content\/uploads\/passerella-cassandre-316x254.jpg 316w, https:\/\/www.tourdesuisse.ch\/wp-content\/uploads\/passerella-cassandre-632x508.jpg 632w\" sizes=\"auto, (max-width: 316px) 100vw, 316px\" \/>\n\n\t<div class=\"reveal-box-title\">\n\t\t\t<div class=\"h4\">\nSondrio\t\t\t<\/div>\n\t<\/div>\n\t<div class=\"reveal-box-subtitle button style-text with-arrow\">\nMostra citt\u00e0 ospitante\t<\/div>\n<\/a>\t\t\t\t\t<\/div>\n\t\t\t\t\t<div class=\"swiper-slide\">\n\n<a class=\"reveal-box mobile-always-hover\" href=\"https:\/\/etappenorte.tourdesuisse.ch\/it\/aarburg\/\" target=\"_blank\" rel=\"noopener\"\n>\n<img loading=\"lazy\" decoding=\"async\" width=\"316\" height=\"254\" src=\"https:\/\/www.tourdesuisse.ch\/wp-content\/uploads\/Aarburg-3-Luftbild-Kirche-nah-316x254.jpg\" class=\"attachment-host-city-swiper size-host-city-swiper wp-post-image\" alt=\"\" srcset=\"https:\/\/www.tourdesuisse.ch\/wp-content\/uploads\/Aarburg-3-Luftbild-Kirche-nah-316x254.jpg 316w, https:\/\/www.tourdesuisse.ch\/wp-content\/uploads\/Aarburg-3-Luftbild-Kirche-nah-632x508.jpg 632w\" sizes=\"auto, (max-width: 316px) 100vw, 316px\" \/>\n\n\t<div class=\"reveal-box-title\">\n\t\t\t<div class=\"h4\">\nAarburg\t\t\t<\/div>\n\t<\/div>\n\t<div class=\"reveal-box-subtitle button style-text with-arrow\">\nMostra citt\u00e0 ospitante\t<\/div>\n<\/a>\t\t\t\t\t<\/div>\n\t\t\t<\/div>\n\t\t\t<div class=\"swiper-pagination\"><\/div>\n\t\t<\/div>\n\t<\/div>\n<\/div><\/div>","protected":false},"excerpt":{"rendered":"<p>Tour de Suisse Men Scopri di pi\u00f9 Tour de Suisse Women Scopri di pi\u00f9 Tour de Suisse Explorer Il Tour de Suisse per tutti Scopri di pi\u00f9 Scorri in basso 16\u201320 giugno 2026 286 Giorni Giorno 22 Ore Ora 53 Minuti Minuto 09 Secondi Secondo Risultati Classifiche 2026 Altri risultati Broadcast Altri risultati Tappe 2026 [&hellip;]<\/p>\n","protected":false},"author":8,"featured_media":4738,"parent":0,"menu_order":0,"comment_status":"closed","ping_status":"closed","template":"","meta":{"_acf_changed":false,"inline_featured_image":false,"footnotes":""},"class_list":["post-70220","page","type-page","status-publish","has-post-thumbnail","hentry"],"acf":[],"_links":{"self":[{"href":"https:\/\/www.tourdesuisse.ch\/it\/wp-json\/wp\/v2\/pages\/70220","targetHints":{"allow":["GET"]}}],"collection":[{"href":"https:\/\/www.tourdesuisse.ch\/it\/wp-json\/wp\/v2\/pages"}],"about":[{"href":"https:\/\/www.tourdesuisse.ch\/it\/wp-json\/wp\/v2\/types\/page"}],"author":[{"embeddable":true,"href":"https:\/\/www.tourdesuisse.ch\/it\/wp-json\/wp\/v2\/users\/8"}],"replies":[{"embeddable":true,"href":"https:\/\/www.tourdesuisse.ch\/it\/wp-json\/wp\/v2\/comments?post=70220"}],"version-history":[{"count":10,"href":"https:\/\/www.tourdesuisse.ch\/it\/wp-json\/wp\/v2\/pages\/70220\/revisions"}],"predecessor-version":[{"id":92607,"href":"https:\/\/www.tourdesuisse.ch\/it\/wp-json\/wp\/v2\/pages\/70220\/revisions\/92607"}],"wp:featuredmedia":[{"embeddable":true,"href":"https:\/\/www.tourdesuisse.ch\/it\/wp-json\/wp\/v2\/media\/4738"}],"wp:attachment":[{"href":"https:\/\/www.tourdesuisse.ch\/it\/wp-json\/wp\/v2\/media?parent=70220"}],"curies":[{"name":"wp","href":"https:\/\/api.w.org\/{rel}","templated":true}]}}